{"id":19027,"date":"2023-08-29T16:19:58","date_gmt":"2023-08-29T14:19:58","guid":{"rendered":"https:\/\/www.binder-optik.de\/goezluekler\/goezluek-camlari\/guenes-goezluegue-camlari\/"},"modified":"2025-04-17T12:17:58","modified_gmt":"2025-04-17T10:17:58","slug":"guenes-goezluegue-camlari","status":"publish","type":"page","link":"https:\/\/www.binder-optik.de\/tr\/ueruenler\/goezluekler\/goezluek-camlari\/guenes-goezluegue-camlari\/","title":{"rendered":"G\u00fcne\u015f g\u00f6zl\u00fc\u011f\u00fc camlar\u0131"},"content":{"rendered":"\n<section class=\"wp-block-custom-container alignwide block-content  block-content--spacing-top block-content--margin-top\"><style>.block-content{position:relative}.block-content--spacing-top{padding-top:2rem}@media (min-width: 992px){.block-content--spacing-top{padding-top:4rem}}.block-content--spacing-bottom{padding-bottom:2rem}@media (min-width: 992px){.block-content--spacing-bottom{padding-bottom:4rem}}.block-content--margin-top{margin-top:2rem}@media (min-width: 992px){.block-content--margin-top{margin-top:4rem}}.block-content--margin-bottom{margin-bottom:2rem}@media (min-width: 992px){.block-content--margin-bottom{margin-bottom:4rem}}.block-content.z-index{position:relative;z-index:2}.block-content .container{position:relative;z-index:1}.block-content .container--full{padding:0}.block-content .container .container{padding:2rem}@media (min-width: 992px){.block-content .container .container{padding:4rem}}.block-content .container-overlay{position:absolute;z-index:0;top:0;right:0;bottom:0;left:0}.block-content.career-container{margin-top:-8rem;z-index:2;pointer-events:none}.block-content.career-container .block-content{pointer-events:all;-webkit-box-shadow:0px 0px 15px 5px rgba(0,0,0,0.1);box-shadow:0px 0px 15px 5px rgba(0,0,0,0.1)}.block-content.career-container .wp-block-custom-column{margin-bottom:0}\n<\/style><div class=\"container container--wide\"><div class=\"container__body\">\n<h1 class=\"wp-block-heading\">G\u00fcne\u015f g\u00f6zl\u00fc\u011f\u00fc camlar\u0131<\/h1>\n<\/div><\/div><\/section>\n\n<section class=\"wp-block-custom-container alignwide block-content  block-content--spacing-top\"><div class=\"container container--wide\"><div class=\"container__body\"><style>@media (max-width: 767px){.wp-block-media-text.is-stacked-on-mobile{grid-template-columns:100% !important}.wp-block-media-text.is-stacked-on-mobile .wp-block-media-text__media{grid-column:1;grid-row:1}.wp-block-media-text.is-stacked-on-mobile .wp-block-media-text__content{grid-column:1;grid-row:2}}.wp-block-media-text .wp-block-media-text__content{padding:0;padding-left:2rem}@media (min-width: 1024px){.wp-block-media-text .wp-block-media-text__content{padding-left:6rem}}@media (max-width: 767px){.wp-block-media-text .wp-block-media-text__content{padding:0}}.wp-block-media-text.has-media-on-the-right .wp-block-media-text__content{padding:0;padding-left:unset;padding-right:2rem}@media (min-width: 1024px){.wp-block-media-text.has-media-on-the-right .wp-block-media-text__content{padding-right:6rem}}@media (max-width: 767px){.wp-block-media-text.has-media-on-the-right .wp-block-media-text__content{padding:0}}.wp-block-media-text .wp-block-media-text__media{height:unset;overflow:hidden;aspect-ratio:1 \/ 1}.wp-block-media-text .wp-block-media-text__media img{width:100%;height:100%;object-fit:cover}.wp-block-media-text.is-image-fill .wp-block-media-text__media{height:unset;min-height:unset}.wp-block-media-text.is-image-fill img{object-fit:cover}\n<\/style>\n<div class=\"wp-block-media-text alignwide is-stacked-on-mobile\"><figure class=\"wp-block-media-text__media\"><img loading=\"lazy\" decoding=\"async\" width=\"783\" height=\"537\" src=\"https:\/\/www.binder-optik.de\/wp-content\/uploads\/2023\/08\/Sonnenbrillen-1.jpg\" alt=\"Binder Optik\" class=\"wp-image-2809 size-full\" title=\"\" srcset=\"https:\/\/www.binder-optik.de\/wp-content\/uploads\/2023\/08\/Sonnenbrillen-1.jpg 783w, https:\/\/www.binder-optik.de\/wp-content\/uploads\/2023\/08\/Sonnenbrillen-1-300x206.jpg 300w, https:\/\/www.binder-optik.de\/wp-content\/uploads\/2023\/08\/Sonnenbrillen-1-768x527.jpg 768w, https:\/\/www.binder-optik.de\/wp-content\/uploads\/2023\/08\/Sonnenbrillen-1-524x359.jpg 524w\" sizes=\"auto, (max-width: 783px) 100vw, 783px\" \/><\/figure><div class=\"wp-block-media-text__content\">\n<div class=\"wp-block-custom-spacing spacing-element spacing-mobile--small spacing-tablet--none spacing-small-desktop--none spacing-desktop--none\"><\/div>\n\n\n\n<h2 class=\"wp-block-heading\"><strong>Re\u00e7eteli<\/strong> lensler<\/h2>\n\n\n\n<p>Size <strong>re\u00e7etenize uygun<\/strong> g\u00fcne\u015f g\u00f6zl\u00fc\u011f\u00fc camlar\u0131 temin edebiliriz <strong>&#8211;<\/strong> <strong>ayr\u0131ca<\/strong> <strong>de\u011fi\u015fken odakl\u0131 camlar<\/strong> <strong>da<\/strong> <strong>!<\/strong><\/p>\n\n\n\n<p>Ayr\u0131ca farkl\u0131 <strong>lens renkleri ve<\/strong> <strong>renklendirme,<\/strong> <strong>ayna kaplama veya<\/strong> <strong>polarizasyon<\/strong> <strong>dereceleri<\/strong> aras\u0131ndan se\u00e7im yapabilirsiniz <strong>.<\/strong><\/p>\n\n\n\n<div class=\"wp-block-custom-spacing spacing-element spacing-mobile--small spacing-tablet--small spacing-small-desktop--none spacing-desktop--none\"><\/div>\n<\/div><\/div>\n<\/div><\/div><\/section>\n\n<section class=\"wp-block-custom-container alignwide block-content  block-content--spacing-top\"><div class=\"container container--wide\"><div class=\"container__body\">\n<div class=\"wp-block-media-text alignwide has-media-on-the-right is-stacked-on-mobile\"><div class=\"wp-block-media-text__content\">\n<div class=\"wp-block-custom-spacing spacing-element spacing-mobile--small spacing-tablet--none spacing-small-desktop--none spacing-desktop--none\"><\/div>\n\n\n\n<h2 class=\"wp-block-heading\">Aynal\u0131 camlar<\/h2>\n\n\n\n<p>Bu g\u00fcne\u015f g\u00f6zl\u00fc\u011f\u00fc camlar\u0131n\u0131n arkas\u0131nda yans\u0131ma \u00f6nleyici kaplama ve <strong>camlar\u0131n \u00f6n\u00fcnde yans\u0131t\u0131c\u0131 kaplama<\/strong> bulunmaktad\u0131r. Bu sadece g\u00f6rsel konforu art\u0131rmakla kalmaz, ayn\u0131 zamanda \u00f6zellikle \u015f\u0131kt\u0131r. Kendi vurgular\u0131n\u0131z\u0131 belirleyin ve ayna kaplaman\u0131z\u0131n rengini se\u00e7in!  <\/p>\n\n\n\n<div class=\"wp-block-custom-spacing spacing-element spacing-mobile--small spacing-tablet--small spacing-small-desktop--none spacing-desktop--none\"><\/div>\n<\/div><figure class=\"wp-block-media-text__media\"><img loading=\"lazy\" decoding=\"async\" width=\"783\" height=\"537\" src=\"https:\/\/www.binder-optik.de\/wp-content\/uploads\/2023\/08\/Verspiegelte_Glaeser-1.jpg\" alt=\"Binder Optik\" class=\"wp-image-2810 size-full\" title=\"\" srcset=\"https:\/\/www.binder-optik.de\/wp-content\/uploads\/2023\/08\/Verspiegelte_Glaeser-1.jpg 783w, https:\/\/www.binder-optik.de\/wp-content\/uploads\/2023\/08\/Verspiegelte_Glaeser-1-300x206.jpg 300w, https:\/\/www.binder-optik.de\/wp-content\/uploads\/2023\/08\/Verspiegelte_Glaeser-1-768x527.jpg 768w, https:\/\/www.binder-optik.de\/wp-content\/uploads\/2023\/08\/Verspiegelte_Glaeser-1-524x359.jpg 524w\" sizes=\"auto, (max-width: 783px) 100vw, 783px\" \/><\/figure><\/div>\n<\/div><\/div><\/section>\n\n<section class=\"wp-block-custom-container alignwide block-content  block-content--spacing-bottom\"><div class=\"container container--wide\"><div class=\"container__body\">\n<div class=\"wp-block-media-text alignwide is-stacked-on-mobile\"><figure class=\"wp-block-media-text__media\"><img loading=\"lazy\" decoding=\"async\" width=\"1024\" height=\"1024\" src=\"https:\/\/www.binder-optik.de\/wp-content\/uploads\/2023\/08\/Grafik_Polarisation_-1024x1024.jpg\" alt=\"Binder Optik\" class=\"wp-image-2811 size-full\" title=\"\" srcset=\"https:\/\/www.binder-optik.de\/wp-content\/uploads\/2023\/08\/Grafik_Polarisation_-1024x1024.jpg 1024w, https:\/\/www.binder-optik.de\/wp-content\/uploads\/2023\/08\/Grafik_Polarisation_-906x906.jpg 906w, https:\/\/www.binder-optik.de\/wp-content\/uploads\/2023\/08\/Grafik_Polarisation_-150x150.jpg 150w, https:\/\/www.binder-optik.de\/wp-content\/uploads\/2023\/08\/Grafik_Polarisation_-300x300.jpg 300w, https:\/\/www.binder-optik.de\/wp-content\/uploads\/2023\/08\/Grafik_Polarisation_-768x768.jpg 768w, https:\/\/www.binder-optik.de\/wp-content\/uploads\/2023\/08\/Grafik_Polarisation_-1536x1536.jpg 1536w, https:\/\/www.binder-optik.de\/wp-content\/uploads\/2023\/08\/Grafik_Polarisation_-123x123.jpg 123w, https:\/\/www.binder-optik.de\/wp-content\/uploads\/2023\/08\/Grafik_Polarisation_-524x524.jpg 524w, https:\/\/www.binder-optik.de\/wp-content\/uploads\/2023\/08\/Grafik_Polarisation_.jpg 1920w\" sizes=\"auto, (max-width: 1024px) 100vw, 1024px\" \/><\/figure><div class=\"wp-block-media-text__content\">\n<div class=\"wp-block-custom-spacing spacing-element spacing-mobile--small spacing-tablet--none spacing-small-desktop--none spacing-desktop--none\"><\/div>\n\n\n\n<h2 class=\"wp-block-heading\">Polarize lensler<\/h2>\n\n\n\n<p>Polarize camlar \u0131slak yollar, su veya kar gibi yatay, yans\u0131t\u0131c\u0131 y\u00fczey <strong>lerden gelen yans\u0131malar\u0131 azalt\u0131r<\/strong>. Polarize g\u00fcne\u015f g\u00f6zl\u00fc\u011f\u00fc camlar\u0131 bu nedenle \u00f6zellikle s\u00fcr\u00fcc\u00fcler, su sporlar\u0131 merakl\u0131lar\u0131 ve kayak\u00e7\u0131lar i\u00e7in kullan\u0131\u015fl\u0131d\u0131r. <\/p>\n\n\n\n<p><strong>Kutupla\u015fma nas\u0131l i\u015fliyor?<\/strong>  Camlar, yans\u0131t\u0131c\u0131 y\u00fczeylerden gelen \u0131\u015f\u0131k \u0131\u015f\u0131nlar\u0131n\u0131 emen, g\u00f6zle g\u00f6r\u00fclemeyen dikey olarak d\u00fczenlenmi\u015f bir \u0131zgara yap\u0131s\u0131na sahiptir.<\/p>\n\n\n\n<div class=\"wp-block-custom-spacing spacing-element spacing-mobile--small spacing-tablet--small spacing-small-desktop--none spacing-desktop--none\"><\/div>\n<\/div><\/div>\n<\/div><\/div><\/section>\n\n<section class=\"wp-block-custom-container alignwide block-content has-grau-background-color block-content--spacing-top\" style=\"background-color:#f5f5f5\"><div class=\"container container--wide\"><div class=\"container__body\">\n<div class=\"wp-block-custom-columns columns-row row small-gutter\"><style>.columns-row--spacing-top{padding-top:2rem}@media (min-width: 992px){.columns-row--spacing-top{padding-top:4rem}}.columns-row--spacing-bottom{padding-bottom:2rem}@media (min-width: 992px){.columns-row--spacing-bottom{padding-bottom:4rem}}.columns-row--margin-top{margin-top:2rem}@media (min-width: 992px){.columns-row--margin-top{margin-top:4rem}}.columns-row--margin-bottom{margin-bottom:2rem}@media (min-width: 992px){.columns-row--margin-bottom{margin-bottom:4rem}}\n<\/style>\n<div class=\"wp-block-custom-column col col-6 col-lg-3\"><a class=\"acf-block block-teaser align rose\" href=\"https:\/\/www.binder-optik.de\/tr\/randevu-alin\/\" target=\"_self\">\n\n\t<style>.block-teaser{position:relative;display:block !important;min-height:100%;padding:1.4rem 1rem 1rem;-webkit-box-shadow:0px 0px 15px 5px rgba(0,0,0,0.075);box-shadow:0px 0px 15px 5px rgba(0,0,0,0.075);overflow:hidden}@media (min-width: 1200px){.block-teaser{padding:3rem 2rem 2rem}}@media (min-width: 1380px){.block-teaser{padding:4rem 3rem 3rem}}.block-teaser.white{background-color:#fff}.block-teaser.rose{background-color:#fde4d3}.block-teaser.yellow{background-color:#f9f09b}.block-teaser.green{background-color:#96cfbf}.block-teaser.petrol{background-color:#a5d6e3}.block-teaser.grey{background-color:#f5f5f5}.block-teaser__row{position:relative;display:flex;flex-wrap:wrap;z-index:1}.block-teaser__content{margin:0 0 2rem;text-decoration:2px underline transparent;text-underline-offset:4px;transition:0.2s ease;hyphens:auto}.block-teaser__img-wrapper{flex:0 0 100%;display:flex;justify-content:center;align-items:center;width:3rem;height:3rem;max-width:3rem;max-height:3rem;margin-bottom:1rem;text-align:center}@media (min-width: 1024px){.block-teaser__img-wrapper{width:5rem;height:5rem;max-width:5rem;max-height:5rem;margin-bottom:2rem}}.block-teaser__img-wrapper img{width:100%;height:100%;object-fit:contain}.block-teaser--full .block-teaser__img-wrapper{max-width:100%}.block-teaser--full .block-teaser__img-wrapper img{width:100%;height:auto;object-fit:unset}.block-teaser__content-wrapper{flex:0 0 100%;max-width:100%}.block-teaser--full .block-teaser__content-wrapper{max-width:100%}a.block-teaser .block-teaser__link{display:none;position:relative;width:4.5rem;height:4.5rem}@media (min-width: 1024px){a.block-teaser .block-teaser__link{display:block}}a.block-teaser:hover .block-teaser__content,a.block-teaser:focus .block-teaser__content{color:#2B2E34;text-decoration-color:#2B2E34}\n<\/style>\t<div class=\"block-teaser__row\">\n\t\t\t<div class=\"block-teaser__img-wrapper\">\n\t\t\t<img loading=\"lazy\" decoding=\"async\" width=\"35\" height=\"35\" src=\"https:\/\/www.binder-optik.de\/wp-content\/uploads\/2023\/09\/calendar.svg\" class=\"attachment-teaser-img size-teaser-img\" alt=\"Binder Optik\" data-object-fit=\"\" title=\"\">\t\t<\/div>\n\t\t\t<div class=\"block-teaser__content-wrapper\">\n\t\t\t\t\t<div class=\"block-teaser__content\"><h3><strong>Randevu<\/strong> al\u0131n<\/h3>\n<\/div>\n\t\t\t\t\t\t\t<!-- <div class=\"block-teaser__link\"><\/div> -->\n\t\t\t\t<\/div>\n\t<\/div>\n<\/a>\n<\/div>\n\n\n\n<div class=\"wp-block-custom-column col col-6 col-lg-3\"><a class=\"acf-block block-teaser align yellow\" href=\"https:\/\/www.binder-optik.de\/tr\/oezel-magazalar\/\" target=\"_self\">\n\n\t\t<div class=\"block-teaser__row\">\n\t\t\t<div class=\"block-teaser__img-wrapper\">\n\t\t\t<img loading=\"lazy\" decoding=\"async\" width=\"35\" height=\"35\" src=\"https:\/\/www.binder-optik.de\/wp-content\/uploads\/2023\/08\/netto-icons-location.svg\" class=\"attachment-teaser-img size-teaser-img\" alt=\"Binder Optik\" data-object-fit=\"\" title=\"\">\t\t<\/div>\n\t\t\t<div class=\"block-teaser__content-wrapper\">\n\t\t\t\t\t<div class=\"block-teaser__content\"><h3><strong>Uzmanla\u015fm\u0131\u015f<\/strong> bir <strong>ma\u011faza<\/strong> bulun<br \/>\n<\/h3>\n<\/div>\n\t\t\t\t\t\t\t<!-- <div class=\"block-teaser__link\"><\/div> -->\n\t\t\t\t<\/div>\n\t<\/div>\n<\/a>\n<\/div>\n\n\n\n<div class=\"wp-block-custom-column col col-6 col-lg-3\"><a class=\"acf-block block-teaser align green\" href=\"https:\/\/www.binder-optik.de\/tr\/avantajlar\/\" target=\"_self\">\n\n\t\t<div class=\"block-teaser__row\">\n\t\t\t<div class=\"block-teaser__img-wrapper\">\n\t\t\t<img loading=\"lazy\" decoding=\"async\" width=\"35\" height=\"35\" src=\"https:\/\/www.binder-optik.de\/wp-content\/uploads\/2023\/09\/star.svg\" class=\"attachment-teaser-img size-teaser-img\" alt=\"Binder Optik\" data-object-fit=\"\" title=\"\">\t\t<\/div>\n\t\t\t<div class=\"block-teaser__content-wrapper\">\n\t\t\t\t\t<div class=\"block-teaser__content\"><h3>Binder Optik <strong>Avantajlar<\/strong><\/h3>\n<\/div>\n\t\t\t\t\t\t\t<!-- <div class=\"block-teaser__link\"><\/div> -->\n\t\t\t\t<\/div>\n\t<\/div>\n<\/a>\n<\/div>\n\n\n\n<div class=\"wp-block-custom-column col col-6 col-lg-3\"><a class=\"acf-block block-teaser align petrol\" href=\"https:\/\/www.binder-optik.de\/tr\/haberler\/\" target=\"_self\">\n\n\t\t<div class=\"block-teaser__row\">\n\t\t\t<div class=\"block-teaser__img-wrapper\">\n\t\t\t<img loading=\"lazy\" decoding=\"async\" width=\"35\" height=\"35\" src=\"https:\/\/www.binder-optik.de\/wp-content\/uploads\/2023\/09\/information.svg\" class=\"attachment-teaser-img size-teaser-img\" alt=\"Binder Optik\" data-object-fit=\"\" title=\"\">\t\t<\/div>\n\t\t\t<div class=\"block-teaser__content-wrapper\">\n\t\t\t\t\t<div class=\"block-teaser__content\"><h3>Son Haberler<br \/>\n<\/h3>\n<\/div>\n\t\t\t\t\t\t\t<!-- <div class=\"block-teaser__link\"><\/div> -->\n\t\t\t\t<\/div>\n\t<\/div>\n<\/a>\n<\/div>\n<\/div>\n\n\n\n<div class=\"wp-block-custom-spacing spacing-element spacing-mobile--small spacing-tablet--small spacing-small-desktop--small spacing-desktop--small\"><\/div>\n<\/div><\/div><\/section>\n\n<section class=\"wp-block-custom-container alignwide block-content  block-content--spacing-top block-content--spacing-bottom\"><div class=\"container container--wide\"><div class=\"container__body\">\n<section class=\"wp-block-custom-container alignwide block-content  has-gelb-background-color\" style=\"background-color:#FFFF00\"><div class=\"container container--wide\"><div class=\"container__body\"><style>.wp-block-columns.are-vertically-aligned-center{gap:1em;margin-bottom:.5rem}@media (min-width: 992px){.wp-block-columns.are-vertically-aligned-center{margin-bottom:1rem}}.wp-block-columns.are-vertically-aligned-center :last-child{margin-bottom:0}.wp-block-columns.are-vertically-aligned-center figure{margin-bottom:0}.wp-block-columns.no-margin{margin-bottom:0 !important}@media (max-width: 991px){.wp-block-columns.hide-mobile{display:none}}:where(.wp-block-columns.is-layout-flex){gap:1em}\n<\/style>\n<div class=\"wp-block-columns are-vertically-aligned-center is-layout-flex wp-container-core-columns-is-layout-1 wp-block-columns-is-layout-flex\">\n<div class=\"wp-block-column is-vertically-aligned-center is-layout-flow wp-block-column-is-layout-flow\" style=\"flex-basis:66.66%\">\n<h2 class=\"wp-block-heading\"><strong>B\u00fclten kayd\u0131<\/strong><\/h2>\n\n\n\n<p>Haber b\u00fcltenine \u015fimdi abone olun ve 20 Euro de\u011ferinde Binder Optik al\u0131\u015fveri\u015f \u00e7eki kazan\u0131n.<\/p>\n\n\n\n<div class=\"wp-block-buttons is-layout-flex wp-block-buttons-is-layout-flex\"><style>.wp-block-button{margin:0 0 3rem}.wp-block-button:last-child,.wp-block-button:only-child{margin-bottom:0}.wp-block-button.align-center{text-align:center}.wp-block-button.align-right{text-align:right}.wp-block-columns+.wp-block-button{margin-top:6.3rem}.wp-block-button__link{display:inline-block;padding:1.8rem 1.8rem;font-weight:600;text-align:center;text-decoration:none;color:#2B2E34;border:2px solid #FFFA00;border-radius:.5rem;background-color:#FFFA00;cursor:pointer;font-size:1.6rem;line-height:1}@media (min-width: 1380px){.wp-block-button__link{padding:1.8rem 3.8rem;font-size:1.8rem;line-height:1}}.wp-block-button:not(.is-style-link-only):not(.is-style-outline):not(.is-style-fill-secondary) .wp-block-button__link{position:relative}.wp-block-button:not(.is-style-link-only):not(.is-style-outline):not(.is-style-fill-secondary) .wp-block-button__link:hover,.wp-block-button:not(.is-style-link-only):not(.is-style-outline):not(.is-style-fill-secondary) .wp-block-button__link:focus{color:#fff;border-color:#00597E;background-color:#00597E}.wp-block-button .wp-block-button__link{transition:.2s}.is-style-fill-secondary .wp-block-button__link{color:#fff;border-color:#00597E;background-color:#00597E}.is-style-fill-secondary .wp-block-button__link:hover,.is-style-fill-secondary .wp-block-button__link:focus{color:#2B2E34;border-color:#FFFA00;background-color:#FFFA00}.is-style-outline .wp-block-button__link{padding:1.8rem 1.8rem !important;color:#00597E !important;border-color:#00597E;background-color:transparent}@media (min-width: 1380px){.is-style-outline .wp-block-button__link{padding:1.8rem 3.8rem !important}}.is-style-outline .wp-block-button__link:hover,.is-style-outline .wp-block-button__link:focus{color:#fff !important;border-color:#00597E !important;background-color:#00597E !important}.is-style-link-only .wp-block-button__link{min-width:0;padding:0;padding-right:2rem;position:relative;font-weight:600;color:#00597E;letter-spacing:0;text-transform:none;border:none;background-color:transparent;transition:color .2s,text-decoration-color .2s;font-size:1.8rem;line-height:1}.is-style-link-only .wp-block-button__link::after{content:'';display:inline-block;width:8px;height:13px;position:absolute;top:50%;right:0;transform:translate(0, -50%);background-image:url(\"https:\/\/www.binder-optik.de\/wp-content\/themes\/ATLAS\/images\/svg\/button_arrow-right_secondary.svg\");background-repeat:no-repeat;background-size:contain;transition:right 0.2s}.is-style-link-only .wp-block-button__link:hover::after,.is-style-link-only .wp-block-button__link:focus::after{right:-5px}\n<\/style>\n<div class=\"wp-block-button is-style-fill-secondary\"><a class=\"wp-block-button__link wp-element-button\" href=\"https:\/\/www.binder-optik.de\/tr\/buelten-kaydi\/\">Kay\u0131t i\u00e7in<\/a><\/div>\n<\/div>\n<\/div>\n\n\n\n<div class=\"wp-block-column is-vertically-aligned-center is-layout-flow wp-block-column-is-layout-flow\" style=\"flex-basis:33.33%\"><style>.wp-block-image.alignright{margin:0 !important}.wp-block-image.alignleft{float:none !important}.wp-block-image .wp-element-caption{text-align:left}\n<\/style>\n<figure class=\"wp-block-image size-full\"><img loading=\"lazy\" decoding=\"async\" width=\"902\" height=\"625\" src=\"https:\/\/www.binder-optik.de\/wp-content\/uploads\/2025\/05\/2023_10_05-Newsletter-Anmeldung_433x300-1_EN.jpg\" alt=\"Binder Optik\" class=\"wp-image-19189\" title=\"\" srcset=\"https:\/\/www.binder-optik.de\/wp-content\/uploads\/2025\/05\/2023_10_05-Newsletter-Anmeldung_433x300-1_EN.jpg 902w, https:\/\/www.binder-optik.de\/wp-content\/uploads\/2025\/05\/2023_10_05-Newsletter-Anmeldung_433x300-1_EN-300x208.jpg 300w, https:\/\/www.binder-optik.de\/wp-content\/uploads\/2025\/05\/2023_10_05-Newsletter-Anmeldung_433x300-1_EN-768x532.jpg 768w, https:\/\/www.binder-optik.de\/wp-content\/uploads\/2025\/05\/2023_10_05-Newsletter-Anmeldung_433x300-1_EN-524x363.jpg 524w\" sizes=\"auto, (max-width: 902px) 100vw, 902px\" \/><\/figure>\n<\/div>\n<\/div>\n<\/div><\/div><\/section>\n<\/div><\/div><\/section>\n","protected":false},"excerpt":{"rendered":"","protected":false},"author":14,"featured_media":0,"parent":18887,"menu_order":0,"comment_status":"closed","ping_status":"closed","template":"","meta":{"_acf_changed":false,"footnotes":""},"class_list":["post-19027","page","type-page","status-publish","hentry"],"acf":[],"publishpress_future_action":{"enabled":false,"date":"2026-05-06 22:49:17","action":"change-status","newStatus":"draft","terms":[],"taxonomy":"translation_priority","extraData":[]},"publishpress_future_workflow_manual_trigger":{"enabledWorkflows":[]},"_links":{"self":[{"href":"https:\/\/www.binder-optik.de\/tr\/wp-json\/wp\/v2\/pages\/19027","targetHints":{"allow":["GET"]}}],"collection":[{"href":"https:\/\/www.binder-optik.de\/tr\/wp-json\/wp\/v2\/pages"}],"about":[{"href":"https:\/\/www.binder-optik.de\/tr\/wp-json\/wp\/v2\/types\/page"}],"author":[{"embeddable":true,"href":"https:\/\/www.binder-optik.de\/tr\/wp-json\/wp\/v2\/users\/14"}],"replies":[{"embeddable":true,"href":"https:\/\/www.binder-optik.de\/tr\/wp-json\/wp\/v2\/comments?post=19027"}],"version-history":[{"count":1,"href":"https:\/\/www.binder-optik.de\/tr\/wp-json\/wp\/v2\/pages\/19027\/revisions"}],"predecessor-version":[{"id":19028,"href":"https:\/\/www.binder-optik.de\/tr\/wp-json\/wp\/v2\/pages\/19027\/revisions\/19028"}],"up":[{"embeddable":true,"href":"https:\/\/www.binder-optik.de\/tr\/wp-json\/wp\/v2\/pages\/18887"}],"wp:attachment":[{"href":"https:\/\/www.binder-optik.de\/tr\/wp-json\/wp\/v2\/media?parent=19027"}],"curies":[{"name":"wp","href":"https:\/\/api.w.org\/{rel}","templated":true}]}}