{"id":18829,"date":"2023-08-07T17:13:19","date_gmt":"2023-08-07T15:13:19","guid":{"rendered":"https:\/\/www.binder-optik.de\/2ye-1\/"},"modified":"2026-04-24T08:52:55","modified_gmt":"2026-04-24T06:52:55","slug":"2ye-1","status":"publish","type":"page","link":"https:\/\/www.binder-optik.de\/tr\/teklifler\/2ye-1\/","title":{"rendered":"2&#8217;ye 1"},"content":{"rendered":"\n<section class=\"wp-block-custom-container alignwide block-content  block-content--spacing-top block-content--margin-top\"><style>.block-content{position:relative}.block-content--spacing-top{padding-top:2rem}@media (min-width: 992px){.block-content--spacing-top{padding-top:4rem}}.block-content--spacing-bottom{padding-bottom:2rem}@media (min-width: 992px){.block-content--spacing-bottom{padding-bottom:4rem}}.block-content--margin-top{margin-top:2rem}@media (min-width: 992px){.block-content--margin-top{margin-top:4rem}}.block-content--margin-bottom{margin-bottom:2rem}@media (min-width: 992px){.block-content--margin-bottom{margin-bottom:4rem}}.block-content.z-index{position:relative;z-index:2}.block-content .container{position:relative;z-index:1}.block-content .container--full{padding:0}.block-content .container .container{padding:2rem}@media (min-width: 992px){.block-content .container .container{padding:4rem}}.block-content .container-overlay{position:absolute;z-index:0;top:0;right:0;bottom:0;left:0}.block-content.career-container{margin-top:-8rem;z-index:2;pointer-events:none}.block-content.career-container .block-content{pointer-events:all;-webkit-box-shadow:0px 0px 15px 5px rgba(0,0,0,0.1);box-shadow:0px 0px 15px 5px rgba(0,0,0,0.1)}.block-content.career-container .wp-block-custom-column{margin-bottom:0}\n<\/style><div class=\"container container--wide\"><div class=\"container__body\">\n<h1 class=\"wp-block-heading\"><strong>2 al<\/strong> <strong>&#8211;<\/strong> 1 \u00f6de*<\/h1>\n<\/div><\/div><\/section>\n\n\n\n<section class=\"wp-block-custom-container alignwide block-content  block-content--spacing-top block-content--spacing-bottom\"><div class=\"container container--wide\"><div class=\"container__body\"><style>@media (max-width: 767px){.wp-block-media-text.is-stacked-on-mobile{grid-template-columns:100% !important}.wp-block-media-text.is-stacked-on-mobile .wp-block-media-text__media{grid-column:1;grid-row:1}.wp-block-media-text.is-stacked-on-mobile .wp-block-media-text__content{grid-column:1;grid-row:2}}.wp-block-media-text .wp-block-media-text__content{padding:0;padding-left:2rem}@media (min-width: 1024px){.wp-block-media-text .wp-block-media-text__content{padding-left:6rem}}@media (max-width: 767px){.wp-block-media-text .wp-block-media-text__content{padding:0}}.wp-block-media-text.has-media-on-the-right .wp-block-media-text__content{padding:0;padding-left:unset;padding-right:2rem}@media (min-width: 1024px){.wp-block-media-text.has-media-on-the-right .wp-block-media-text__content{padding-right:6rem}}@media (max-width: 767px){.wp-block-media-text.has-media-on-the-right .wp-block-media-text__content{padding:0}}.wp-block-media-text .wp-block-media-text__media{height:unset;overflow:hidden;aspect-ratio:1 \/ 1}.wp-block-media-text .wp-block-media-text__media img{width:100%;height:100%;object-fit:cover}.wp-block-media-text.is-image-fill .wp-block-media-text__media{height:unset;min-height:unset}.wp-block-media-text.is-image-fill img{object-fit:cover}\n<\/style>\n<div class=\"wp-block-media-text alignwide is-stacked-on-mobile is-vertically-aligned-center\"><figure class=\"wp-block-media-text__media\"><img loading=\"lazy\" decoding=\"async\" width=\"1024\" height=\"1024\" src=\"https:\/\/www.binder-optik.de\/wp-content\/uploads\/2026\/02\/Angebot-2fuer1-2026-02-25-TRK-1024x1024.jpg\" alt=\"Binder Optik\" class=\"wp-image-29972 size-full\" title=\"\" srcset=\"https:\/\/www.binder-optik.de\/wp-content\/uploads\/2026\/02\/Angebot-2fuer1-2026-02-25-TRK-1024x1024.jpg 1024w, https:\/\/www.binder-optik.de\/wp-content\/uploads\/2026\/02\/Angebot-2fuer1-2026-02-25-TRK-300x300.jpg 300w, https:\/\/www.binder-optik.de\/wp-content\/uploads\/2026\/02\/Angebot-2fuer1-2026-02-25-TRK-150x150.jpg 150w, https:\/\/www.binder-optik.de\/wp-content\/uploads\/2026\/02\/Angebot-2fuer1-2026-02-25-TRK-768x768.jpg 768w, https:\/\/www.binder-optik.de\/wp-content\/uploads\/2026\/02\/Angebot-2fuer1-2026-02-25-TRK-1536x1536.jpg 1536w, https:\/\/www.binder-optik.de\/wp-content\/uploads\/2026\/02\/Angebot-2fuer1-2026-02-25-TRK-2048x2048.jpg 2048w, https:\/\/www.binder-optik.de\/wp-content\/uploads\/2026\/02\/Angebot-2fuer1-2026-02-25-TRK-123x123.jpg 123w, https:\/\/www.binder-optik.de\/wp-content\/uploads\/2026\/02\/Angebot-2fuer1-2026-02-25-TRK-524x524.jpg 524w\" sizes=\"auto, (max-width: 1024px) 100vw, 1024px\" \/><\/figure><div class=\"wp-block-media-text__content\">\n<div class=\"wp-block-custom-spacing spacing-element spacing-mobile--small spacing-tablet--none spacing-small-desktop--none spacing-desktop--none\"><\/div>\n\n\n\n<h2 class=\"wp-block-heading\">Her g\u00f6r\u00fcn\u00fcm\u00fc <strong>m\u00fckemmelle\u015ftirin!<\/strong><\/h2>\n\n\n\n<p>Bak\u0131\u015f a\u00e7\u0131n\u0131z\u0131 de\u011fi\u015ftirin: \u0130ster klasik ister eksantrik olsun, re\u00e7etenizdeki g\u00fcne\u015f g\u00f6zl\u00fckleriyle her k\u0131yafeti tamamlayabilirsiniz.<\/p>\n\n\n\n<p><strong>Binder Optik adresinde, tek odakl\u0131 veya de\u011fi\u015fken odakl\u0131 g\u00f6zl\u00fck* sat\u0131n ald\u0131\u011f\u0131n\u0131zda re\u00e7etenizdeki camlar\u0131 i\u00e7eren bir g\u00fcne\u015f g\u00f6zl\u00fc\u011f\u00fc al\u0131rs\u0131n\u0131z.<\/strong><\/p>\n\n\n\n<p>\u00dccretsiz g\u00f6z testimizden yararlan\u0131n. Optisyenlerimiz, bireysel ihtiya\u00e7lar\u0131n\u0131z i\u00e7in do\u011fru re\u00e7eteyi ve lens kaplamas\u0131n\u0131 bulman\u0131za yard\u0131mc\u0131 olmaktan mutluluk duyacakt\u0131r. <\/p>\n\n\n\n<p>G\u00f6rsel deneyiminiz bizim i\u00e7in \u00f6nemlidir. Bu nedenle ZEISS ve Hoya markal\u0131 camlar sunuyoruz &#8211; g\u00f6rebilece\u011finiz kalite. <\/p>\n\n\n\n<p>Uzman ma\u011fazalar\u0131m\u0131zda d\u00fc\u015f\u00fck fiyatlarla \u00e7ok \u00e7e\u015fitli markal\u0131 g\u00f6zl\u00fckler bulacaks\u0131n\u0131z.<\/p>\n\n\n\n<p>En iyisi hemen bir randevu almakt\u0131r.<\/p>\n\n\n\n<div class=\"wp-block-buttons is-layout-flex wp-block-buttons-is-layout-flex\"><style>.wp-block-button{margin:0 0 3rem}.wp-block-button:last-child,.wp-block-button:only-child{margin-bottom:0}.wp-block-button.align-center{text-align:center}.wp-block-button.align-right{text-align:right}.wp-block-columns+.wp-block-button{margin-top:6.3rem}.wp-block-button__link{display:inline-block;padding:1.8rem 1.8rem;font-weight:600;text-align:center;text-decoration:none;color:#2B2E34;border:2px solid #FFFA00;border-radius:.5rem;background-color:#FFFA00;cursor:pointer;font-size:1.6rem;line-height:1}@media (min-width: 1380px){.wp-block-button__link{padding:1.8rem 3.8rem;font-size:1.8rem;line-height:1}}.wp-block-button:not(.is-style-link-only):not(.is-style-outline):not(.is-style-fill-secondary) .wp-block-button__link{position:relative}.wp-block-button:not(.is-style-link-only):not(.is-style-outline):not(.is-style-fill-secondary) .wp-block-button__link:hover,.wp-block-button:not(.is-style-link-only):not(.is-style-outline):not(.is-style-fill-secondary) .wp-block-button__link:focus{color:#fff;border-color:#00597E;background-color:#00597E}.wp-block-button .wp-block-button__link{transition:.2s}.is-style-fill-secondary .wp-block-button__link{color:#fff;border-color:#00597E;background-color:#00597E}.is-style-fill-secondary .wp-block-button__link:hover,.is-style-fill-secondary .wp-block-button__link:focus{color:#2B2E34;border-color:#FFFA00;background-color:#FFFA00}.is-style-outline .wp-block-button__link{padding:1.8rem 1.8rem !important;color:#00597E !important;border-color:#00597E;background-color:transparent}@media (min-width: 1380px){.is-style-outline .wp-block-button__link{padding:1.8rem 3.8rem !important}}.is-style-outline .wp-block-button__link:hover,.is-style-outline .wp-block-button__link:focus{color:#fff !important;border-color:#00597E !important;background-color:#00597E !important}.is-style-link-only .wp-block-button__link{min-width:0;padding:0;padding-right:2rem;position:relative;font-weight:600;color:#00597E;letter-spacing:0;text-transform:none;border:none;background-color:transparent;transition:color .2s,text-decoration-color .2s;font-size:1.8rem;line-height:1}.is-style-link-only .wp-block-button__link::after{content:'';display:inline-block;width:8px;height:13px;position:absolute;top:50%;right:0;transform:translate(0, -50%);background-image:url(\"https:\/\/www.binder-optik.de\/wp-content\/themes\/ATLAS\/images\/svg\/button_arrow-right_secondary.svg\");background-repeat:no-repeat;background-size:contain;transition:right 0.2s}.is-style-link-only .wp-block-button__link:hover::after,.is-style-link-only .wp-block-button__link:focus::after{right:-5px}\n<\/style>\n<div class=\"wp-block-button\"><a class=\"wp-block-button__link wp-element-button\" href=\"https:\/\/www.binder-optik.de\/tr\/randevu-alin\/\">Randevu al\u0131n<\/a><\/div>\n<\/div>\n\n\n\n<div class=\"wp-block-custom-spacing spacing-element spacing-mobile--small spacing-tablet--small spacing-small-desktop--none spacing-desktop--none\"><\/div>\n<\/div><\/div>\n<\/div><\/div><\/section>\n\n\n\n<section class=\"wp-block-custom-container alignwide block-content has-grau-background-color block-content--spacing-top\" style=\"background-color:#f5f5f5\"><div class=\"container container--wide\"><div class=\"container__body\">\n<h2 class=\"wp-block-heading\"><strong>Randevunuzu \u015fimdi<\/strong> ayarlay\u0131n<\/h2>\n\n\n\n<section class=\"wp-block-custom-container alignwide block-content has-grau-background-color\" style=\"background-color:#f5f5f5\"><div class=\"container container--wide\"><div class=\"container__body\"><section id=\"book-appointment\" class=\"booking acf-block block-booking-form alignwide\">\n\n    <style>.booking{transition:background-color .3s ease-in-out}.booking .container__body{position:relative}.booking__wrapper{display:flex;align-items:stretch;justify-content:flex-start;border:none}@media (max-width: 1023px){.booking__wrapper{flex-direction:column-reverse}}.booking__left{flex:0 0 33%;max-width:33%;display:flex;flex-direction:column}@media (max-width: 1023px){.booking__left{display:none}}.booking__search{position:relative}.booking__search::after{content:'';position:absolute;top:1.5rem;right:2rem;width:3rem;height:3rem;background-size:contain;background-repeat:no-repeat;background-position:center center;background-image:url(\"https:\/\/www.binder-optik.de\/wp-content\/themes\/ATLAS\/images\/svg\/search.svg\")}.booking input[type=\"text\"].booking__search-input{width:100%;padding:18px 20px 18px;margin-bottom:2rem;font-weight:300;font-style:normal;letter-spacing:normal;text-align:left;border:1px solid #00597E;background-color:#fff}.booking__shops{height:600px;box-shadow:0 10px 27px rgba(0,0,0,0.1);display:flex;flex-direction:column;align-items:flex-start;justify-content:flex-start;overflow-y:auto}.booking__shops::-webkit-scrollbar-track{border-radius:10px;background-color:#F5F5F5}.booking__shops::-webkit-scrollbar{width:12px;background-color:#F5F5F5}.booking__shops::-webkit-scrollbar-thumb{border-radius:10px;background-color:#00597E}.booking__store{border:none;background:#ffffff;color:#2B2E34;font-weight:300;font-style:normal;display:block;padding:19px 20px;cursor:pointer;width:100%;text-align:left;transition:background-color .1s ease-in-out}.booking__store:hover,.booking__store.active{background-color:#FFFA00}.booking__store.hidden{display:none}.booking__right{flex:0 0 67%;max-width:67%;padding:0;padding-left:2rem}@media (max-width: 1023px){.booking__right{flex:0 0 100%;max-width:100%;padding:0}}.booking__image-wrapper{display:block;width:100%;height:100%}@media (max-width: 1023px){.booking__image-wrapper{height:300px}}.booking__image-wrapper img{object-fit:cover;object-position:center;height:100%;min-width:100%}.booking__etermin{display:none}.booking-form{padding:30px 0;display:flex;align-items:stretch;justify-content:space-between}@media (max-width: 1023px){.booking-form{flex-direction:column;justify-content:flex-start}}.booking-form__left{flex:0 0 33%;max-width:33%;border:none;padding:0 0 28px;display:flex;flex-direction:column;justify-content:space-between}@media (max-width: 1023px){.booking-form__left{flex:0 0 100%;max-width:100%;border-bottom:none}}.booking-form__title{width:calc( 100% - 24px);margin-left:10px;margin-bottom:0;font-weight:700;font-size:22px;position:relative}.booking-form__heading-wrapper{display:flex;align-items:center;justify-content:flex-start;margin:0 0 20px 0}.booking-form__continue{position:relative;background-color:#00597E;color:#ffffff;padding:6px;border:none;appearance:none;--webkit-appearance: none;border-radius:50%;line-height:1;height:24px;width:24px;padding:0;display:flex;align-items:center;justify-content:center}.booking-form__continue::after{content:'';width:13px;height:13px;background-size:contain;background-repeat:no-repeat;background-position:center center;background-image:url(\"https:\/\/www.binder-optik.de\/wp-content\/themes\/ATLAS\/images\/svg\/arrow-left-white.svg\")}.booking-form__continue:hover{background-color:#005f84}.booking-form__continue svg{width:20px;height:20px}.booking-form__image-wrapper{height:100%;width:100%;display:block}@media (max-width: 1023px){.booking-form__image-wrapper{height:250px;max-width:100%}}.booking-form__image-wrapper img{min-width:100%;height:100%;object-fit:cover;object-position:center}.booking-form__right{flex:0 0 66%;max-width:66%;height:100%}@media (max-width: 1023px){.booking-form__right{flex:0 0 100%;max-width:100%}}\n<\/style>    <div class=\"container__body\">\n        <div class=\"booking__wrapper\" js-default-block>\n            <div class=\"booking__left\">\n                <figure class=\"booking__image-wrapper\">\n                    <img loading=\"lazy\" decoding=\"async\" width=\"884\" height=\"1667\" src=\"https:\/\/www.binder-optik.de\/wp-content\/uploads\/2023\/11\/2023_11_22_ETermin_2-1.jpg\" class=\"attachment-booking size-booking\" alt=\"Binder Optik\" srcset=\"https:\/\/www.binder-optik.de\/wp-content\/uploads\/2023\/11\/2023_11_22_ETermin_2-1.jpg 884w, https:\/\/www.binder-optik.de\/wp-content\/uploads\/2023\/11\/2023_11_22_ETermin_2-1-159x300.jpg 159w, https:\/\/www.binder-optik.de\/wp-content\/uploads\/2023\/11\/2023_11_22_ETermin_2-1-543x1024.jpg 543w, https:\/\/www.binder-optik.de\/wp-content\/uploads\/2023\/11\/2023_11_22_ETermin_2-1-768x1448.jpg 768w, https:\/\/www.binder-optik.de\/wp-content\/uploads\/2023\/11\/2023_11_22_ETermin_2-1-815x1536.jpg 815w, https:\/\/www.binder-optik.de\/wp-content\/uploads\/2023\/11\/2023_11_22_ETermin_2-1-278x524.jpg 278w\" sizes=\"auto, (max-width: 884px) 100vw, 884px\" title=\"\">                <\/figure>\n            <\/div>\n            <div class=\"booking__right\">\n                <!-- \/\/searchform -->\n                <div class=\"booking__search\">\n                    <input class=\"booking__search-input\" js-search-input type=\"text\" id=\"booking_store_search\" name=\"booking_store_search\" placeholder=\"Ort eingeben\">\n                <\/div>\n\n                <!-- \/\/list of shops -->\n                <div class=\"booking__shops\" js-shop-list>\n                                    <button class=\"booking__store\"  value=27  data-link=\"https:\/\/www.etermin.net\/binder-optik?calendarid=119832\">Aalen<\/button>\n                                    <button class=\"booking__store\"  value=42  data-link=\"https:\/\/www.etermin.net\/binder-optik?calendarid=119845\">Augsburg<\/button>\n                                    <button class=\"booking__store\"  value=28  data-link=\"https:\/\/www.etermin.net\/binder-optik?calendarid=119833\">Backnang<\/button>\n                                    <button class=\"booking__store\"  value=79  data-link=\"https:\/\/www.etermin.net\/binder-optik?calendarid=180285, 192743\">Bad Liebenzell<\/button>\n                                    <button class=\"booking__store\"  value=24  data-link=\"https:\/\/www.etermin.net\/binder-optik?calendarid=119828\">Bietigheim<\/button>\n                                    <button class=\"booking__store\"  value=1  data-link=\"https:\/\/www.etermin.net\/binder-optik?calendarid=114817\">B\u00f6blingen<\/button>\n                                    <button class=\"booking__store\"  value=69  data-link=\"https:\/\/www.etermin.net\/binder-optik?calendarid=119865\">Constance LAGO Al\u0131\u015fveri\u015f Merkezi<\/button>\n                                    <button class=\"booking__store\"  value=25  data-link=\"https:\/\/www.etermin.net\/binder-optik?calendarid=119830\">Crailsheim<\/button>\n                                    <button class=\"booking__store\"  value=21  data-link=\"https:\/\/www.etermin.net\/binder-optik?calendarid=119825\">Geislingen<\/button>\n                                    <button class=\"booking__store\"  value=41  data-link=\"https:\/\/www.etermin.net\/binder-optik?calendarid=119844\">G\u00f6ppingen<\/button>\n                                    <button class=\"booking__store\"  value=47  data-link=\"https:\/\/www.etermin.net\/binder-optik?calendarid=119851\">G\u00fcnzburg<\/button>\n                                    <button class=\"booking__store\"  value=74  data-link=\"https:\/\/www.etermin.net\/binder-optik?calendarid=130095\">Heidelberg<\/button>\n                                    <button class=\"booking__store\"  value=44  data-link=\"https:\/\/www.etermin.net\/binder-optik?calendarid=119846\">Heidenheim Kalesi Pasajlar\u0131<\/button>\n                                    <button class=\"booking__store\"  value=48  data-link=\"https:\/\/www.etermin.net\/binder-optik?calendarid=119852\">Heilbronn \u015eehir Galerisi<\/button>\n                                    <button class=\"booking__store\"  value=20  data-link=\"https:\/\/www.etermin.net\/binder-optik?calendarid=119824, 221307\">Herrenberg<\/button>\n                                    <button class=\"booking__store\"  value=66  data-link=\"https:\/\/www.etermin.net\/binder-optik?calendarid=119862\">Holzgerlingen<\/button>\n                                    <button class=\"booking__store\"  value=45  data-link=\"https:\/\/www.etermin.net\/binder-optik?calendarid=119847\">Karlsruhe Ettlinger-Tor<\/button>\n                                    <button class=\"booking__store\"  value=56  data-link=\"https:\/\/www.etermin.net\/binder-optik?calendarid=119856, 201935\">Karlsruhe Karlstra\u00dfe<\/button>\n                                    <button class=\"booking__store\"  value=55  data-link=\"https:\/\/www.etermin.net\/binder-optik?calendarid=119855\">Karlsruhe Rheinstra\u00dfe<\/button>\n                                    <button class=\"booking__store\"  value=14  data-link=\"https:\/\/www.etermin.net\/binder-optik?calendarid=119823\">Kornwestheim<\/button>\n                                    <button class=\"booking__store\"  value=34  data-link=\"https:\/\/www.etermin.net\/binder-optik?calendarid=119838\">Leonberg<\/button>\n                                    <button class=\"booking__store\"  value=18  data-link=\"https:\/\/www.etermin.net\/binder-optik?calendarid=114824,126567\">Ludwigsburg<\/button>\n                                    <button class=\"booking__store\"  value=12  data-link=\"https:\/\/www.etermin.net\/binder-optik?calendarid=114818\">Ludwigsburg Breuningerland<\/button>\n                                    <button class=\"booking__store\"  value=51  data-link=\"https:\/\/www.etermin.net\/binder-optik?calendarid=110453\">Mannheim<\/button>\n                                    <button class=\"booking__store\"  value=80  data-link=\"https:\/\/www.etermin.net\/binder-optik?calendarid=205017\">Mannheim Feudenheim<\/button>\n                                    <button class=\"booking__store\"  value=82  data-link=\"https:\/\/www.etermin.net\/binder-optik?calendarid=219616\">Mannheim Feudenheim<\/button>\n                                    <button class=\"booking__store\"  value=40  data-link=\"https:\/\/www.etermin.net\/binder-optik?calendarid=119843\">Nagold<\/button>\n                                    <button class=\"booking__store\"  value=26  data-link=\"https:\/\/www.etermin.net\/binder-optik?calendarid=119831, 192727\">N\u00f6rdlingen<\/button>\n                                    <button class=\"booking__store\"  value=29  data-link=\"https:\/\/www.etermin.net\/binder-optik?calendarid=119834\">N\u00fcrtingen<\/button>\n                                    <button class=\"booking__store\"  value=58  data-link=\"https:\/\/www.etermin.net\/binder-optik?calendarid=119857\">Pforzheim<\/button>\n                                    <button class=\"booking__store\"  value=76  data-link=\"https:\/\/www.etermin.net\/binder-optik?calendarid=135123\">Pfullendorf<\/button>\n                                    <button class=\"booking__store\"  value=23  data-link=\"https:\/\/www.etermin.net\/binder-optik?calendarid=119827\">Pfullingen<\/button>\n                                    <button class=\"booking__store\"  value=59  data-link=\"https:\/\/www.etermin.net\/binder-optik?calendarid=119858\">Rastatt<\/button>\n                                    <button class=\"booking__store\"  value=50  data-link=\"https:\/\/www.etermin.net\/binder-optik?calendarid=119854\">Reutlingen<\/button>\n                                    <button class=\"booking__store\"  value=67  data-link=\"https:\/\/www.etermin.net\/binder-optik?calendarid=119863\">Schorndorf<\/button>\n                                    <button class=\"booking__store\"  value=77  data-link=\"https:\/\/www.etermin.net\/binder-optik?calendarid=163637\">Schramberg<\/button>\n                                    <button class=\"booking__store\"  value=10  data-link=\"https:\/\/www.etermin.net\/binder-optik?calendarid=119820\">Sindelfingen Breuningerland<\/button>\n                                    <button class=\"booking__store\"  value=70  data-link=\"https:\/\/www.etermin.net\/binder-optik?calendarid=119866\">Singen CANO Al\u0131\u015fveri\u015f Merkezi<\/button>\n                                    <button class=\"booking__store\"  value=78  data-link=\"https:\/\/www.etermin.net\/binder-optik?calendarid=162652\">Stockach<\/button>\n                                    <button class=\"booking__store\"  value=63  data-link=\"https:\/\/www.etermin.net\/binder-optik?calendarid=119860\">Stuttgart Degerloch<\/button>\n                                    <button class=\"booking__store\"  value=68  data-link=\"https:\/\/www.etermin.net\/binder-optik?calendarid=119864\">Stuttgart Do\u011fu<\/button>\n                                    <button class=\"booking__store\"  value=36  data-link=\"https:\/\/www.etermin.net\/binder-optik?calendarid=119840\">Stuttgart Feuerbach<\/button>\n                                    <button class=\"booking__store\"  value=30  data-link=\"https:\/\/www.etermin.net\/binder-optik?calendarid=119836\">Stuttgart M\u00f6hringen<\/button>\n                                    <button class=\"booking__store\"  value=46  data-link=\"https:\/\/www.etermin.net\/binder-optik?calendarid=119849\">Stuttgart pazar yeri<\/button>\n                                    <button class=\"booking__store\"  value=6  data-link=\"https:\/\/www.etermin.net\/binder-optik?calendarid=119819\">Stuttgart Vaihingen<\/button>\n                                    <button class=\"booking__store\"  value=81  data-link=\"https:\/\/www.etermin.net\/binder-optik?calendarid=209366\">Viernheim<\/button>\n                                    <button class=\"booking__store\"  value=49  data-link=\"https:\/\/www.etermin.net\/binder-optik?calendarid=119853\">Waiblingen<\/button>\n                                    <button class=\"booking__store\"  value=11  data-link=\"https:\/\/www.etermin.net\/binder-optik?calendarid=119821\">Yeni Ulm<\/button>\n                                <\/div>\n            <\/div>\n        <\/div>\n        <div class=\"booking__etermin\" js-iframe-block>\n            <div class=\"booking-form\">\n                <div class=\"booking-form__left\">\n                    <div class=\"booking-form__heading-wrapper\">\n                        <button class=\"booking-form__continue c-btn\" js-back-button>\n                        <\/button>\n                        <h3 class=\"booking-form__title\"> Randevu al\u0131n<\/h3>\n                    <\/div>\n                    <figure class=\"booking-form__image-wrapper\">\n                        <img loading=\"lazy\" decoding=\"async\" width=\"884\" height=\"1667\" src=\"https:\/\/www.binder-optik.de\/wp-content\/uploads\/2023\/11\/2023_11_22_ETermin_2-1.jpg\" class=\"attachment-full size-full\" alt=\"Binder Optik\" srcset=\"https:\/\/www.binder-optik.de\/wp-content\/uploads\/2023\/11\/2023_11_22_ETermin_2-1.jpg 884w, https:\/\/www.binder-optik.de\/wp-content\/uploads\/2023\/11\/2023_11_22_ETermin_2-1-159x300.jpg 159w, https:\/\/www.binder-optik.de\/wp-content\/uploads\/2023\/11\/2023_11_22_ETermin_2-1-543x1024.jpg 543w, https:\/\/www.binder-optik.de\/wp-content\/uploads\/2023\/11\/2023_11_22_ETermin_2-1-768x1448.jpg 768w, https:\/\/www.binder-optik.de\/wp-content\/uploads\/2023\/11\/2023_11_22_ETermin_2-1-815x1536.jpg 815w, https:\/\/www.binder-optik.de\/wp-content\/uploads\/2023\/11\/2023_11_22_ETermin_2-1-278x524.jpg 278w\" sizes=\"auto, (max-width: 884px) 100vw, 884px\" title=\"\">                    <\/figure>\n                <\/div>\n                <div class=\"booking-form__right\">\n                    <iframe loading=\"lazy\" id=\"etifr\" src=\"\" js-iframe-to-fill height=\"1600px\" width=\"100%\" scrolling=\"no\" frameborder=\"0\"><\/iframe>\n                    <script src=\"https:\/\/www.eTermin.net\/js\/resizecustomersitescroll.min.js\" type=\"text\/javascript\"><\/script>\n                    <h4 style=\"margin-bottom: 10px;\"><strong>E\u011fer istedi\u011finiz tarih m\u00fcsait de\u011filse, l\u00fctfen bizi aray\u0131n!<\/strong><\/h4>\n                    <p style=\"font-size: 12px;\">*Yumu\u015fak kontakt lensler i\u00e7in ge\u00e7erlidir. \u00d6zel lenslerin tak\u0131lmas\u0131 i\u00e7in gereken s\u00fcre ve fiyat de\u011fi\u015febilir. L\u00fctfen bu \u00fcr\u00fcnler i\u00e7in \u00f6nceden telefonla ayr\u0131 bir randevu ayarlay\u0131n.<\/p>\n                <\/div>\n            <\/div>\n        <\/div>\n    <\/div>\n<\/section><\/div><\/div><\/section>\n\n\n\n<div class=\"wp-block-custom-columns columns-row row small-gutter\"><style>.columns-row--spacing-top{padding-top:2rem}@media (min-width: 992px){.columns-row--spacing-top{padding-top:4rem}}.columns-row--spacing-bottom{padding-bottom:2rem}@media (min-width: 992px){.columns-row--spacing-bottom{padding-bottom:4rem}}.columns-row--margin-top{margin-top:2rem}@media (min-width: 992px){.columns-row--margin-top{margin-top:4rem}}.columns-row--margin-bottom{margin-bottom:2rem}@media (min-width: 992px){.columns-row--margin-bottom{margin-bottom:4rem}}\n<\/style>\n<div class=\"wp-block-custom-column col col-6 col-lg-3\"><a class=\"acf-block block-teaser align rose\" href=\"https:\/\/www.binder-optik.de\/tr\/randevu-alin\/\" target=\"_self\">\n\n\t<style>.block-teaser{position:relative;display:block !important;min-height:100%;padding:1.4rem 1rem 1rem;-webkit-box-shadow:0px 0px 15px 5px rgba(0,0,0,0.075);box-shadow:0px 0px 15px 5px rgba(0,0,0,0.075);overflow:hidden}@media (min-width: 1200px){.block-teaser{padding:3rem 2rem 2rem}}@media (min-width: 1380px){.block-teaser{padding:4rem 3rem 3rem}}.block-teaser.white{background-color:#fff}.block-teaser.rose{background-color:#fde4d3}.block-teaser.yellow{background-color:#f9f09b}.block-teaser.green{background-color:#96cfbf}.block-teaser.petrol{background-color:#a5d6e3}.block-teaser.grey{background-color:#f5f5f5}.block-teaser__row{position:relative;display:flex;flex-wrap:wrap;z-index:1}.block-teaser__content{margin:0 0 2rem;text-decoration:2px underline transparent;text-underline-offset:4px;transition:0.2s ease;hyphens:auto}.block-teaser__img-wrapper{flex:0 0 100%;display:flex;justify-content:center;align-items:center;width:3rem;height:3rem;max-width:3rem;max-height:3rem;margin-bottom:1rem;text-align:center}@media (min-width: 1024px){.block-teaser__img-wrapper{width:5rem;height:5rem;max-width:5rem;max-height:5rem;margin-bottom:2rem}}.block-teaser__img-wrapper img{width:100%;height:100%;object-fit:contain}.block-teaser--full .block-teaser__img-wrapper{max-width:100%}.block-teaser--full .block-teaser__img-wrapper img{width:100%;height:auto;object-fit:unset}.block-teaser__content-wrapper{flex:0 0 100%;max-width:100%}.block-teaser--full .block-teaser__content-wrapper{max-width:100%}a.block-teaser .block-teaser__link{display:none;position:relative;width:4.5rem;height:4.5rem}@media (min-width: 1024px){a.block-teaser .block-teaser__link{display:block}}a.block-teaser:hover .block-teaser__content,a.block-teaser:focus .block-teaser__content{color:#2B2E34;text-decoration-color:#2B2E34}\n<\/style>\t<div class=\"block-teaser__row\">\n\t\t\t<div class=\"block-teaser__img-wrapper\">\n\t\t\t<img loading=\"lazy\" decoding=\"async\" width=\"35\" height=\"35\" src=\"https:\/\/www.binder-optik.de\/wp-content\/uploads\/2023\/09\/calendar.svg\" class=\"attachment-teaser-img size-teaser-img\" alt=\"Binder Optik\" data-object-fit=\"\" title=\"\">\t\t<\/div>\n\t\t\t<div class=\"block-teaser__content-wrapper\">\n\t\t\t\t\t<div class=\"block-teaser__content\"><h3><strong>Randevu<\/strong> al\u0131n<\/h3>\n<\/div>\n\t\t\t\t\t\t\t<!-- <div class=\"block-teaser__link\"><\/div> -->\n\t\t\t\t<\/div>\n\t<\/div>\n<\/a>\n<\/div>\n\n\n\n<div class=\"wp-block-custom-column col col-6 col-lg-3\"><a class=\"acf-block block-teaser align yellow\" href=\"https:\/\/www.binder-optik.de\/tr\/oezel-magazalar\/\" target=\"_self\">\n\n\t\t<div class=\"block-teaser__row\">\n\t\t\t<div class=\"block-teaser__img-wrapper\">\n\t\t\t<img loading=\"lazy\" decoding=\"async\" width=\"35\" height=\"35\" src=\"https:\/\/www.binder-optik.de\/wp-content\/uploads\/2023\/08\/netto-icons-location.svg\" class=\"attachment-teaser-img size-teaser-img\" alt=\"Binder Optik\" data-object-fit=\"\" title=\"\">\t\t<\/div>\n\t\t\t<div class=\"block-teaser__content-wrapper\">\n\t\t\t\t\t<div class=\"block-teaser__content\"><h3><strong>Uzmanla\u015fm\u0131\u015f<\/strong> bir <strong>ma\u011faza<\/strong> bulun<br \/>\n<\/h3>\n<\/div>\n\t\t\t\t\t\t\t<!-- <div class=\"block-teaser__link\"><\/div> -->\n\t\t\t\t<\/div>\n\t<\/div>\n<\/a>\n<\/div>\n\n\n\n<div class=\"wp-block-custom-column col col-6 col-lg-3\"><a class=\"acf-block block-teaser align green\" href=\"https:\/\/www.binder-optik.de\/tr\/avantajlar\/\" target=\"_self\">\n\n\t\t<div class=\"block-teaser__row\">\n\t\t\t<div class=\"block-teaser__img-wrapper\">\n\t\t\t<img loading=\"lazy\" decoding=\"async\" width=\"35\" height=\"35\" src=\"https:\/\/www.binder-optik.de\/wp-content\/uploads\/2023\/09\/star.svg\" class=\"attachment-teaser-img size-teaser-img\" alt=\"Binder Optik\" data-object-fit=\"\" title=\"\">\t\t<\/div>\n\t\t\t<div class=\"block-teaser__content-wrapper\">\n\t\t\t\t\t<div class=\"block-teaser__content\"><h3>Binder Optik <strong>Avantajlar<\/strong><\/h3>\n<\/div>\n\t\t\t\t\t\t\t<!-- <div class=\"block-teaser__link\"><\/div> -->\n\t\t\t\t<\/div>\n\t<\/div>\n<\/a>\n<\/div>\n\n\n\n<div class=\"wp-block-custom-column col col-6 col-lg-3\"><a class=\"acf-block block-teaser align petrol\" href=\"https:\/\/www.binder-optik.de\/tr\/haberler\/\" target=\"_self\">\n\n\t\t<div class=\"block-teaser__row\">\n\t\t\t<div class=\"block-teaser__img-wrapper\">\n\t\t\t<img loading=\"lazy\" decoding=\"async\" width=\"35\" height=\"35\" src=\"https:\/\/www.binder-optik.de\/wp-content\/uploads\/2023\/09\/information.svg\" class=\"attachment-teaser-img size-teaser-img\" alt=\"Binder Optik\" data-object-fit=\"\" title=\"\">\t\t<\/div>\n\t\t\t<div class=\"block-teaser__content-wrapper\">\n\t\t\t\t\t<div class=\"block-teaser__content\"><h3>Son Haberler<br \/>\n<\/h3>\n<\/div>\n\t\t\t\t\t\t\t<!-- <div class=\"block-teaser__link\"><\/div> -->\n\t\t\t\t<\/div>\n\t<\/div>\n<\/a>\n<\/div>\n<\/div>\n\n\n\n<div class=\"wp-block-custom-spacing spacing-element spacing-mobile--small spacing-tablet--small spacing-small-desktop--small spacing-desktop--small\"><\/div>\n<\/div><\/div><\/section>\n\n\n\n<section class=\"wp-block-custom-container alignwide block-content  block-content--spacing-top\"><div class=\"container container--wide\"><div class=\"container__body\">\n<section class=\"wp-block-custom-container alignwide block-content has-bo-gr-n-2-background-color\" style=\"background-color:#96cfbf\"><div class=\"container container--wide\"><div class=\"container__body\">\n<div class=\"wp-block-media-text is-stacked-on-mobile\" style=\"grid-template-columns:40% auto\"><figure class=\"wp-block-media-text__media\"><img loading=\"lazy\" decoding=\"async\" width=\"1920\" height=\"1311\" src=\"https:\/\/www.binder-optik.de\/wp-content\/uploads\/2024\/05\/Sonnenbrillenseite-13-05-2024.jpg\" alt=\"Binder Optik\" class=\"wp-image-8875 size-full\" title=\"\" srcset=\"https:\/\/www.binder-optik.de\/wp-content\/uploads\/2024\/05\/Sonnenbrillenseite-13-05-2024.jpg 1920w, https:\/\/www.binder-optik.de\/wp-content\/uploads\/2024\/05\/Sonnenbrillenseite-13-05-2024-300x205.jpg 300w, https:\/\/www.binder-optik.de\/wp-content\/uploads\/2024\/05\/Sonnenbrillenseite-13-05-2024-1024x699.jpg 1024w, https:\/\/www.binder-optik.de\/wp-content\/uploads\/2024\/05\/Sonnenbrillenseite-13-05-2024-768x524.jpg 768w, https:\/\/www.binder-optik.de\/wp-content\/uploads\/2024\/05\/Sonnenbrillenseite-13-05-2024-1536x1049.jpg 1536w, https:\/\/www.binder-optik.de\/wp-content\/uploads\/2024\/05\/Sonnenbrillenseite-13-05-2024-524x358.jpg 524w\" sizes=\"auto, (max-width: 1920px) 100vw, 1920px\" \/><\/figure><div class=\"wp-block-media-text__content\">\n<h2 class=\"wp-block-heading\"><strong>Numaral\u0131 g\u00fcne\u015f g\u00f6zl\u00fckleri<\/strong> <strong>&#8211;<\/strong> <br>t\u00fcm g\u00f6zl\u00fck kullan\u0131c\u0131lar\u0131 i\u00e7in olmazsa olmaz<\/h2>\n\n\n\n<p>G\u00fcne\u015f g\u00f6zl\u00fc\u011f\u00fc ve g\u00f6z sa\u011fl\u0131\u011f\u0131 ile ilgili her \u015fey.<\/p>\n\n\n\n<div class=\"wp-block-buttons is-layout-flex wp-block-buttons-is-layout-flex\">\n<div class=\"wp-block-button\"><a class=\"wp-block-button__link wp-element-button\" href=\"https:\/\/www.binder-optik.de\/tr\/ueruenler\/goezluekler\/guenes-goezluegue\/\">Daha fazla bilgi edinin<\/a><\/div>\n<\/div>\n<\/div><\/div>\n<\/div><\/div><\/section>\n\n\n\n<div class=\"wp-block-custom-spacing spacing-element spacing-mobile--small spacing-tablet--small spacing-small-desktop--small spacing-desktop--small\"><\/div>\n\n\n\n<div class=\"wp-block-custom-spacing spacing-element spacing-mobile--small spacing-tablet--small spacing-small-desktop--small spacing-desktop--small\"><\/div>\n\n\n\n<p class=\"has-normal-font-size\">*Uzak, yak\u0131n veya progresif g\u00f6zl\u00fck (n1.6) sat\u0131n ald\u0131\u011f\u0131n\u0131zda, pakete ayn\u0131 model ve numarada (n1.5 | sph. +\/- 6, cyl. 2.0 dpt.) bir g\u00fcne\u015f g\u00f6zl\u00fc\u011f\u00fc \u00fccretsiz olarak dahildir. Ek \u00fccret kar\u015f\u0131l\u0131\u011f\u0131nda \u0130ndeks 1.6 ve POL camlara y\u00fckseltme m\u00fcmk\u00fcnd\u00fcr. Maks. \u00d8 Art\u0131: 65 mm \/ Eksi: 70 mm. \u00c7er\u00e7eveyi INCollection&#8217;\u0131m\u0131zdan se\u00e7ebilirsiniz, ek \u00fccret kar\u015f\u0131l\u0131\u011f\u0131nda y\u00fckseltme m\u00fcmk\u00fcnd\u00fcr. Di\u011fer teklifler, indirimler ve \u201cmeineBrille\u201d ile birle\u015ftirilemez. \u00d6zel camlar (prizmalar) bu kampanyan\u0131n d\u0131\u015f\u0131nda tutulmu\u015ftur.<\/p>\n<\/div><\/div><\/section>\n\n\n\n<section class=\"wp-block-custom-container alignwide block-content  block-content--spacing-top block-content--spacing-bottom\"><div class=\"container container--wide\"><div class=\"container__body\">\n<section class=\"wp-block-custom-container alignwide block-content  has-gelb-background-color\" style=\"background-color:#FFFF00\"><div class=\"container container--wide\"><div class=\"container__body\"><style>.wp-block-columns.are-vertically-aligned-center{gap:1em;margin-bottom:.5rem}@media (min-width: 992px){.wp-block-columns.are-vertically-aligned-center{margin-bottom:1rem}}.wp-block-columns.are-vertically-aligned-center :last-child{margin-bottom:0}.wp-block-columns.are-vertically-aligned-center figure{margin-bottom:0}.wp-block-columns.no-margin{margin-bottom:0 !important}@media (max-width: 991px){.wp-block-columns.hide-mobile{display:none}}:where(.wp-block-columns.is-layout-flex){gap:1em}\n<\/style>\n<div class=\"wp-block-columns are-vertically-aligned-center is-layout-flex wp-container-core-columns-is-layout-1 wp-block-columns-is-layout-flex\">\n<div class=\"wp-block-column is-vertically-aligned-center is-layout-flow wp-block-column-is-layout-flow\" style=\"flex-basis:66.66%\">\n<h2 class=\"wp-block-heading\"><strong>B\u00fclten kayd\u0131<\/strong><\/h2>\n\n\n\n<p>Haber b\u00fcltenine \u015fimdi abone olun ve 20 Euro de\u011ferinde Binder Optik al\u0131\u015fveri\u015f \u00e7eki kazan\u0131n.<\/p>\n\n\n\n<div class=\"wp-block-buttons is-layout-flex wp-block-buttons-is-layout-flex\">\n<div class=\"wp-block-button is-style-fill-secondary\"><a class=\"wp-block-button__link wp-element-button\" href=\"https:\/\/www.binder-optik.de\/tr\/buelten-kaydi\/\">Kay\u0131t i\u00e7in<\/a><\/div>\n<\/div>\n<\/div>\n\n\n\n<div class=\"wp-block-column is-vertically-aligned-center is-layout-flow wp-block-column-is-layout-flow\" style=\"flex-basis:33.33%\"><style>.wp-block-image.alignright{margin:0 !important}.wp-block-image.alignleft{float:none !important}.wp-block-image .wp-element-caption{text-align:left}\n<\/style>\n<figure class=\"wp-block-image size-full\"><img loading=\"lazy\" decoding=\"async\" width=\"902\" height=\"625\" src=\"https:\/\/www.binder-optik.de\/wp-content\/uploads\/2025\/05\/2023_10_05-Newsletter-Anmeldung_433x300-1_EN.jpg\" alt=\"Binder Optik\" class=\"wp-image-19189\" title=\"\" srcset=\"https:\/\/www.binder-optik.de\/wp-content\/uploads\/2025\/05\/2023_10_05-Newsletter-Anmeldung_433x300-1_EN.jpg 902w, https:\/\/www.binder-optik.de\/wp-content\/uploads\/2025\/05\/2023_10_05-Newsletter-Anmeldung_433x300-1_EN-300x208.jpg 300w, https:\/\/www.binder-optik.de\/wp-content\/uploads\/2025\/05\/2023_10_05-Newsletter-Anmeldung_433x300-1_EN-768x532.jpg 768w, https:\/\/www.binder-optik.de\/wp-content\/uploads\/2025\/05\/2023_10_05-Newsletter-Anmeldung_433x300-1_EN-524x363.jpg 524w\" sizes=\"auto, (max-width: 902px) 100vw, 902px\" \/><\/figure>\n<\/div>\n<\/div>\n<\/div><\/div><\/section>\n<\/div><\/div><\/section>\n","protected":false},"excerpt":{"rendered":"","protected":false},"author":1,"featured_media":29966,"parent":19038,"menu_order":0,"comment_status":"closed","ping_status":"closed","template":"","meta":{"_acf_changed":false,"footnotes":""},"class_list":["post-18829","page","type-page","status-publish","has-post-thumbnail","hentry"],"acf":[],"publishpress_future_action":{"enabled":false,"date":"2026-05-08 04:46:40","action":"change-status","newStatus":"draft","terms":[],"taxonomy":"translation_priority","extraData":[]},"publishpress_future_workflow_manual_trigger":{"enabledWorkflows":[]},"_links":{"self":[{"href":"https:\/\/www.binder-optik.de\/tr\/wp-json\/wp\/v2\/pages\/18829","targetHints":{"allow":["GET"]}}],"collection":[{"href":"https:\/\/www.binder-optik.de\/tr\/wp-json\/wp\/v2\/pages"}],"about":[{"href":"https:\/\/www.binder-optik.de\/tr\/wp-json\/wp\/v2\/types\/page"}],"author":[{"embeddable":true,"href":"https:\/\/www.binder-optik.de\/tr\/wp-json\/wp\/v2\/users\/1"}],"replies":[{"embeddable":true,"href":"https:\/\/www.binder-optik.de\/tr\/wp-json\/wp\/v2\/comments?post=18829"}],"version-history":[{"count":9,"href":"https:\/\/www.binder-optik.de\/tr\/wp-json\/wp\/v2\/pages\/18829\/revisions"}],"predecessor-version":[{"id":30634,"href":"https:\/\/www.binder-optik.de\/tr\/wp-json\/wp\/v2\/pages\/18829\/revisions\/30634"}],"up":[{"embeddable":true,"href":"https:\/\/www.binder-optik.de\/tr\/wp-json\/wp\/v2\/pages\/19038"}],"wp:featuredmedia":[{"embeddable":true,"href":"https:\/\/www.binder-optik.de\/tr\/wp-json\/wp\/v2\/media\/29966"}],"wp:attachment":[{"href":"https:\/\/www.binder-optik.de\/tr\/wp-json\/wp\/v2\/media?parent=18829"}],"curies":[{"name":"wp","href":"https:\/\/api.w.org\/{rel}","templated":true}]}}