{"id":18806,"date":"2023-08-31T13:17:46","date_gmt":"2023-08-31T11:17:46","guid":{"rendered":"https:\/\/www.binder-optik.de\/guenluek-lensler\/"},"modified":"2025-04-17T12:16:50","modified_gmt":"2025-04-17T10:16:50","slug":"guenluek-lensler","status":"publish","type":"page","link":"https:\/\/www.binder-optik.de\/tr\/ueruenler\/kontakt-lensler\/guenluek-lensler\/","title":{"rendered":"G\u00fcnl\u00fck lensler"},"content":{"rendered":"\n<section class=\"wp-block-custom-container alignwide block-content  block-content--spacing-top block-content--margin-top\"><style>.block-content{position:relative}.block-content--spacing-top{padding-top:2rem}@media (min-width: 992px){.block-content--spacing-top{padding-top:4rem}}.block-content--spacing-bottom{padding-bottom:2rem}@media (min-width: 992px){.block-content--spacing-bottom{padding-bottom:4rem}}.block-content--margin-top{margin-top:2rem}@media (min-width: 992px){.block-content--margin-top{margin-top:4rem}}.block-content--margin-bottom{margin-bottom:2rem}@media (min-width: 992px){.block-content--margin-bottom{margin-bottom:4rem}}.block-content.z-index{position:relative;z-index:2}.block-content .container{position:relative;z-index:1}.block-content .container--full{padding:0}.block-content .container .container{padding:2rem}@media (min-width: 992px){.block-content .container .container{padding:4rem}}.block-content .container-overlay{position:absolute;z-index:0;top:0;right:0;bottom:0;left:0}.block-content.career-container{margin-top:-8rem;z-index:2;pointer-events:none}.block-content.career-container .block-content{pointer-events:all;-webkit-box-shadow:0px 0px 15px 5px rgba(0,0,0,0.1);box-shadow:0px 0px 15px 5px rgba(0,0,0,0.1)}.block-content.career-container .wp-block-custom-column{margin-bottom:0}\n<\/style><div class=\"container container--wide\"><div class=\"container__body\">\n<h1 class=\"wp-block-heading\">G\u00fcnl\u00fck lensler<\/h1>\n<\/div><\/div><\/section>\n\n<section class=\"wp-block-custom-container alignwide block-content  block-content--spacing-top block-content--spacing-bottom\"><div class=\"container container--wide\"><div class=\"container__body\"><style>@media (max-width: 767px){.wp-block-media-text.is-stacked-on-mobile{grid-template-columns:100% !important}.wp-block-media-text.is-stacked-on-mobile .wp-block-media-text__media{grid-column:1;grid-row:1}.wp-block-media-text.is-stacked-on-mobile .wp-block-media-text__content{grid-column:1;grid-row:2}}.wp-block-media-text .wp-block-media-text__content{padding:0;padding-left:2rem}@media (min-width: 1024px){.wp-block-media-text .wp-block-media-text__content{padding-left:6rem}}@media (max-width: 767px){.wp-block-media-text .wp-block-media-text__content{padding:0}}.wp-block-media-text.has-media-on-the-right .wp-block-media-text__content{padding:0;padding-left:unset;padding-right:2rem}@media (min-width: 1024px){.wp-block-media-text.has-media-on-the-right .wp-block-media-text__content{padding-right:6rem}}@media (max-width: 767px){.wp-block-media-text.has-media-on-the-right .wp-block-media-text__content{padding:0}}.wp-block-media-text .wp-block-media-text__media{height:unset;overflow:hidden;aspect-ratio:1 \/ 1}.wp-block-media-text .wp-block-media-text__media img{width:100%;height:100%;object-fit:cover}.wp-block-media-text.is-image-fill .wp-block-media-text__media{height:unset;min-height:unset}.wp-block-media-text.is-image-fill img{object-fit:cover}\n<\/style>\n<div class=\"wp-block-media-text alignwide is-stacked-on-mobile\"><figure class=\"wp-block-media-text__media\"><img loading=\"lazy\" decoding=\"async\" width=\"783\" height=\"538\" src=\"https:\/\/www.binder-optik.de\/wp-content\/uploads\/2023\/08\/linse1.jpg\" alt=\"Binder Optik\" class=\"wp-image-3208 size-full\" title=\"\" srcset=\"https:\/\/www.binder-optik.de\/wp-content\/uploads\/2023\/08\/linse1.jpg 783w, https:\/\/www.binder-optik.de\/wp-content\/uploads\/2023\/08\/linse1-300x206.jpg 300w, https:\/\/www.binder-optik.de\/wp-content\/uploads\/2023\/08\/linse1-768x528.jpg 768w, https:\/\/www.binder-optik.de\/wp-content\/uploads\/2023\/08\/linse1-524x360.jpg 524w\" sizes=\"auto, (max-width: 783px) 100vw, 783px\" \/><\/figure><div class=\"wp-block-media-text__content\">\n<div class=\"wp-block-custom-spacing spacing-element spacing-mobile--small spacing-tablet--none spacing-small-desktop--none spacing-desktop--none\"><\/div>\n\n\n\n<h2 class=\"wp-block-heading\"><strong>G\u00fcnl\u00fck tek kullan\u0131ml\u0131k lensler<\/strong> nedir <strong>?<\/strong><\/h2>\n\n\n\n<p>Sadece spontane olmak m\u0131 istiyorsunuz? Tek g\u00fcnl\u00fck kontakt lenslerimizle hi\u00e7 sorun de\u011fil. Bu Dailie&#8217;ler spor yaparken, bo\u015f zamanlar\u0131n\u0131zda ve bir \u015fehir gezisinde size e\u015flik eder ve size her g\u00fcn biraz \u00f6zg\u00fcrl\u00fck verir. \u00c7\u00fcnk\u00fc kullan\u0131m\u0131 inan\u0131lmaz derecede kolayd\u0131r: Sadece taze g\u00fcnl\u00fck lensleri tak\u0131n ve kulland\u0131ktan sonra at\u0131n. Temizlik yok &#8211; \u00e7aba yok. Ve tabii ki maksimum hijyen. G\u00f6zl\u00fcklerinizi evde b\u0131rak\u0131n ve g\u00fcn\u00fc maceraya d\u00f6n\u00fc\u015ft\u00fcr\u00fcn!      <\/p>\n\n\n\n<div class=\"wp-block-custom-spacing spacing-element spacing-mobile--small spacing-tablet--small spacing-small-desktop--none spacing-desktop--none\"><\/div>\n<\/div><\/div>\n<\/div><\/div><\/section>\n\n<section class=\"wp-block-custom-container alignwide block-content has-grau-background-color block-content--spacing-top\" style=\"background-color:#f5f5f5\"><div class=\"container container--wide\"><div class=\"container__body\">\n<h2 class=\"wp-block-heading\">G\u00fcnl\u00fck tek kullan\u0131ml\u0131k lens<strong>lerin avantajlar\u0131<\/strong> <\/h2>\n\n\n\n<p>Siz de Binder g\u00fcnl\u00fck tek kullan\u0131ml\u0131k lenslerimizin say\u0131s\u0131z avantaj\u0131ndan yararlanabilirsiniz:<\/p>\n\n\n\n<div class=\"wp-block-custom-spacing spacing-element spacing-mobile--small spacing-tablet--small spacing-small-desktop--small spacing-desktop--small\"><\/div>\n\n\n\t<div class=\"acf-block block-teaser-accordion align\">\n\t\t<div  class=\"block-teaser-accordion-single\">\n\n\t\t\t<div class=\"block-teaser-accordion-single__wrapper\">\n\n\t\t\t\t<style>.block-teaser-accordion{display:flex;flex-flow:row wrap;margin:0 -10px}.block-teaser-accordion-single{width:100%;padding:0 10px;margin-bottom:2rem}@media (min-width: 1024px){.block-teaser-accordion-single{width:50%}}@media (min-width: 1380px){.block-teaser-accordion-single{width:33.33%;margin-bottom:2rem}}.block-teaser-accordion-single__wrapper{position:relative;display:block !important;min-height:100%;-webkit-box-shadow:0px 0px 15px 5px rgba(0,0,0,0.075);box-shadow:0px 0px 15px 5px rgba(0,0,0,0.075);overflow:hidden;padding:2.5rem 2rem}@media (min-width: 1200px){.block-teaser-accordion-single__wrapper{padding:3rem 2rem 2rem}}@media (min-width: 1380px){.block-teaser-accordion-single__wrapper{padding:4rem 3rem 3rem}}.block-teaser-accordion-single:nth-child(4n+1) .block-teaser-accordion-single__wrapper{background-color:#fde4d3}.block-teaser-accordion-single:nth-child(4n+2) .block-teaser-accordion-single__wrapper{background-color:#f9f09b}.block-teaser-accordion-single:nth-child(4n+3) .block-teaser-accordion-single__wrapper{background-color:#96cfbf}.block-teaser-accordion-single:nth-child(4n+4) .block-teaser-accordion-single__wrapper{background-color:#a5d6e3}.block-teaser-accordion-single__row{position:relative;display:flex;flex-wrap:wrap;z-index:1}.block-teaser-accordion-single__header{position:relative;width:100%}.block-teaser-accordion-single__header::after{content:'';display:block;width:22px;height:22px;position:absolute;top:calc(50% - 2.5rem);right:5px;transform:rotate(135deg) translateY(-50%);border:2px solid #2B2E34;border-width:2px 2px 0 0;transition:all .2s linear}@media (min-width: 1024px){.block-teaser-accordion-single__header::after{display:none}}.block-teaser-accordion-single__header.active::after{transform:rotate(-45deg) translateY(50%);margin-top:12px}.block-teaser-accordion-single__title{text-decoration:2px underline transparent;text-underline-offset:4px;transition:0.2s ease;hyphens:auto;cursor:pointer;padding-right:4rem}@media (min-width: 1024px){.block-teaser-accordion-single__title{cursor:unset;padding-right:0}}.block-teaser-accordion-single__img-wrapper{flex:0 0 100%;display:flex;justify-content:center;align-items:center;width:3rem;height:3rem;max-width:3rem;max-height:3rem;margin-bottom:1rem;text-align:center}@media (min-width: 1024px){.block-teaser-accordion-single__img-wrapper{width:5rem;height:5rem;max-width:5rem;max-height:5rem;margin-bottom:2rem}}.block-teaser-accordion-single__img-wrapper img{width:100%;height:100%;object-fit:contain}.block-teaser-accordion-single__content{display:none;flex:0 0 100%;max-width:100%;padding:2rem 0}@media (min-width: 1024px){.block-teaser-accordion-single__content{display:block !important}}\n<\/style>\t\t\t\t<div class=\"block-teaser-accordion-single__row\">\n\t\t\t\t\t\t\t\t\t\t\t<div class=\"block-teaser-accordion-single__img-wrapper\">\n\t\t\t\t\t\t\t<img loading=\"lazy\" decoding=\"async\" width=\"35\" height=\"35\" src=\"https:\/\/www.binder-optik.de\/wp-content\/uploads\/2023\/10\/icon_hygiene.svg\" class=\"attachment-teaser-big size-teaser-big\" alt=\"Binder Optik\" data-object-fit=\"\" title=\"\">\t\t\t\t\t\t<\/div>\t\t\t\n\t\t\t\t\t\t\t\t\t\t<div class=\"block-teaser-accordion-single__header\">\t\n\t\t\t\t\t\t\t\t\t\t\t\t\t<h3 class=\"block-teaser-accordion-single__title h4\"><strong>Optimum hijyen<\/strong><\/h3>\n\t\t\t\t\t\t\t\t\t\t\t<\/div>\n\t\t\t\t\t\n\t\t\t\t\t<div class=\"block-teaser-accordion-single__content\">\n\t\t\t\t\t\t\t\t\t\t\t<p>G\u00fcnl\u00fck tek kullan\u0131ml\u0131k lensler, paketi a\u00e7t\u0131ktan hemen sonra takt\u0131\u011f\u0131n\u0131z ve ayn\u0131 g\u00fcn i\u00e7inde att\u0131\u011f\u0131n\u0131z i\u00e7in \u00f6zellikle hijyeniktir. Bu, toz ve kiri g\u00f6zlerinizden uzak tutman\u0131n en iyi yoludur. <\/p>\n\t\t\t\t\t\t\t\t\t\t<\/div>\n\t\t\t\t<\/div>\n\t\t\t<\/div>\n\t\t<\/div>\n\t\t\t<div  class=\"block-teaser-accordion-single\">\n\n\t\t\t<div class=\"block-teaser-accordion-single__wrapper\">\n\n\t\t\t\t\t\t\t\t<div class=\"block-teaser-accordion-single__row\">\n\t\t\t\t\t\t\t\t\t\t\t<div class=\"block-teaser-accordion-single__img-wrapper\">\n\t\t\t\t\t\t\t<img loading=\"lazy\" decoding=\"async\" width=\"35\" height=\"35\" src=\"https:\/\/www.binder-optik.de\/wp-content\/uploads\/2023\/09\/netto-icons_running.svg\" class=\"attachment-teaser-big size-teaser-big\" alt=\"Binder Optik\" data-object-fit=\"\" title=\"\">\t\t\t\t\t\t<\/div>\t\t\t\n\t\t\t\t\t\t\t\t\t\t<div class=\"block-teaser-accordion-single__header\">\t\n\t\t\t\t\t\t\t\t\t\t\t\t\t<h3 class=\"block-teaser-accordion-single__title h4\"><strong>Spor i\u00e7in m\u00fckemmel<\/strong><\/h3>\n\t\t\t\t\t\t\t\t\t\t\t<\/div>\n\t\t\t\t\t\n\t\t\t\t\t<div class=\"block-teaser-accordion-single__content\">\n\t\t\t\t\t\t\t\t\t\t\t<p>Asl\u0131nda g\u00f6zl\u00fck kullan\u0131yorsunuz, ancak spor i\u00e7in zaman zaman kontakt lens kullanmak m\u0131 istiyorsunuz? O halde g\u00fcnl\u00fck tek kullan\u0131ml\u0131k lensler sizin i\u00e7in do\u011fru \u00e7\u00f6z\u00fcmd\u00fcr. <\/p>\n\t\t\t\t\t\t\t\t\t\t<\/div>\n\t\t\t\t<\/div>\n\t\t\t<\/div>\n\t\t<\/div>\n\t\t\t<div  class=\"block-teaser-accordion-single\">\n\n\t\t\t<div class=\"block-teaser-accordion-single__wrapper\">\n\n\t\t\t\t\t\t\t\t<div class=\"block-teaser-accordion-single__row\">\n\t\t\t\t\t\t\t\t\t\t\t<div class=\"block-teaser-accordion-single__img-wrapper\">\n\t\t\t\t\t\t\t<img loading=\"lazy\" decoding=\"async\" width=\"35\" height=\"35\" src=\"https:\/\/www.binder-optik.de\/wp-content\/uploads\/2023\/09\/netto-icons_handhabung.svg\" class=\"attachment-teaser-big size-teaser-big\" alt=\"Binder Optik\" data-object-fit=\"\" title=\"\">\t\t\t\t\t\t<\/div>\t\t\t\n\t\t\t\t\t\t\t\t\t\t<div class=\"block-teaser-accordion-single__header\">\t\n\t\t\t\t\t\t\t\t\t\t\t\t\t<h3 class=\"block-teaser-accordion-single__title h4\"><strong>Kolay kullan\u0131m<\/strong><\/h3>\n\t\t\t\t\t\t\t\t\t\t\t<\/div>\n\t\t\t\t\t\n\t\t\t\t\t<div class=\"block-teaser-accordion-single__content\">\n\t\t\t\t\t\t\t\t\t\t\t<p>G\u00fcnl\u00fck tek kullan\u0131ml\u0131k lenslerinizi gerekti\u011fi gibi tak\u0131n ve net g\u00f6r\u00fc\u015f\u00fcn keyfini \u00e7\u0131kar\u0131n. Kulland\u0131ktan sonra lensleri atman\u0131z yeterlidir &#8211; iyi g\u00f6r\u00fc\u015f bu kadar basit olabilir! <\/p>\n\t\t\t\t\t\t\t\t\t\t<\/div>\n\t\t\t\t<\/div>\n\t\t\t<\/div>\n\t\t<\/div>\n\t\t\t<div  class=\"block-teaser-accordion-single\">\n\n\t\t\t<div class=\"block-teaser-accordion-single__wrapper\">\n\n\t\t\t\t\t\t\t\t<div class=\"block-teaser-accordion-single__row\">\n\t\t\t\t\t\t\t\t\t\t\t<div class=\"block-teaser-accordion-single__img-wrapper\">\n\t\t\t\t\t\t\t<img loading=\"lazy\" decoding=\"async\" width=\"35\" height=\"35\" src=\"https:\/\/www.binder-optik.de\/wp-content\/uploads\/2023\/10\/netto-icons_lightbulb.svg\" class=\"attachment-teaser-big size-teaser-big\" alt=\"Binder Optik\" data-object-fit=\"\" title=\"\">\t\t\t\t\t\t<\/div>\t\t\t\n\t\t\t\t\t\t\t\t\t\t<div class=\"block-teaser-accordion-single__header\">\t\n\t\t\t\t\t\t\t\t\t\t\t\t\t<h3 class=\"block-teaser-accordion-single__title h4\"><strong>Spontanite<\/strong><\/h3>\n\t\t\t\t\t\t\t\t\t\t\t<\/div>\n\t\t\t\t\t\n\t\t\t\t\t<div class=\"block-teaser-accordion-single__content\">\n\t\t\t\t\t\t\t\t\t\t\t<p>Sadece spontane mi olmak istiyorsunuz? G\u00fcnl\u00fck tek kullan\u0131ml\u0131k lenslerle hi\u00e7 sorun de\u011fil! \u00c7\u00fcnk\u00fc bu pratik g\u00f6rsel yard\u0131mc\u0131lar\u0131 her zaman yan\u0131n\u0131zda ta\u015f\u0131yabilir ve ihtiya\u00e7 duydu\u011funuzda spontane olarak kullanabilirsiniz.  <\/p>\n\t\t\t\t\t\t\t\t\t\t<\/div>\n\t\t\t\t<\/div>\n\t\t\t<\/div>\n\t\t<\/div>\n\t\t\t<div  class=\"block-teaser-accordion-single\">\n\n\t\t\t<div class=\"block-teaser-accordion-single__wrapper\">\n\n\t\t\t\t\t\t\t\t<div class=\"block-teaser-accordion-single__row\">\n\t\t\t\t\t\t\t\t\t\t\t<div class=\"block-teaser-accordion-single__img-wrapper\">\n\t\t\t\t\t\t\t<img loading=\"lazy\" decoding=\"async\" width=\"35\" height=\"35\" src=\"https:\/\/www.binder-optik.de\/wp-content\/uploads\/2023\/09\/netto-icons_smiley-02.svg\" class=\"attachment-teaser-big size-teaser-big\" alt=\"Binder Optik\" data-object-fit=\"\" title=\"\">\t\t\t\t\t\t<\/div>\t\t\t\n\t\t\t\t\t\t\t\t\t\t<div class=\"block-teaser-accordion-single__header\">\t\n\t\t\t\t\t\t\t\t\t\t\t\t\t<h3 class=\"block-teaser-accordion-single__title h4\"><strong>Y\u00fcksek kullan\u0131m konforu<\/strong><\/h3>\n\t\t\t\t\t\t\t\t\t\t\t<\/div>\n\t\t\t\t\t\n\t\t\t\t\t<div class=\"block-teaser-accordion-single__content\">\n\t\t\t\t\t\t\t\t\t\t\t<p>G\u00fcnl\u00fck tek kullan\u0131ml\u0131k lensler geleneksel kontakt lenslerden daha incedir &#8211; o kadar incedir ki takt\u0131\u011f\u0131n\u0131zda muhtemelen hissetmezsiniz bile.<\/p>\n\t\t\t\t\t\t\t\t\t\t<\/div>\n\t\t\t\t<\/div>\n\t\t\t<\/div>\n\t\t<\/div>\n\t\t\t<div  class=\"block-teaser-accordion-single\">\n\n\t\t\t<div class=\"block-teaser-accordion-single__wrapper\">\n\n\t\t\t\t\t\t\t\t<div class=\"block-teaser-accordion-single__row\">\n\t\t\t\t\t\t\t\t\t\t\t<div class=\"block-teaser-accordion-single__img-wrapper\">\n\t\t\t\t\t\t\t<img loading=\"lazy\" decoding=\"async\" width=\"35\" height=\"35\" src=\"https:\/\/www.binder-optik.de\/wp-content\/uploads\/2023\/10\/icon_reinigung.svg\" class=\"attachment-teaser-big size-teaser-big\" alt=\"Binder Optik\" data-object-fit=\"\" title=\"\">\t\t\t\t\t\t<\/div>\t\t\t\n\t\t\t\t\t\t\t\t\t\t<div class=\"block-teaser-accordion-single__header\">\t\n\t\t\t\t\t\t\t\t\t\t\t\t\t<h3 class=\"block-teaser-accordion-single__title h4\"><strong>Temizlik yok<\/strong><\/h3>\n\t\t\t\t\t\t\t\t\t\t\t<\/div>\n\t\t\t\t\t\n\t\t\t\t\t<div class=\"block-teaser-accordion-single__content\">\n\t\t\t\t\t\t\t\t\t\t\t<p>Kontakt lenslerinizi her ak\u015fam temizlemek istemiyor musunuz? G\u00fcnl\u00fck tek kullan\u0131ml\u0131k lensler, takt\u0131ktan sonra kolayca atabilece\u011finiz tek kullan\u0131ml\u0131k lenslerdir. Ertesi g\u00fcn, yeni lensleri tekrar takman\u0131z yeterlidir.  <\/p>\n\t\t\t\t\t\t\t\t\t\t<\/div>\n\t\t\t\t<\/div>\n\t\t\t<\/div>\n\t\t<\/div>\n\t\t<\/div>\n\n\n\n<div class=\"wp-block-custom-spacing spacing-element spacing-mobile--small spacing-tablet--small spacing-small-desktop--small spacing-desktop--small\"><\/div>\n<\/div><\/div><\/section>\n\n<section class=\"wp-block-custom-container alignwide block-content  block-content--spacing-top block-content--spacing-bottom\"><div class=\"container container--wide\"><div class=\"container__body\">\n<div class=\"wp-block-media-text alignwide has-media-on-the-right is-stacked-on-mobile\"><div class=\"wp-block-media-text__content\">\n<div class=\"wp-block-custom-spacing spacing-element spacing-mobile--small spacing-tablet--none spacing-small-desktop--none spacing-desktop--none\"><\/div>\n\n\n\n<h2 class=\"wp-block-heading\">G\u00fcnl\u00fck tek kullan\u0131ml\u0131k lenslerinizi <strong>d\u00fczenli olarak evinize teslim al\u0131n <\/strong><\/h2>\n\n\n\n<p>G\u00fcnl\u00fck tek kullan\u0131ml\u0131k lensler son derece pratiktir &#8211; ancak ne yaz\u0131k ki tedarik her zaman t\u00fckenir. BINOP LENS H\u0130ZMET\u0130M\u0130Z ile g\u00fcnl\u00fck tek kullan\u0131ml\u0131k lenslerinizin d\u00fczenli aral\u0131klarla evinize teslim edilmesini sa\u011flayabilirsiniz. Bu hizmet sizin i\u00e7in \u00fccretsiz, kullan\u0131\u015fl\u0131 ve esnektir &#8211; ve s\u00f6zle\u015fme herhangi bir zamanda iptal edilebilir.  <\/p>\n\n\n\n<div class=\"wp-block-custom-spacing spacing-element spacing-mobile--small spacing-tablet--small spacing-small-desktop--none spacing-desktop--none\"><\/div>\n<\/div><figure class=\"wp-block-media-text__media\"><img loading=\"lazy\" decoding=\"async\" width=\"697\" height=\"539\" src=\"https:\/\/www.binder-optik.de\/wp-content\/uploads\/2023\/08\/kontaktlinsenabo-2.jpg\" alt=\"Binder Optik\" class=\"wp-image-3268 size-full\" title=\"\" srcset=\"https:\/\/www.binder-optik.de\/wp-content\/uploads\/2023\/08\/kontaktlinsenabo-2.jpg 697w, https:\/\/www.binder-optik.de\/wp-content\/uploads\/2023\/08\/kontaktlinsenabo-2-300x232.jpg 300w, https:\/\/www.binder-optik.de\/wp-content\/uploads\/2023\/08\/kontaktlinsenabo-2-524x405.jpg 524w\" sizes=\"auto, (max-width: 697px) 100vw, 697px\" \/><\/figure><\/div>\n<\/div><\/div><\/section>\n\n<section class=\"wp-block-custom-container alignwide block-content\"><div class=\"container container--wide\"><div class=\"container__body\">\n<h2 class=\"wp-block-heading\">\u00dccretsiz <strong>deneme a\u015f\u0131nmas\u0131<\/strong><\/h2>\n\n\n\n<p>G\u00f6zl\u00fckten kontakt lense ge\u00e7meyi mi d\u00fc\u015f\u00fcn\u00fcyorsunuz? Ya da g\u00f6zl\u00fcklerinize ek olarak kontakt lens mi takmak istiyorsunuz? Yerel Binder Optik uzman ma\u011fazan\u0131zdan bir randevu al\u0131n ve ki\u015fiselle\u015ftirilmi\u015f tavsiye al\u0131n. Ayr\u0131ca kontakt lensleri bizzat takma hissini ya\u015famak i\u00e7in \u00fccretsiz olarak deneyebilirsiniz.   <\/p>\n<\/div><\/div><\/section>\n\n<section class=\"wp-block-custom-container alignwide block-content  block-content--spacing-top block-content--spacing-bottom\"><div class=\"container container--wide\"><div class=\"container__body\">\n<section class=\"wp-block-custom-container alignwide block-content  has-gelb-background-color\" style=\"background-color:#FFFF00\"><div class=\"container container--wide\"><div class=\"container__body\"><style>.wp-block-columns.are-vertically-aligned-center{gap:1em;margin-bottom:.5rem}@media (min-width: 992px){.wp-block-columns.are-vertically-aligned-center{margin-bottom:1rem}}.wp-block-columns.are-vertically-aligned-center :last-child{margin-bottom:0}.wp-block-columns.are-vertically-aligned-center figure{margin-bottom:0}.wp-block-columns.no-margin{margin-bottom:0 !important}@media (max-width: 991px){.wp-block-columns.hide-mobile{display:none}}:where(.wp-block-columns.is-layout-flex){gap:1em}\n<\/style>\n<div class=\"wp-block-columns are-vertically-aligned-center is-layout-flex wp-container-core-columns-is-layout-1 wp-block-columns-is-layout-flex\">\n<div class=\"wp-block-column is-vertically-aligned-center is-layout-flow wp-block-column-is-layout-flow\" style=\"flex-basis:66.66%\">\n<h2 class=\"wp-block-heading\"><strong>B\u00fclten kayd\u0131<\/strong><\/h2>\n\n\n\n<p>Haber b\u00fcltenine \u015fimdi abone olun ve 20 Euro de\u011ferinde Binder Optik al\u0131\u015fveri\u015f \u00e7eki kazan\u0131n.<\/p>\n\n\n\n<div class=\"wp-block-buttons is-layout-flex wp-block-buttons-is-layout-flex\"><style>.wp-block-button{margin:0 0 3rem}.wp-block-button:last-child,.wp-block-button:only-child{margin-bottom:0}.wp-block-button.align-center{text-align:center}.wp-block-button.align-right{text-align:right}.wp-block-columns+.wp-block-button{margin-top:6.3rem}.wp-block-button__link{display:inline-block;padding:1.8rem 1.8rem;font-weight:600;text-align:center;text-decoration:none;color:#2B2E34;border:2px solid #FFFA00;border-radius:.5rem;background-color:#FFFA00;cursor:pointer;font-size:1.6rem;line-height:1}@media (min-width: 1380px){.wp-block-button__link{padding:1.8rem 3.8rem;font-size:1.8rem;line-height:1}}.wp-block-button:not(.is-style-link-only):not(.is-style-outline):not(.is-style-fill-secondary) .wp-block-button__link{position:relative}.wp-block-button:not(.is-style-link-only):not(.is-style-outline):not(.is-style-fill-secondary) .wp-block-button__link:hover,.wp-block-button:not(.is-style-link-only):not(.is-style-outline):not(.is-style-fill-secondary) .wp-block-button__link:focus{color:#fff;border-color:#00597E;background-color:#00597E}.wp-block-button .wp-block-button__link{transition:.2s}.is-style-fill-secondary .wp-block-button__link{color:#fff;border-color:#00597E;background-color:#00597E}.is-style-fill-secondary .wp-block-button__link:hover,.is-style-fill-secondary .wp-block-button__link:focus{color:#2B2E34;border-color:#FFFA00;background-color:#FFFA00}.is-style-outline .wp-block-button__link{padding:1.8rem 1.8rem !important;color:#00597E !important;border-color:#00597E;background-color:transparent}@media (min-width: 1380px){.is-style-outline .wp-block-button__link{padding:1.8rem 3.8rem !important}}.is-style-outline .wp-block-button__link:hover,.is-style-outline .wp-block-button__link:focus{color:#fff !important;border-color:#00597E !important;background-color:#00597E !important}.is-style-link-only .wp-block-button__link{min-width:0;padding:0;padding-right:2rem;position:relative;font-weight:600;color:#00597E;letter-spacing:0;text-transform:none;border:none;background-color:transparent;transition:color .2s,text-decoration-color .2s;font-size:1.8rem;line-height:1}.is-style-link-only .wp-block-button__link::after{content:'';display:inline-block;width:8px;height:13px;position:absolute;top:50%;right:0;transform:translate(0, -50%);background-image:url(\"https:\/\/www.binder-optik.de\/wp-content\/themes\/ATLAS\/images\/svg\/button_arrow-right_secondary.svg\");background-repeat:no-repeat;background-size:contain;transition:right 0.2s}.is-style-link-only .wp-block-button__link:hover::after,.is-style-link-only .wp-block-button__link:focus::after{right:-5px}\n<\/style>\n<div class=\"wp-block-button is-style-fill-secondary\"><a class=\"wp-block-button__link wp-element-button\" href=\"https:\/\/www.binder-optik.de\/tr\/buelten-kaydi\/\">Kay\u0131t i\u00e7in<\/a><\/div>\n<\/div>\n<\/div>\n\n\n\n<div class=\"wp-block-column is-vertically-aligned-center is-layout-flow wp-block-column-is-layout-flow\" style=\"flex-basis:33.33%\"><style>.wp-block-image.alignright{margin:0 !important}.wp-block-image.alignleft{float:none !important}.wp-block-image .wp-element-caption{text-align:left}\n<\/style>\n<figure class=\"wp-block-image size-full\"><img loading=\"lazy\" decoding=\"async\" width=\"902\" height=\"625\" src=\"https:\/\/www.binder-optik.de\/wp-content\/uploads\/2025\/05\/2023_10_05-Newsletter-Anmeldung_433x300-1_EN.jpg\" alt=\"Binder Optik\" class=\"wp-image-19189\" title=\"\" srcset=\"https:\/\/www.binder-optik.de\/wp-content\/uploads\/2025\/05\/2023_10_05-Newsletter-Anmeldung_433x300-1_EN.jpg 902w, https:\/\/www.binder-optik.de\/wp-content\/uploads\/2025\/05\/2023_10_05-Newsletter-Anmeldung_433x300-1_EN-300x208.jpg 300w, https:\/\/www.binder-optik.de\/wp-content\/uploads\/2025\/05\/2023_10_05-Newsletter-Anmeldung_433x300-1_EN-768x532.jpg 768w, https:\/\/www.binder-optik.de\/wp-content\/uploads\/2025\/05\/2023_10_05-Newsletter-Anmeldung_433x300-1_EN-524x363.jpg 524w\" sizes=\"auto, (max-width: 902px) 100vw, 902px\" \/><\/figure>\n<\/div>\n<\/div>\n<\/div><\/div><\/section>\n<\/div><\/div><\/section>\n","protected":false},"excerpt":{"rendered":"","protected":false},"author":14,"featured_media":0,"parent":18878,"menu_order":0,"comment_status":"closed","ping_status":"closed","template":"","meta":{"_acf_changed":false,"footnotes":""},"class_list":["post-18806","page","type-page","status-publish","hentry"],"acf":[],"publishpress_future_action":{"enabled":false,"date":"2026-05-09 14:17:11","action":"change-status","newStatus":"draft","terms":[],"taxonomy":"translation_priority","extraData":[]},"publishpress_future_workflow_manual_trigger":{"enabledWorkflows":[]},"_links":{"self":[{"href":"https:\/\/www.binder-optik.de\/tr\/wp-json\/wp\/v2\/pages\/18806","targetHints":{"allow":["GET"]}}],"collection":[{"href":"https:\/\/www.binder-optik.de\/tr\/wp-json\/wp\/v2\/pages"}],"about":[{"href":"https:\/\/www.binder-optik.de\/tr\/wp-json\/wp\/v2\/types\/page"}],"author":[{"embeddable":true,"href":"https:\/\/www.binder-optik.de\/tr\/wp-json\/wp\/v2\/users\/14"}],"replies":[{"embeddable":true,"href":"https:\/\/www.binder-optik.de\/tr\/wp-json\/wp\/v2\/comments?post=18806"}],"version-history":[{"count":1,"href":"https:\/\/www.binder-optik.de\/tr\/wp-json\/wp\/v2\/pages\/18806\/revisions"}],"predecessor-version":[{"id":18808,"href":"https:\/\/www.binder-optik.de\/tr\/wp-json\/wp\/v2\/pages\/18806\/revisions\/18808"}],"up":[{"embeddable":true,"href":"https:\/\/www.binder-optik.de\/tr\/wp-json\/wp\/v2\/pages\/18878"}],"wp:attachment":[{"href":"https:\/\/www.binder-optik.de\/tr\/wp-json\/wp\/v2\/media?parent=18806"}],"curies":[{"name":"wp","href":"https:\/\/api.w.org\/{rel}","templated":true}]}}