{"id":18755,"date":"2023-08-31T13:30:24","date_gmt":"2023-08-31T11:30:24","guid":{"rendered":"https:\/\/www.binder-optik.de\/aylik-lensler\/"},"modified":"2025-04-17T12:16:50","modified_gmt":"2025-04-17T10:16:50","slug":"aylik-lensler","status":"publish","type":"page","link":"https:\/\/www.binder-optik.de\/tr\/ueruenler\/kontakt-lensler\/aylik-lensler\/","title":{"rendered":"Ayl\u0131k lensler"},"content":{"rendered":"\n<section class=\"wp-block-custom-container alignwide block-content  block-content--spacing-top block-content--margin-top\"><style>.block-content{position:relative}.block-content--spacing-top{padding-top:2rem}@media (min-width: 992px){.block-content--spacing-top{padding-top:4rem}}.block-content--spacing-bottom{padding-bottom:2rem}@media (min-width: 992px){.block-content--spacing-bottom{padding-bottom:4rem}}.block-content--margin-top{margin-top:2rem}@media (min-width: 992px){.block-content--margin-top{margin-top:4rem}}.block-content--margin-bottom{margin-bottom:2rem}@media (min-width: 992px){.block-content--margin-bottom{margin-bottom:4rem}}.block-content.z-index{position:relative;z-index:2}.block-content .container{position:relative;z-index:1}.block-content .container--full{padding:0}.block-content .container .container{padding:2rem}@media (min-width: 992px){.block-content .container .container{padding:4rem}}.block-content .container-overlay{position:absolute;z-index:0;top:0;right:0;bottom:0;left:0}.block-content.career-container{margin-top:-8rem;z-index:2;pointer-events:none}.block-content.career-container .block-content{pointer-events:all;-webkit-box-shadow:0px 0px 15px 5px rgba(0,0,0,0.1);box-shadow:0px 0px 15px 5px rgba(0,0,0,0.1)}.block-content.career-container .wp-block-custom-column{margin-bottom:0}\n<\/style><div class=\"container container--wide\"><div class=\"container__body\">\n<h1 class=\"wp-block-heading\">Ayl\u0131k lensler<\/h1>\n<\/div><\/div><\/section>\n\n<section class=\"wp-block-custom-container alignwide block-content  block-content--spacing-top block-content--spacing-bottom\"><div class=\"container container--wide\"><div class=\"container__body\"><style>@media (max-width: 767px){.wp-block-media-text.is-stacked-on-mobile{grid-template-columns:100% !important}.wp-block-media-text.is-stacked-on-mobile .wp-block-media-text__media{grid-column:1;grid-row:1}.wp-block-media-text.is-stacked-on-mobile .wp-block-media-text__content{grid-column:1;grid-row:2}}.wp-block-media-text .wp-block-media-text__content{padding:0;padding-left:2rem}@media (min-width: 1024px){.wp-block-media-text .wp-block-media-text__content{padding-left:6rem}}@media (max-width: 767px){.wp-block-media-text .wp-block-media-text__content{padding:0}}.wp-block-media-text.has-media-on-the-right .wp-block-media-text__content{padding:0;padding-left:unset;padding-right:2rem}@media (min-width: 1024px){.wp-block-media-text.has-media-on-the-right .wp-block-media-text__content{padding-right:6rem}}@media (max-width: 767px){.wp-block-media-text.has-media-on-the-right .wp-block-media-text__content{padding:0}}.wp-block-media-text .wp-block-media-text__media{height:unset;overflow:hidden;aspect-ratio:1 \/ 1}.wp-block-media-text .wp-block-media-text__media img{width:100%;height:100%;object-fit:cover}.wp-block-media-text.is-image-fill .wp-block-media-text__media{height:unset;min-height:unset}.wp-block-media-text.is-image-fill img{object-fit:cover}\n<\/style>\n<div class=\"wp-block-media-text alignwide is-stacked-on-mobile\"><figure class=\"wp-block-media-text__media\"><img loading=\"lazy\" decoding=\"async\" width=\"783\" height=\"538\" src=\"https:\/\/www.binder-optik.de\/wp-content\/uploads\/2023\/08\/linsen3.jpg\" alt=\"Binder Optik\" class=\"wp-image-3308 size-full\" title=\"\" srcset=\"https:\/\/www.binder-optik.de\/wp-content\/uploads\/2023\/08\/linsen3.jpg 783w, https:\/\/www.binder-optik.de\/wp-content\/uploads\/2023\/08\/linsen3-300x206.jpg 300w, https:\/\/www.binder-optik.de\/wp-content\/uploads\/2023\/08\/linsen3-768x528.jpg 768w, https:\/\/www.binder-optik.de\/wp-content\/uploads\/2023\/08\/linsen3-524x360.jpg 524w\" sizes=\"auto, (max-width: 783px) 100vw, 783px\" \/><\/figure><div class=\"wp-block-media-text__content\">\n<div class=\"wp-block-custom-spacing spacing-element spacing-mobile--small spacing-tablet--none spacing-small-desktop--none spacing-desktop--none\"><\/div>\n\n\n\n<h2 class=\"wp-block-heading\"><strong>Ayl\u0131k tek kullan\u0131ml\u0131k lensler<\/strong> nedir <strong>?<\/strong><\/h2>\n\n\n\n<p>Ayl\u0131k lensler en s\u0131k tak\u0131lan kontakt lens t\u00fcr\u00fcd\u00fcr. Bunlar 14 g\u00fcnl\u00fck kontakt lenslerle ayn\u0131 \u015fekilde kullan\u0131l\u0131r: ak\u015famlar\u0131 g\u00f6zden \u00e7\u0131kar\u0131l\u0131r ve bir kap i\u00e7inde gece boyunca temizlenir ve dezenfekte edilir. 4 hafta sonra yeni lenslerle de\u011fi\u015ftirilmelidirler. Ayl\u0131k tek kullan\u0131ml\u0131k lensler esnektir ve kornean\u0131z\u0131n \u015fekline uyum sa\u011flar. Bu nedenle kullan\u0131mlar\u0131 son derece rahatt\u0131r.    <\/p>\n\n\n\n<div class=\"wp-block-custom-spacing spacing-element spacing-mobile--small spacing-tablet--small spacing-small-desktop--none spacing-desktop--none\"><\/div>\n<\/div><\/div>\n<\/div><\/div><\/section>\n\n<section class=\"wp-block-custom-container alignwide block-content has-grau-background-color block-content--spacing-top\" style=\"background-color:#f5f5f5\"><div class=\"container container--wide\"><div class=\"container__body\">\n<h2 class=\"wp-block-heading\">Ayl\u0131k lens<strong>lerin avantajlar\u0131<\/strong> <\/h2>\n\n\n\n<p>Binder Optik adresinde ayl\u0131k lenslerimizle a\u015fa\u011f\u0131daki avantajlardan yararlanabilirsiniz:<\/p>\n\n\n\n<div class=\"wp-block-custom-spacing spacing-element spacing-mobile--small spacing-tablet--small spacing-small-desktop--small spacing-desktop--small\"><\/div>\n\n\n\t<div class=\"acf-block block-teaser-accordion align\">\n\t\t<div  class=\"block-teaser-accordion-single\">\n\n\t\t\t<div class=\"block-teaser-accordion-single__wrapper\">\n\n\t\t\t\t<style>.block-teaser-accordion{display:flex;flex-flow:row wrap;margin:0 -10px}.block-teaser-accordion-single{width:100%;padding:0 10px;margin-bottom:2rem}@media (min-width: 1024px){.block-teaser-accordion-single{width:50%}}@media (min-width: 1380px){.block-teaser-accordion-single{width:33.33%;margin-bottom:2rem}}.block-teaser-accordion-single__wrapper{position:relative;display:block !important;min-height:100%;-webkit-box-shadow:0px 0px 15px 5px rgba(0,0,0,0.075);box-shadow:0px 0px 15px 5px rgba(0,0,0,0.075);overflow:hidden;padding:2.5rem 2rem}@media (min-width: 1200px){.block-teaser-accordion-single__wrapper{padding:3rem 2rem 2rem}}@media (min-width: 1380px){.block-teaser-accordion-single__wrapper{padding:4rem 3rem 3rem}}.block-teaser-accordion-single:nth-child(4n+1) .block-teaser-accordion-single__wrapper{background-color:#fde4d3}.block-teaser-accordion-single:nth-child(4n+2) .block-teaser-accordion-single__wrapper{background-color:#f9f09b}.block-teaser-accordion-single:nth-child(4n+3) .block-teaser-accordion-single__wrapper{background-color:#96cfbf}.block-teaser-accordion-single:nth-child(4n+4) .block-teaser-accordion-single__wrapper{background-color:#a5d6e3}.block-teaser-accordion-single__row{position:relative;display:flex;flex-wrap:wrap;z-index:1}.block-teaser-accordion-single__header{position:relative;width:100%}.block-teaser-accordion-single__header::after{content:'';display:block;width:22px;height:22px;position:absolute;top:calc(50% - 2.5rem);right:5px;transform:rotate(135deg) translateY(-50%);border:2px solid #2B2E34;border-width:2px 2px 0 0;transition:all .2s linear}@media (min-width: 1024px){.block-teaser-accordion-single__header::after{display:none}}.block-teaser-accordion-single__header.active::after{transform:rotate(-45deg) translateY(50%);margin-top:12px}.block-teaser-accordion-single__title{text-decoration:2px underline transparent;text-underline-offset:4px;transition:0.2s ease;hyphens:auto;cursor:pointer;padding-right:4rem}@media (min-width: 1024px){.block-teaser-accordion-single__title{cursor:unset;padding-right:0}}.block-teaser-accordion-single__img-wrapper{flex:0 0 100%;display:flex;justify-content:center;align-items:center;width:3rem;height:3rem;max-width:3rem;max-height:3rem;margin-bottom:1rem;text-align:center}@media (min-width: 1024px){.block-teaser-accordion-single__img-wrapper{width:5rem;height:5rem;max-width:5rem;max-height:5rem;margin-bottom:2rem}}.block-teaser-accordion-single__img-wrapper img{width:100%;height:100%;object-fit:contain}.block-teaser-accordion-single__content{display:none;flex:0 0 100%;max-width:100%;padding:2rem 0}@media (min-width: 1024px){.block-teaser-accordion-single__content{display:block !important}}\n<\/style>\t\t\t\t<div class=\"block-teaser-accordion-single__row\">\n\t\t\t\t\t\t\t\t\t\t\t<div class=\"block-teaser-accordion-single__img-wrapper\">\n\t\t\t\t\t\t\t<img loading=\"lazy\" decoding=\"async\" width=\"35\" height=\"35\" src=\"https:\/\/www.binder-optik.de\/wp-content\/uploads\/2023\/09\/netto-icons_smiley-02.svg\" class=\"attachment-teaser-big size-teaser-big\" alt=\"Binder Optik\" data-object-fit=\"\" title=\"\">\t\t\t\t\t\t<\/div>\t\t\t\n\t\t\t\t\t\t\t\t\t\t<div class=\"block-teaser-accordion-single__header\">\t\n\t\t\t\t\t\t\t\t\t\t\t\t\t<h3 class=\"block-teaser-accordion-single__title h4\"><strong>Y\u00fcksek kullan\u0131m konforu<\/strong><\/h3>\n\t\t\t\t\t\t\t\t\t\t\t<\/div>\n\t\t\t\t\t\n\t\t\t\t\t<div class=\"block-teaser-accordion-single__content\">\n\t\t\t\t\t\t\t\t\t\t\t<p>Oksijen ge\u00e7irgen malzeme sayesinde, ayl\u0131k kullan-at kontakt lenslerle en \u00fcst d\u00fczeyde konforun keyfini \u00e7\u0131karabilirsiniz.<\/p>\n\t\t\t\t\t\t\t\t\t\t<\/div>\n\t\t\t\t<\/div>\n\t\t\t<\/div>\n\t\t<\/div>\n\t\t\t<div  class=\"block-teaser-accordion-single\">\n\n\t\t\t<div class=\"block-teaser-accordion-single__wrapper\">\n\n\t\t\t\t\t\t\t\t<div class=\"block-teaser-accordion-single__row\">\n\t\t\t\t\t\t\t\t\t\t\t<div class=\"block-teaser-accordion-single__img-wrapper\">\n\t\t\t\t\t\t\t<img loading=\"lazy\" decoding=\"async\" width=\"35\" height=\"35\" src=\"https:\/\/www.binder-optik.de\/wp-content\/uploads\/2023\/09\/netto-icons_thumbs-up.svg\" class=\"attachment-teaser-big size-teaser-big\" alt=\"Binder Optik\" data-object-fit=\"\" title=\"\">\t\t\t\t\t\t<\/div>\t\t\t\n\t\t\t\t\t\t\t\t\t\t<div class=\"block-teaser-accordion-single__header\">\t\n\t\t\t\t\t\t\t\t\t\t\t\t\t<h3 class=\"block-teaser-accordion-single__title h4\"><strong>Ayl\u0131k lensler &#8211; kullan\u0131\u015fl\u0131 ve karma\u015f\u0131k de\u011fil<\/strong><\/h3>\n\t\t\t\t\t\t\t\t\t\t\t<\/div>\n\t\t\t\t\t\n\t\t\t\t\t<div class=\"block-teaser-accordion-single__content\">\n\t\t\t\t\t\t\t\t\t\t\t<p>14 g\u00fcnl\u00fck lenslere benzer \u015fekilde, ayl\u0131k lensleri daha da uzun s\u00fcre takabilirsiniz.<\/p>\n\t\t\t\t\t\t\t\t\t\t<\/div>\n\t\t\t\t<\/div>\n\t\t\t<\/div>\n\t\t<\/div>\n\t\t\t<div  class=\"block-teaser-accordion-single\">\n\n\t\t\t<div class=\"block-teaser-accordion-single__wrapper\">\n\n\t\t\t\t\t\t\t\t<div class=\"block-teaser-accordion-single__row\">\n\t\t\t\t\t\t\t\t\t\t\t<div class=\"block-teaser-accordion-single__img-wrapper\">\n\t\t\t\t\t\t\t<img loading=\"lazy\" decoding=\"async\" width=\"35\" height=\"35\" src=\"https:\/\/www.binder-optik.de\/wp-content\/uploads\/2023\/09\/eye.svg\" class=\"attachment-teaser-big size-teaser-big\" alt=\"Binder Optik\" data-object-fit=\"\" title=\"\">\t\t\t\t\t\t<\/div>\t\t\t\n\t\t\t\t\t\t\t\t\t\t<div class=\"block-teaser-accordion-single__header\">\t\n\t\t\t\t\t\t\t\t\t\t\t\t\t<h3 class=\"block-teaser-accordion-single__title h4\"><strong>D\u00fc\u015f\u00fck lens t\u00fcketimi<\/strong><\/h3>\n\t\t\t\t\t\t\t\t\t\t\t<\/div>\n\t\t\t\t\t\n\t\t\t\t\t<div class=\"block-teaser-accordion-single__content\">\n\t\t\t\t\t\t\t\t\t\t\t<p>Ayl\u0131k lenslerle, \u00f6nemli \u00f6l\u00e7\u00fcde daha d\u00fc\u015f\u00fck lens t\u00fcketiminin de keyfini \u00e7\u0131kar\u0131rs\u0131n\u0131z: ayda sadece iki lens ve dolay\u0131s\u0131yla y\u0131lda sadece 24 lens kullan\u0131rs\u0131n\u0131z.<\/p>\n\t\t\t\t\t\t\t\t\t\t<\/div>\n\t\t\t\t<\/div>\n\t\t\t<\/div>\n\t\t<\/div>\n\t\t<\/div>\n\n\n\n<div class=\"wp-block-custom-spacing spacing-element spacing-mobile--small spacing-tablet--small spacing-small-desktop--small spacing-desktop--small\"><\/div>\n<\/div><\/div><\/section>\n\n<section class=\"wp-block-custom-container alignwide block-content  block-content--spacing-top block-content--spacing-bottom\"><div class=\"container container--wide\"><div class=\"container__body\">\n<div class=\"wp-block-media-text alignwide has-media-on-the-right is-stacked-on-mobile\"><div class=\"wp-block-media-text__content\">\n<div class=\"wp-block-custom-spacing spacing-element spacing-mobile--small spacing-tablet--none spacing-small-desktop--none spacing-desktop--none\"><\/div>\n\n\n\n<h2 class=\"wp-block-heading\">Ayl\u0131k lenslerinizi <strong>d\u00fczenli olarak evinize teslim <\/strong>al\u0131n<\/h2>\n\n\n\n<p>BINOP LENS H\u0130ZMET\u0130M\u0130Z bunu m\u00fcmk\u00fcn k\u0131l\u0131yor: Ayl\u0131k lenslerinizi d\u00fczenli aral\u0131klarla evinize rahat\u00e7a teslim ediyoruz. Avantajlar\u0131n\u0131z: \u0130lk tedarikte %50 indirim. Bu hizmet sizin i\u00e7in \u00fccretsiz, kullan\u0131\u015fl\u0131 ve esnektir &#8211; bir sonraki teslimat tarihine kadar 2 ayl\u0131k bir ihbar s\u00fcresiyle ve neden belirtmeden iptal edilebilir.  <\/p>\n\n\n\n<div class=\"wp-block-custom-spacing spacing-element spacing-mobile--small spacing-tablet--small spacing-small-desktop--none spacing-desktop--none\"><\/div>\n<\/div><figure class=\"wp-block-media-text__media\"><img loading=\"lazy\" decoding=\"async\" width=\"697\" height=\"539\" src=\"https:\/\/www.binder-optik.de\/wp-content\/uploads\/2023\/08\/kontaktlinsenabo-2.jpg\" alt=\"Binder Optik\" class=\"wp-image-3268 size-full\" title=\"\" srcset=\"https:\/\/www.binder-optik.de\/wp-content\/uploads\/2023\/08\/kontaktlinsenabo-2.jpg 697w, https:\/\/www.binder-optik.de\/wp-content\/uploads\/2023\/08\/kontaktlinsenabo-2-300x232.jpg 300w, https:\/\/www.binder-optik.de\/wp-content\/uploads\/2023\/08\/kontaktlinsenabo-2-524x405.jpg 524w\" sizes=\"auto, (max-width: 697px) 100vw, 697px\" \/><\/figure><\/div>\n<\/div><\/div><\/section>\n\n<section class=\"wp-block-custom-container alignwide block-content\"><div class=\"container container--wide\"><div class=\"container__body\">\n<h2 class=\"wp-block-heading\">Sizin i\u00e7in kontakt lens hizmetimiz: \u00dccretsiz <strong>deneme a\u015f\u0131nmas\u0131<\/strong><\/h2>\n\n\n\n<p>Kontakt lens sat\u0131n almay\u0131 d\u00fc\u015f\u00fcn\u00fcyorsan\u0131z veya sadece denemek istiyorsan\u0131z, Binder Optik \u00f6zel ma\u011fazalar\u0131m\u0131zdan birinde bizi ziyaret edebilirsiniz. Kontakt lenslerle kendinizi rahat hissedip hissetmedi\u011finizi ki\u015fisel bir kons\u00fcltasyonla ve \u00fccretsiz olarak ve herhangi bir y\u00fck\u00fcml\u00fcl\u00fck alt\u0131na girmeden deneyerek \u00f6\u011frenin. <\/p>\n<\/div><\/div><\/section>\n\n<section class=\"wp-block-custom-container alignwide block-content  block-content--spacing-top block-content--spacing-bottom\"><div class=\"container container--wide\"><div class=\"container__body\">\n<section class=\"wp-block-custom-container alignwide block-content  has-gelb-background-color\" style=\"background-color:#FFFF00\"><div class=\"container container--wide\"><div class=\"container__body\"><style>.wp-block-columns.are-vertically-aligned-center{gap:1em;margin-bottom:.5rem}@media (min-width: 992px){.wp-block-columns.are-vertically-aligned-center{margin-bottom:1rem}}.wp-block-columns.are-vertically-aligned-center :last-child{margin-bottom:0}.wp-block-columns.are-vertically-aligned-center figure{margin-bottom:0}.wp-block-columns.no-margin{margin-bottom:0 !important}@media (max-width: 991px){.wp-block-columns.hide-mobile{display:none}}:where(.wp-block-columns.is-layout-flex){gap:1em}\n<\/style>\n<div class=\"wp-block-columns are-vertically-aligned-center is-layout-flex wp-container-core-columns-is-layout-1 wp-block-columns-is-layout-flex\">\n<div class=\"wp-block-column is-vertically-aligned-center is-layout-flow wp-block-column-is-layout-flow\" style=\"flex-basis:66.66%\">\n<h2 class=\"wp-block-heading\"><strong>B\u00fclten kayd\u0131<\/strong><\/h2>\n\n\n\n<p>Haber b\u00fcltenine \u015fimdi abone olun ve 20 Euro de\u011ferinde Binder Optik al\u0131\u015fveri\u015f \u00e7eki kazan\u0131n.<\/p>\n\n\n\n<div class=\"wp-block-buttons is-layout-flex wp-block-buttons-is-layout-flex\"><style>.wp-block-button{margin:0 0 3rem}.wp-block-button:last-child,.wp-block-button:only-child{margin-bottom:0}.wp-block-button.align-center{text-align:center}.wp-block-button.align-right{text-align:right}.wp-block-columns+.wp-block-button{margin-top:6.3rem}.wp-block-button__link{display:inline-block;padding:1.8rem 1.8rem;font-weight:600;text-align:center;text-decoration:none;color:#2B2E34;border:2px solid #FFFA00;border-radius:.5rem;background-color:#FFFA00;cursor:pointer;font-size:1.6rem;line-height:1}@media (min-width: 1380px){.wp-block-button__link{padding:1.8rem 3.8rem;font-size:1.8rem;line-height:1}}.wp-block-button:not(.is-style-link-only):not(.is-style-outline):not(.is-style-fill-secondary) .wp-block-button__link{position:relative}.wp-block-button:not(.is-style-link-only):not(.is-style-outline):not(.is-style-fill-secondary) .wp-block-button__link:hover,.wp-block-button:not(.is-style-link-only):not(.is-style-outline):not(.is-style-fill-secondary) .wp-block-button__link:focus{color:#fff;border-color:#00597E;background-color:#00597E}.wp-block-button .wp-block-button__link{transition:.2s}.is-style-fill-secondary .wp-block-button__link{color:#fff;border-color:#00597E;background-color:#00597E}.is-style-fill-secondary .wp-block-button__link:hover,.is-style-fill-secondary .wp-block-button__link:focus{color:#2B2E34;border-color:#FFFA00;background-color:#FFFA00}.is-style-outline .wp-block-button__link{padding:1.8rem 1.8rem !important;color:#00597E !important;border-color:#00597E;background-color:transparent}@media (min-width: 1380px){.is-style-outline .wp-block-button__link{padding:1.8rem 3.8rem !important}}.is-style-outline .wp-block-button__link:hover,.is-style-outline .wp-block-button__link:focus{color:#fff !important;border-color:#00597E !important;background-color:#00597E !important}.is-style-link-only .wp-block-button__link{min-width:0;padding:0;padding-right:2rem;position:relative;font-weight:600;color:#00597E;letter-spacing:0;text-transform:none;border:none;background-color:transparent;transition:color .2s,text-decoration-color .2s;font-size:1.8rem;line-height:1}.is-style-link-only .wp-block-button__link::after{content:'';display:inline-block;width:8px;height:13px;position:absolute;top:50%;right:0;transform:translate(0, -50%);background-image:url(\"https:\/\/www.binder-optik.de\/wp-content\/themes\/ATLAS\/images\/svg\/button_arrow-right_secondary.svg\");background-repeat:no-repeat;background-size:contain;transition:right 0.2s}.is-style-link-only .wp-block-button__link:hover::after,.is-style-link-only .wp-block-button__link:focus::after{right:-5px}\n<\/style>\n<div class=\"wp-block-button is-style-fill-secondary\"><a class=\"wp-block-button__link wp-element-button\" href=\"https:\/\/www.binder-optik.de\/tr\/buelten-kaydi\/\">Kay\u0131t i\u00e7in<\/a><\/div>\n<\/div>\n<\/div>\n\n\n\n<div class=\"wp-block-column is-vertically-aligned-center is-layout-flow wp-block-column-is-layout-flow\" style=\"flex-basis:33.33%\"><style>.wp-block-image.alignright{margin:0 !important}.wp-block-image.alignleft{float:none !important}.wp-block-image .wp-element-caption{text-align:left}\n<\/style>\n<figure class=\"wp-block-image size-full\"><img loading=\"lazy\" decoding=\"async\" width=\"902\" height=\"625\" src=\"https:\/\/www.binder-optik.de\/wp-content\/uploads\/2025\/05\/2023_10_05-Newsletter-Anmeldung_433x300-1_EN.jpg\" alt=\"Binder Optik\" class=\"wp-image-19189\" title=\"\" srcset=\"https:\/\/www.binder-optik.de\/wp-content\/uploads\/2025\/05\/2023_10_05-Newsletter-Anmeldung_433x300-1_EN.jpg 902w, https:\/\/www.binder-optik.de\/wp-content\/uploads\/2025\/05\/2023_10_05-Newsletter-Anmeldung_433x300-1_EN-300x208.jpg 300w, https:\/\/www.binder-optik.de\/wp-content\/uploads\/2025\/05\/2023_10_05-Newsletter-Anmeldung_433x300-1_EN-768x532.jpg 768w, https:\/\/www.binder-optik.de\/wp-content\/uploads\/2025\/05\/2023_10_05-Newsletter-Anmeldung_433x300-1_EN-524x363.jpg 524w\" sizes=\"auto, (max-width: 902px) 100vw, 902px\" \/><\/figure>\n<\/div>\n<\/div>\n<\/div><\/div><\/section>\n<\/div><\/div><\/section>\n","protected":false},"excerpt":{"rendered":"","protected":false},"author":14,"featured_media":0,"parent":18878,"menu_order":0,"comment_status":"closed","ping_status":"closed","template":"","meta":{"_acf_changed":false,"footnotes":""},"class_list":["post-18755","page","type-page","status-publish","hentry"],"acf":[],"publishpress_future_action":{"enabled":false,"date":"2026-05-08 00:03:20","action":"change-status","newStatus":"draft","terms":[],"taxonomy":"translation_priority","extraData":[]},"publishpress_future_workflow_manual_trigger":{"enabledWorkflows":[]},"_links":{"self":[{"href":"https:\/\/www.binder-optik.de\/tr\/wp-json\/wp\/v2\/pages\/18755","targetHints":{"allow":["GET"]}}],"collection":[{"href":"https:\/\/www.binder-optik.de\/tr\/wp-json\/wp\/v2\/pages"}],"about":[{"href":"https:\/\/www.binder-optik.de\/tr\/wp-json\/wp\/v2\/types\/page"}],"author":[{"embeddable":true,"href":"https:\/\/www.binder-optik.de\/tr\/wp-json\/wp\/v2\/users\/14"}],"replies":[{"embeddable":true,"href":"https:\/\/www.binder-optik.de\/tr\/wp-json\/wp\/v2\/comments?post=18755"}],"version-history":[{"count":1,"href":"https:\/\/www.binder-optik.de\/tr\/wp-json\/wp\/v2\/pages\/18755\/revisions"}],"predecessor-version":[{"id":18759,"href":"https:\/\/www.binder-optik.de\/tr\/wp-json\/wp\/v2\/pages\/18755\/revisions\/18759"}],"up":[{"embeddable":true,"href":"https:\/\/www.binder-optik.de\/tr\/wp-json\/wp\/v2\/pages\/18878"}],"wp:attachment":[{"href":"https:\/\/www.binder-optik.de\/tr\/wp-json\/wp\/v2\/media?parent=18755"}],"curies":[{"name":"wp","href":"https:\/\/api.w.org\/{rel}","templated":true}]}}