{"id":18750,"date":"2023-08-31T13:41:40","date_gmt":"2023-08-31T11:41:40","guid":{"rendered":"https:\/\/www.binder-optik.de\/ofis-yoenetimi-asistani-olarak-ciraklik-egitimi-e-k-d\/"},"modified":"2025-04-17T10:52:26","modified_gmt":"2025-04-17T08:52:26","slug":"ofis-yoenetimi-asistani-olarak-ciraklik-egitimi-e-k-d","status":"publish","type":"page","link":"https:\/\/www.binder-optik.de\/tr\/kariyer\/ciraklik-egitimlerimiz\/ofis-yoenetimi-asistani-olarak-ciraklik-egitimi-e-k-d\/","title":{"rendered":"Ofis y\u00f6netimi asistan\u0131 olarak \u00e7\u0131rakl\u0131k e\u011fitimi (e\/k\/d)"},"content":{"rendered":"\n<section class=\"wp-block-custom-container alignwide block-content  block-content--spacing-bottom\"><style>.block-content{position:relative}.block-content--spacing-top{padding-top:2rem}@media (min-width: 992px){.block-content--spacing-top{padding-top:4rem}}.block-content--spacing-bottom{padding-bottom:2rem}@media (min-width: 992px){.block-content--spacing-bottom{padding-bottom:4rem}}.block-content--margin-top{margin-top:2rem}@media (min-width: 992px){.block-content--margin-top{margin-top:4rem}}.block-content--margin-bottom{margin-bottom:2rem}@media (min-width: 992px){.block-content--margin-bottom{margin-bottom:4rem}}.block-content.z-index{position:relative;z-index:2}.block-content .container{position:relative;z-index:1}.block-content .container--full{padding:0}.block-content .container .container{padding:2rem}@media (min-width: 992px){.block-content .container .container{padding:4rem}}.block-content .container-overlay{position:absolute;z-index:0;top:0;right:0;bottom:0;left:0}.block-content.career-container{margin-top:-8rem;z-index:2;pointer-events:none}.block-content.career-container .block-content{pointer-events:all;-webkit-box-shadow:0px 0px 15px 5px rgba(0,0,0,0.1);box-shadow:0px 0px 15px 5px rgba(0,0,0,0.1)}.block-content.career-container .wp-block-custom-column{margin-bottom:0}\n<\/style><div class=\"container container--wide\"><div class=\"container__body\"><section class=\"block-slider\">\n    <style>.block-slider{padding:0;position:relative;margin:0 0 2rem}@media (min-width: 1024px){.block-slider{margin:0 0 2rem}}@media (min-width: 1380px){.block-slider{margin:0}}@media (min-width: 1200px){.block-slider__wrapper--half-width .slick-dots{text-align:left}}@media (min-width: 1380px){.block-slider .slick-dots{bottom:15px}}@media (min-width: 1380px){.block-slider .slick-dots button{background-color:#fff}}.single-slide{position:relative}.single-slide:not(:first-child){display:none}.slick-initialized .single-slide{display:block}.single-slide::before{display:block;content:\"\";width:100%;padding-top:calc( (430 \/ 390) * 100%)}@media (min-width: 1024px){.single-slide::before{padding-top:calc( (610 \/ 1408) * 100%)}}.single-slide__wrapper{position:absolute;top:0;right:0;bottom:0;left:0}.single-slide__bg{position:absolute;top:0;right:0;bottom:0;left:0}.single-slide__bg--desktop{display:none}@media (min-width: 1024px){.single-slide__bg--desktop{display:block;height:100%}}.single-slide__bg--mobile{display:block;height:100%}@media (min-width: 1024px){.single-slide__bg--mobile{display:none}}.single-slide__bg img{width:100%;height:100%;object-fit:cover}.single-slide__bg.video{min-height:100%}.single-slide__bg-vid{min-height:100%;position:relative;overflow:hidden}.single-slide__bg-video,.single-slide__bg-vid iframe,.single-slide__bg-vid object,.single-slide__bg-vid embed{display:inline-block;position:absolute;top:0;left:0;right:0;bottom:0;margin:0;padding:0;width:100%;height:100%;max-width:none;max-height:none;-o-object-fit:cover;object-fit:cover;outline:none;border:none;box-shadow:none;z-index:0;clip-path:inset(1px 1px)}.single-slide__bg-vid iframe,.single-slide__bg-vid object,.single-slide__bg-vid embed{top:50%;left:50%;right:unset;bottom:unset;width:200%;transform:translate(-50%, -50%);pointer-events:none}@media (min-width: 1024px){.single-slide__bg-vid iframe,.single-slide__bg-vid object,.single-slide__bg-vid embed{height:130%;width:100%}}.single-slide__bg-vid .uc-embedding-container{position:absolute;top:50%;left:50%;right:unset;bottom:unset;transform:translate(-50%, -50%);max-height:none}.single-slide__bg-vid .uc-embedding-accept{background-color:#FFFA00 !important;color:#000 !important;font-weight:600 !important}.single-slide__bg-vid .uc-embedding-more-info,.single-slide__bg-vid .uc-embedding-wrapper h3{font-weight:600 !important}.single-slide__bg-vid::after{content:'';position:absolute;top:2px;left:2px;right:2px;bottom:2px;width:calc(100% - 4px);height:calc(100% - 4px);z-index:-1;background-size:cover;background-repeat:no-repeat;background-position:center center;filter:blur(0.5rem);background-image:url(\"https:\/\/www.binder-optik.de\/wp-content\/themes\/ATLAS\/images\/store\/store_fallback.jpg\")}.single-slide__bg-vid .mejs-controls{display:none}.single-slide__content{color:#fff}.single-slide--content-bg .single-slide__content{background:#fff}.single-slide__content .h1{margin:0 0 .6rem;font-weight:600;color:#FFFA00;letter-spacing:0;font-size:4.6rem;line-height:1.13043478}@media (min-width: 1380px){.single-slide__content .h1{font-size:8rem;line-height:1.175}}.single-slide__content-wrapper{position:absolute;top:0;right:0;bottom:0;left:0;display:flex;align-items:flex-start}@media (min-width: 1024px){.single-slide__content-wrapper{align-items:center}}.single-slide__content-container{height:100%}@media (min-width: 1380px){.single-slide__content-container{padding-bottom:10rem}}.single-slide__content-row{position:relative;display:flex;align-items:flex-start;justify-content:space-between;flex-flow:column nowrap;height:100%;width:100%;max-width:100%}@media (min-width: 1024px){.single-slide__content-row{max-width:50%;justify-content:center}}@media (min-width: 1380px){.single-slide__content-row{padding:2rem 0}}.single-slide__slogan{display:none;position:absolute;left:0;bottom:0rem;color:#ff0;font-weight:600}@media (min-width: 1024px){.single-slide__slogan{display:block}}.single-slide__buttons{display:flex;flex-wrap:wrap;align-items:center;justify-content:flex-start;margin:2rem 0 0}.single-slide__buttons .wp-block-button{margin:0 2rem 1rem 0}.single-slide--half-width{background-color:#a5d6e3}.single-slide--half-width .single-slide__bg{width:100%;right:0;left:auto}@media (min-width: 1380px){.single-slide--half-width .single-slide__bg{width:50%}}.single-slide--image-left .single-slide__bg{right:auto;left:0}\n<\/style>    <style>.slick-arrow{width:3.7rem;height:3.7rem;position:absolute;z-index:1;top:auto;bottom:10px;margin-top:-15px;font-size:0;line-height:0;border:none;border-radius:50%;background-color:rgba(194,209,217,0.55);cursor:pointer;transition:background-color .2s}@media (min-width: 992px){.slick-arrow{width:5.7rem;height:5.7rem}}@media (min-width: 1200px){.slick-arrow{top:50%}}.slick-arrow:hover{background-color:#000}html.touch-device .slick-arrow:hover{background-color:rgba(194,209,217,0.55)}.slick-arrow:after{content:'';display:block;width:12px;height:11px;position:absolute;top:50%;left:50%;transform:translate(-50%, -50%);background-image:url(\"https:\/\/www.binder-optik.de\/wp-content\/themes\/ATLAS\/images\/svg\/arrow-big.svg\");background-repeat:no-repeat;background-size:12px 11px}@media (min-width: 992px){.slick-arrow:after{width:24px;height:22px;background-position:contain;background-size:24px 22px}}.slick-arrow.slick-prev{right:auto;left:10px;transform:rotate(180deg)}@media (min-width: 992px){.slick-arrow.slick-prev{left:20px}}@media (min-width: 1380px){.slick-arrow.slick-prev{left:36px}}.slick-arrow.slick-next{right:10px;left:auto}@media (min-width: 992px){.slick-arrow.slick-next{right:20px}}@media (min-width: 1380px){.slick-arrow.slick-next{right:36px}}.slick-slide:focus{outline:none}.slick-dots{width:100%;max-width:1105px;padding:0;position:absolute;bottom:-24px;left:50%;transform:translate(-50%, 0);margin:0 auto;line-height:0.75;text-align:center;list-style:none}@media (min-width: 1024px){.slick-dots{padding:0 4rem}}.slick-dots li{display:inline-block;line-height:0;margin:0 3px}@media (min-width: 992px){.slick-dots li{margin:0 5px}}@media (min-width: 1024px){.slick-dots li{margin:0 7px}}.slick-dots li.slick-active button{background-color:#00597E}@media (min-width: 1024px){.slick-dots li.slick-active button{background-color:#2B2E34}}.slick-dots button{padding:0;width:10px;height:10px;font-size:0;line-height:0;border:0;border-radius:50%;background:transparent;background-color:#e1e1e1;box-shadow:none;transition:background-color .2s linear}@media (min-width: 1024px){.slick-dots button{width:12px;height:12px}}\n<\/style>    <style>\/* Slider *\/\n.slick-slider {\n  position: relative;\n  display: block;\n  box-sizing: border-box;\n  -webkit-touch-callout: none;\n  -webkit-user-select: none;\n  -khtml-user-select: none;\n  -moz-user-select: none;\n  -ms-user-select: none;\n  user-select: none;\n  -ms-touch-action: pan-y;\n  touch-action: pan-y;\n  -webkit-tap-highlight-color: transparent;\n}\n\n.slick-list {\n  position: relative;\n  overflow: hidden;\n  display: block;\n  margin: 0;\n  padding: 0;\n}\n\n.slick-list:focus {\n  outline: none;\n}\n\n.slick-list.dragging {\n  cursor: pointer;\n  cursor: hand;\n}\n\n.slick-slider .slick-track,\n.slick-slider .slick-list {\n  -webkit-transform: translate3d(0, 0, 0);\n  -moz-transform: translate3d(0, 0, 0);\n  -ms-transform: translate3d(0, 0, 0);\n  -o-transform: translate3d(0, 0, 0);\n  transform: translate3d(0, 0, 0);\n}\n\n.slick-track {\n  position: relative;\n  left: 0;\n  top: 0;\n  display: block;\n  margin-left: auto;\n  margin-right: auto;\n}\n\n.slick-track:before, .slick-track:after {\n  content: \"\";\n  display: table;\n}\n\n.slick-track:after {\n  clear: both;\n}\n\n.slick-loading .slick-track {\n  visibility: hidden;\n}\n\n.slick-slide {\n  float: left;\n  height: 100%;\n  min-height: 1px;\n  display: none;\n}\n\n[dir=\"rtl\"] .slick-slide {\n  float: right;\n}\n\n.slick-slide img {\n  display: block;\n}\n\n.slick-slide.slick-loading img {\n  display: none;\n}\n\n.slick-slide.dragging img {\n  pointer-events: none;\n}\n\n.slick-initialized .slick-slide {\n  display: block;\n}\n\n.slick-loading .slick-slide {\n  visibility: hidden;\n}\n\n.slick-vertical .slick-slide {\n  display: block;\n  height: auto;\n  border: 1px solid transparent;\n}\n\n.slick-arrow.slick-hidden {\n  display: none;\n}\n<\/style>    <div class=\"block-slider__container\">\n        <div class=\"block-slider__wrapper block-slider__wrapper--full-width\" data-slider=\"block_9a21ef36676248bdd887257091a23ef0\">\n                            <div class=\"single-slide single-slide--full-width\">\n                        <div class=\"single-slide__wrapper\">\n                \n                                        <div class=\"single-slide__bg\">\n                                                    <div class=\"single-slide__bg--desktop\"><img loading=\"lazy\" decoding=\"async\" width=\"1520\" height=\"950\" src=\"https:\/\/www.binder-optik.de\/wp-content\/uploads\/2023\/08\/fachgeschaeft-28-backnang_05.jpg\" class=\"attachment-full size-full\" alt=\"Binder Optik\" data-object-fit=\"\" srcset=\"https:\/\/www.binder-optik.de\/wp-content\/uploads\/2023\/08\/fachgeschaeft-28-backnang_05.jpg 1520w, https:\/\/www.binder-optik.de\/wp-content\/uploads\/2023\/08\/fachgeschaeft-28-backnang_05-906x566.jpg 906w, https:\/\/www.binder-optik.de\/wp-content\/uploads\/2023\/08\/fachgeschaeft-28-backnang_05-300x188.jpg 300w, https:\/\/www.binder-optik.de\/wp-content\/uploads\/2023\/08\/fachgeschaeft-28-backnang_05-768x480.jpg 768w, https:\/\/www.binder-optik.de\/wp-content\/uploads\/2023\/08\/fachgeschaeft-28-backnang_05-1024x640.jpg 1024w, https:\/\/www.binder-optik.de\/wp-content\/uploads\/2023\/08\/fachgeschaeft-28-backnang_05-524x328.jpg 524w\" sizes=\"auto, (max-width: 1520px) 100vw, 1520px\" title=\"\"><\/div>\n                            <div class=\"single-slide__bg--mobile\"><img loading=\"lazy\" decoding=\"async\" width=\"1520\" height=\"950\" src=\"https:\/\/www.binder-optik.de\/wp-content\/uploads\/2023\/08\/fachgeschaeft-28-backnang_05.jpg\" class=\"attachment-full size-full\" alt=\"Binder Optik\" data-object-fit=\"\" srcset=\"https:\/\/www.binder-optik.de\/wp-content\/uploads\/2023\/08\/fachgeschaeft-28-backnang_05.jpg 1520w, https:\/\/www.binder-optik.de\/wp-content\/uploads\/2023\/08\/fachgeschaeft-28-backnang_05-906x566.jpg 906w, https:\/\/www.binder-optik.de\/wp-content\/uploads\/2023\/08\/fachgeschaeft-28-backnang_05-300x188.jpg 300w, https:\/\/www.binder-optik.de\/wp-content\/uploads\/2023\/08\/fachgeschaeft-28-backnang_05-768x480.jpg 768w, https:\/\/www.binder-optik.de\/wp-content\/uploads\/2023\/08\/fachgeschaeft-28-backnang_05-1024x640.jpg 1024w, https:\/\/www.binder-optik.de\/wp-content\/uploads\/2023\/08\/fachgeschaeft-28-backnang_05-524x328.jpg 524w\" sizes=\"auto, (max-width: 1520px) 100vw, 1520px\" title=\"\"><\/div>\n                                            <\/div>\n                                        \n                    <!-- Readd content wrapper if needed -->\n                <\/div>\n                    <\/div>\n        \n                <\/div>\n    <\/div>\n<\/section>\n<\/div><\/div><\/section>\n\n<section class=\"wp-block-custom-container alignwide block-content  block-content--spacing-bottom\"><div class=\"container container--wide\"><div class=\"container__body\">\n<h1 class=\"wp-block-heading\"><strong>Ofis y\u00f6netimi asistan\u0131<\/strong> olarak \u00e7\u0131rakl\u0131k e\u011fitimi <strong>(<\/strong> m\/f\/d)<\/h1>\n\n\n\n<p>Vizyon sahibi organizasyonel yetenekler aran\u0131yor!<\/p>\n\n\n\n<p>B\u00f6blingen&#8217;deki merkezimizde d\u00fczenli olarak <strong>ofis y\u00f6netimi asistanlar\u0131 (<\/strong> e\/k\/d) yeti\u015ftiriyoruz. E\u011fitiminiz i\u00e7in farkl\u0131 uzmanl\u0131klar aras\u0131ndan se\u00e7im yapabilirsiniz (mal y\u00f6netimi\/ sat\u0131\u015f\/ pazarlama). <\/p>\n<\/div><\/div><\/section>\n\n<section class=\"wp-block-custom-container alignwide block-content has-grau-background-color block-content--spacing-top block-content--spacing-bottom\" style=\"background-color:#f5f5f5\"><div class=\"container container--wide\"><div class=\"container__body\">\n<h2 class=\"wp-block-heading\">E\u011fitim almak <strong>i\u00e7in iyi nedenler<\/strong> Binder Optik<\/h2>\n\n\n\n<div class=\"wp-block-custom-columns columns-row row small-gutter\"><style>.columns-row--spacing-top{padding-top:2rem}@media (min-width: 992px){.columns-row--spacing-top{padding-top:4rem}}.columns-row--spacing-bottom{padding-bottom:2rem}@media (min-width: 992px){.columns-row--spacing-bottom{padding-bottom:4rem}}.columns-row--margin-top{margin-top:2rem}@media (min-width: 992px){.columns-row--margin-top{margin-top:4rem}}.columns-row--margin-bottom{margin-bottom:2rem}@media (min-width: 992px){.columns-row--margin-bottom{margin-bottom:4rem}}\n<\/style>\n<div class=\"wp-block-custom-column col col-6 col-xl-4 order-1 order-xl-1\"><div class=\"acf-block block-teaser align block-teaser--full g\u00fcl\">\n\n\t<style>.block-teaser{position:relative;display:block !important;min-height:100%;padding:1.4rem 1rem 1rem;-webkit-box-shadow:0px 0px 15px 5px rgba(0,0,0,0.075);box-shadow:0px 0px 15px 5px rgba(0,0,0,0.075);overflow:hidden}@media (min-width: 1200px){.block-teaser{padding:3rem 2rem 2rem}}@media (min-width: 1380px){.block-teaser{padding:4rem 3rem 3rem}}.block-teaser.white{background-color:#fff}.block-teaser.rose{background-color:#fde4d3}.block-teaser.yellow{background-color:#f9f09b}.block-teaser.green{background-color:#96cfbf}.block-teaser.petrol{background-color:#a5d6e3}.block-teaser.grey{background-color:#f5f5f5}.block-teaser__row{position:relative;display:flex;flex-wrap:wrap;z-index:1}.block-teaser__content{margin:0 0 2rem;text-decoration:2px underline transparent;text-underline-offset:4px;transition:0.2s ease;hyphens:auto}.block-teaser__img-wrapper{flex:0 0 100%;display:flex;justify-content:center;align-items:center;width:3rem;height:3rem;max-width:3rem;max-height:3rem;margin-bottom:1rem;text-align:center}@media (min-width: 1024px){.block-teaser__img-wrapper{width:5rem;height:5rem;max-width:5rem;max-height:5rem;margin-bottom:2rem}}.block-teaser__img-wrapper img{width:100%;height:100%;object-fit:contain}.block-teaser--full .block-teaser__img-wrapper{max-width:100%}.block-teaser--full .block-teaser__img-wrapper img{width:100%;height:auto;object-fit:unset}.block-teaser__content-wrapper{flex:0 0 100%;max-width:100%}.block-teaser--full .block-teaser__content-wrapper{max-width:100%}a.block-teaser .block-teaser__link{display:none;position:relative;width:4.5rem;height:4.5rem}@media (min-width: 1024px){a.block-teaser .block-teaser__link{display:block}}a.block-teaser:hover .block-teaser__content,a.block-teaser:focus .block-teaser__content{color:#2B2E34;text-decoration-color:#2B2E34}\n<\/style>\t<div class=\"block-teaser__row\">\n\t\t\t<div class=\"block-teaser__content-wrapper\">\n\t\t\t\t\t<div class=\"block-teaser__content\"><h3 class=\"single-darkcard__title\"><strong>\u00c7e\u015fitli<\/strong> faaliyet <strong>alanlar\u0131<\/strong> <\/h3>\n<\/div>\n\t\t\t\t\t\t\t<!-- <div class=\"block-teaser__link\"><\/div> -->\n\t\t\t\t<\/div>\n\t<\/div>\n<\/div>\n<\/div>\n\n\n\n<div class=\"wp-block-custom-column col col-6 col-xl-4 order-2 order-xl-2\"><div class=\"acf-block block-teaser align block-teaser--full sar\u0131\">\n\n\t\t<div class=\"block-teaser__row\">\n\t\t\t<div class=\"block-teaser__content-wrapper\">\n\t\t\t\t\t<div class=\"block-teaser__content\"><h3 class=\"single-darkcard__title\">T\u00fcm soru ve sorunlar i\u00e7in <strong>ki\u015fisel dan\u0131\u015fman<\/strong> <\/h3>\n<\/div>\n\t\t\t\t\t\t\t<!-- <div class=\"block-teaser__link\"><\/div> -->\n\t\t\t\t<\/div>\n\t<\/div>\n<\/div>\n<\/div>\n\n\n\n<div class=\"wp-block-custom-column col col-6 col-xl-4 order-4 order-xl-3\"><div class=\"acf-block block-teaser align block-teaser--full ye\u015fil\">\n\n\t\t<div class=\"block-teaser__row\">\n\t\t\t<div class=\"block-teaser__content-wrapper\">\n\t\t\t\t\t<div class=\"block-teaser__content\"><h3 class=\"single-darkcard__title\">Zorlu <strong>ticari e\u011fitim<\/strong> <\/h3>\n<\/div>\n\t\t\t\t\t\t\t<!-- <div class=\"block-teaser__link\"><\/div> -->\n\t\t\t\t<\/div>\n\t<\/div>\n<\/div>\n<\/div>\n\n\n\n<div class=\"wp-block-custom-column col col-6 col-xl-4 order-3 order-xl-4\"><div class=\"acf-block block-teaser align block-teaser--full benzin\">\n\n\t\t<div class=\"block-teaser__row\">\n\t\t\t<div class=\"block-teaser__content-wrapper\">\n\t\t\t\t\t<div class=\"block-teaser__content\"><h3 class=\"single-darkcard__title\"><strong>\u0130leri e\u011fitim ve<\/strong> <strong>kariyer f\u0131rsatlar\u0131 &#8211;<\/strong> lise diplomas\u0131 olmasa bile<\/h3>\n<\/div>\n\t\t\t\t\t\t\t<!-- <div class=\"block-teaser__link\"><\/div> -->\n\t\t\t\t<\/div>\n\t<\/div>\n<\/div>\n<\/div>\n\n\n\n<div class=\"wp-block-custom-column col col-6 col-xl-4 order-5 order-xl-5\"><div class=\"acf-block block-teaser align block-teaser--full g\u00fcl\">\n\n\t\t<div class=\"block-teaser__row\">\n\t\t\t<div class=\"block-teaser__content-wrapper\">\n\t\t\t\t\t<div class=\"block-teaser__content\"><h3 class=\"single-darkcard__title\">Orta \u00f6l\u00e7ekli bir <strong>aile \u015firket<\/strong> <strong>inde<\/strong> keyifli <strong>bir \u00e7al\u0131\u015fma ortam\u0131<\/strong> <\/h3>\n<\/div>\n\t\t\t\t\t\t\t<!-- <div class=\"block-teaser__link\"><\/div> -->\n\t\t\t\t<\/div>\n\t<\/div>\n<\/div>\n<\/div>\n\n\n\n<div class=\"wp-block-custom-column col col-6 col-xl-4 order-6 order-xl-6\"><div class=\"acf-block block-teaser align block-teaser--full sar\u0131\">\n\n\t\t<div class=\"block-teaser__row\">\n\t\t\t<div class=\"block-teaser__content-wrapper\">\n\t\t\t\t\t<div class=\"block-teaser__content\"><h3 class=\"single-darkcard__title\">\u015eirketin kendi e\u011fitim <strong>akademisinde<\/strong> dahili, tamamlay\u0131c\u0131 e\u011fitim <strong>seminerleri<\/strong> <\/h3>\n<\/div>\n\t\t\t\t\t\t\t<!-- <div class=\"block-teaser__link\"><\/div> -->\n\t\t\t\t<\/div>\n\t<\/div>\n<\/div>\n<\/div>\n<\/div>\n<\/div><\/div><\/section>\n\n<section class=\"wp-block-custom-container alignwide block-content  block-content--spacing-top block-content--spacing-bottom\"><div class=\"container container--wide\"><div class=\"container__body\">\n<h2 class=\"wp-block-heading\"><strong>Ofis y\u00f6netimi asistan\u0131<\/strong> olarak yolunuz <strong>(<\/strong> m\/f\/d)<\/h2>\n\n\n\n<p>B\u00fcro y\u00f6netimi asistan\u0131 olmak i\u00e7in \u00e7\u0131rakl\u0131k e\u011fitimi 3 y\u0131l s\u00fcrer. Okulda ve \u015firkette iyi performans g\u00f6sterirseniz, e\u011fitim s\u00fcresini 2,5 y\u0131la k\u0131saltabilirsiniz.   <\/p>\n\n\n\n<p>Stajyer olarak, y\u00f6netimimizde &#8211; ya da bizim deyimimizle merkez ofisimizde &#8211; \u00fcr\u00fcn y\u00f6netimi, dahili sat\u0131\u015f, muhasebe, \u0130K ve pazarlama dahil olmak \u00fczere \u00e7e\u015fitli departmanlarda \u00e7al\u0131\u015facaks\u0131n\u0131z. Bu size \u00e7\u0131rakl\u0131k e\u011fitiminin t\u00fcm alanlar\u0131n\u0131 pratikte deneyimleme ve becerilerinizi uygulama f\u0131rsat\u0131 verir. Ayr\u0131ca g\u00fc\u00e7l\u00fc ve zay\u0131f y\u00f6nlerinizi ve \u00e7\u0131rakl\u0131k e\u011fitiminden sonra gelecekteki kariyeriniz i\u00e7in hangi alan\u0131n uygun olaca\u011f\u0131n\u0131 \u00f6\u011freneceksiniz.  <\/p>\n\n\n\n<p>\u0130dari b\u00f6l\u00fcmlerimizdeki e\u011fitimin yan\u0131 s\u0131ra haftada iki kez meslek okuluna kat\u0131lacaks\u0131n\u0131z. Burada teorik altyap\u0131y\u0131 ve pratik g\u00f6revleriniz i\u00e7in gerekli bilgileri \u00f6\u011freneceksiniz. Daha sonra bu teorik bilgileri \u015firketler aras\u0131 e\u011fitim program\u0131nda uygulayabilir ve peki\u015ftirebilirsiniz.  <\/p>\n\n\n\n<p>\u00c7\u0131rakl\u0131k e\u011fitiminizden sonra i\u015fe al\u0131nma olas\u0131l\u0131\u011f\u0131n\u0131z vard\u0131r. Daha sonra kariyerinizi uzmanl\u0131k alanlar\u0131ndan birinde geni\u015fletebilir ve bireysel destek \u00f6nlemleriyle daha da geli\u015febilirsiniz. Ayr\u0131ca bir destek program\u0131 kapsam\u0131nda sizi maddi olarak desteklemekten memnuniyet duyar\u0131z. Bu sayede daha fazla ve daha ilgin\u00e7 g\u00f6revler \u00fcstlenebilirsiniz.     <\/p>\n<\/div><\/div><\/section>\n\n<section class=\"wp-block-custom-container alignwide block-content has-grau-background-color block-content--spacing-top block-content--spacing-bottom\" style=\"background-color:#f5f5f5\"><div class=\"container container--wide\"><div class=\"container__body\">\n<h2 class=\"wp-block-heading\">Ofis y\u00f6netimi asistan\u0131 olarak e\u011fitim <strong>i\u00e7in a\u00e7\u0131k pozisyonlar\u0131m\u0131z<\/strong> (m\/f\/d)<\/h2>\n\n\n\n<div class=\"wp-block-custom-spacing spacing-element spacing-mobile--none spacing-tablet--none spacing-small-desktop--small spacing-desktop--small\"><\/div>\n\n\n<section class=\"acf-block block-career-listing alignwide\">\n    <style>.acf-block.block-career-listing .career-list-headers{margin-bottom:.5rem;font-weight:600;font-size:2rem;line-height:1.2}@media (min-width: 992px){.acf-block.block-career-listing .career-list-headers{display:flex;font-size:2.5rem;line-height:1.2;margin-bottom:1rem}}.acf-block.block-career-listing .career-list-headers__location{display:none}@media (min-width: 992px){.acf-block.block-career-listing .career-list-headers__location{display:block;flex:0 0 40%;max-width:40%}}.acf-block.block-career-listing .career-list-headers__job{padding:.6rem 0}@media (min-width: 992px){.acf-block.block-career-listing .career-list-headers__job{flex:0 0 60%;max-width:60%;padding:0}}.acf-block.block-career-listing .career-list{padding-top:0;margin:0}\n<\/style>    \n    <div class=\"career-listing-area posts-list-area\">\n        \n        <div class=\"career-list posts-list\" \n            data-post-type=\"job\"\n            data-count=\"-1\" \n            data-per-page=\"-1\" \n        >\n            \n        <article class=\"single-career\">\n    <style>.single-career{width:100%;padding:1.5rem 2rem;margin-bottom:1rem;background-color:#fff;-webkit-box-shadow:0px 0px 15px 5px rgba(0,0,0,0.05);box-shadow:0px 0px 15px 5px rgba(0,0,0,0.05)}@media (min-width: 1024px){.single-career{padding:2.5rem 3rem;margin-bottom:2rem}}.single-career__link{position:relative;display:flex;flex-wrap:wrap;color:#2B2E34}.single-career__link:hover{color:#2B2E34 !important}.single-career__link:hover .single-career__location,.single-career__link:hover .single-career__title{color:#2B2E34}.single-career__link:hover .single-career__title{text-decoration-color:#2B2E34}.single-career__link:hover::after{right:-1rem}.single-career__link::after{content:'';display:none;position:absolute;top:50%;right:0rem;transform:translateY(-50%);width:3rem;height:2.5rem;background-size:contain;background-repeat:no-repeat;background-position:center center;background-image:url(\"https:\/\/www.binder-optik.de\/wp-content\/themes\/ATLAS\/images\/svg\/career_arrow-right_primary.svg\");transition:0.2s}@media (min-width: 1024px){.single-career__link::after{display:inline-block}}.single-career__location{display:flex;flex:0 0 100%;max-width:100%}@media (min-width: 992px){.single-career__location{align-items:center}}.single-career__title{display:flex;flex:0 0 100%;flex-wrap:wrap;font-weight:600;max-width:100%;text-decoration:1.5px underline transparent;text-underline-offset:3px;transition:0.2s}@media (min-width: 992px){.single-career__title{flex-wrap:nowrap;align-items:center}}@media (min-width: 1024px){.single-career__title{padding-right:5rem}}\n<\/style>    <a class=\"single-career__link\" href=\"https:\/\/www.binder-optik.de\/tr\/stellenangebote\/augenoptiker-geselle-m-w-d-in-crailsheim\/\" target=\"_self\">\n        <span class=\"screen-reader-text\">Daha fazla<\/span>    \n        <div class=\"single-career__title\">\n            <span>Augenoptiker-Geselle (m\/w\/d)<\/span>\n        <\/div>\n        <div class=\"single-career__location\">\n            <span>Crailsheim<\/span>\n        <\/div>\n    <\/a>\n<\/article><article class=\"single-career\">\n        <a class=\"single-career__link\" href=\"https:\/\/www.binder-optik.de\/tr\/stellenangebote\/augenoptiker-geselle-m-w-d-in-heidenheim\/\" target=\"_self\">\n        <span class=\"screen-reader-text\">Daha fazla<\/span>    \n        <div class=\"single-career__title\">\n            <span>Augenoptiker-Geselle (m\/w\/d)<\/span>\n        <\/div>\n        <div class=\"single-career__location\">\n            <span>Heidenheim Schloss Arkaden<\/span>\n        <\/div>\n    <\/a>\n<\/article><article class=\"single-career\">\n        <a class=\"single-career__link\" href=\"https:\/\/www.binder-optik.de\/tr\/stellenangebote\/augenoptiker-geselle-m-w-d-in-holzgerlingen\/\" target=\"_self\">\n        <span class=\"screen-reader-text\">Daha fazla<\/span>    \n        <div class=\"single-career__title\">\n            <span>Augenoptiker-Geselle (m\/w\/d)<\/span>\n        <\/div>\n        <div class=\"single-career__location\">\n            <span>Holzgerlingen<\/span>\n        <\/div>\n    <\/a>\n<\/article><article class=\"single-career\">\n        <a class=\"single-career__link\" href=\"https:\/\/www.binder-optik.de\/tr\/stellenangebote\/augenoptiker-geselle-m-w-d-in-konstanz\/\" target=\"_self\">\n        <span class=\"screen-reader-text\">Daha fazla<\/span>    \n        <div class=\"single-career__title\">\n            <span>Augenoptiker-Geselle (m\/w\/d)<\/span>\n        <\/div>\n        <div class=\"single-career__location\">\n            <span>Konstanz LAGO Shopping-Center<\/span>\n        <\/div>\n    <\/a>\n<\/article><article class=\"single-career\">\n        <a class=\"single-career__link\" href=\"https:\/\/www.binder-optik.de\/tr\/stellenangebote\/augenoptiker-geselle-m-w-d-in-leonberg\/\" target=\"_self\">\n        <span class=\"screen-reader-text\">Daha fazla<\/span>    \n        <div class=\"single-career__title\">\n            <span>Augenoptiker-Geselle (m\/w\/d)<\/span>\n        <\/div>\n        <div class=\"single-career__location\">\n            <span>Leonberg<\/span>\n        <\/div>\n    <\/a>\n<\/article><article class=\"single-career\">\n        <a class=\"single-career__link\" href=\"https:\/\/www.binder-optik.de\/tr\/stellenangebote\/augenoptiker-geselle-m-w-d-in-pfullendorf\/\" target=\"_self\">\n        <span class=\"screen-reader-text\">Daha fazla<\/span>    \n        <div class=\"single-career__title\">\n            <span>Augenoptiker-Geselle (m\/w\/d)<\/span>\n        <\/div>\n        <div class=\"single-career__location\">\n            <span>Pfullendorf<\/span>\n        <\/div>\n    <\/a>\n<\/article><article class=\"single-career\">\n        <a class=\"single-career__link\" href=\"https:\/\/www.binder-optik.de\/tr\/stellenangebote\/augenoptiker-geselle-m-w-d-in-pfullingen\/\" target=\"_self\">\n        <span class=\"screen-reader-text\">Daha fazla<\/span>    \n        <div class=\"single-career__title\">\n            <span>Augenoptiker-Geselle (m\/w\/d)<\/span>\n        <\/div>\n        <div class=\"single-career__location\">\n            <span>Pfullingen<\/span>\n        <\/div>\n    <\/a>\n<\/article><article class=\"single-career\">\n        <a class=\"single-career__link\" href=\"https:\/\/www.binder-optik.de\/tr\/stellenangebote\/augenoptiker-geselle-m-w-d-in-sindelfingen-breuningerland\/\" target=\"_self\">\n        <span class=\"screen-reader-text\">Daha fazla<\/span>    \n        <div class=\"single-career__title\">\n            <span>Augenoptiker-Geselle (m\/w\/d)<\/span>\n        <\/div>\n        <div class=\"single-career__location\">\n            <span>Sindelfingen Breuningerland<\/span>\n        <\/div>\n    <\/a>\n<\/article><article class=\"single-career\">\n        <a class=\"single-career__link\" href=\"https:\/\/www.binder-optik.de\/tr\/stellenangebote\/augenoptiker-meister-m-w-d-in-konstanz\/\" target=\"_self\">\n        <span class=\"screen-reader-text\">Daha fazla<\/span>    \n        <div class=\"single-career__title\">\n            <span>Augenoptiker-Meister (m\/w\/d)<\/span>\n        <\/div>\n        <div class=\"single-career__location\">\n            <span>Konstanz LAGO Shopping-Center<\/span>\n        <\/div>\n    <\/a>\n<\/article><article class=\"single-career\">\n        <a class=\"single-career__link\" href=\"https:\/\/www.binder-optik.de\/tr\/stellenangebote\/augenoptiker-meister-m-w-d-in-leonberg\/\" target=\"_self\">\n        <span class=\"screen-reader-text\">Daha fazla<\/span>    \n        <div class=\"single-career__title\">\n            <span>Augenoptiker-Meister (m\/w\/d)<\/span>\n        <\/div>\n        <div class=\"single-career__location\">\n            <span>Leonberg<\/span>\n        <\/div>\n    <\/a>\n<\/article><article class=\"single-career\">\n        <a class=\"single-career__link\" href=\"https:\/\/www.binder-optik.de\/tr\/stellenangebote\/augenoptiker-meister-m-w-d-in-ludwigsburg-breuningerland\/\" target=\"_self\">\n        <span class=\"screen-reader-text\">Daha fazla<\/span>    \n        <div class=\"single-career__title\">\n            <span>Augenoptiker-Meister (m\/w\/d)<\/span>\n        <\/div>\n        <div class=\"single-career__location\">\n            <span>Ludwigsburg Breuningerland<\/span>\n        <\/div>\n    <\/a>\n<\/article><article class=\"single-career\">\n        <a class=\"single-career__link\" href=\"https:\/\/www.binder-optik.de\/tr\/stellenangebote\/augenoptiker-meister-m-w-d-in-pfullendorf\/\" target=\"_self\">\n        <span class=\"screen-reader-text\">Daha fazla<\/span>    \n        <div class=\"single-career__title\">\n            <span>Augenoptiker-Meister (m\/w\/d)<\/span>\n        <\/div>\n        <div class=\"single-career__location\">\n            <span>Pfullendorf<\/span>\n        <\/div>\n    <\/a>\n<\/article><article class=\"single-career\">\n        <a class=\"single-career__link\" href=\"https:\/\/www.binder-optik.de\/tr\/stellenangebote\/augenoptiker-meister-m-w-d-in-sindelfingen-breuningerland\/\" target=\"_self\">\n        <span class=\"screen-reader-text\">Daha fazla<\/span>    \n        <div class=\"single-career__title\">\n            <span>Augenoptiker-Meister (m\/w\/d)<\/span>\n        <\/div>\n        <div class=\"single-career__location\">\n            <span>Sindelfingen Breuningerland<\/span>\n        <\/div>\n    <\/a>\n<\/article><article class=\"single-career\">\n        <a class=\"single-career__link\" href=\"https:\/\/www.binder-optik.de\/tr\/stellenangebote\/augenoptiker-meister-filialleitung-m-w-d-in-backnang\/\" target=\"_self\">\n        <span class=\"screen-reader-text\">Daha fazla<\/span>    \n        <div class=\"single-career__title\">\n            <span>Augenoptiker-Meister\/ Filialleitung (m\/w\/d)<\/span>\n        <\/div>\n        <div class=\"single-career__location\">\n            <span>Backnang<\/span>\n        <\/div>\n    <\/a>\n<\/article><article class=\"single-career\">\n        <a class=\"single-career__link\" href=\"https:\/\/www.binder-optik.de\/tr\/stellenangebote\/augenoptiker-meister-filialleitung-m-w-d-in-goeppingen\/\" target=\"_self\">\n        <span class=\"screen-reader-text\">Daha fazla<\/span>    \n        <div class=\"single-career__title\">\n            <span>Augenoptiker-Meister\/ Filialleitung (m\/w\/d)<\/span>\n        <\/div>\n        <div class=\"single-career__location\">\n            <span>G\u00f6ppingen<\/span>\n        <\/div>\n    <\/a>\n<\/article><article class=\"single-career\">\n        <a class=\"single-career__link\" href=\"https:\/\/www.binder-optik.de\/tr\/stellenangebote\/augenoptiker-meister-filialleitung-m-w-d-in-heilbronn-stadtgalerie\/\" target=\"_self\">\n        <span class=\"screen-reader-text\">Daha fazla<\/span>    \n        <div class=\"single-career__title\">\n            <span>Augenoptiker-Meister\/ Filialleitung (m\/w\/d)<\/span>\n        <\/div>\n        <div class=\"single-career__location\">\n            <span>Heilbronn Stadtgalerie<\/span>\n        <\/div>\n    <\/a>\n<\/article><article class=\"single-career\">\n        <a class=\"single-career__link\" href=\"https:\/\/www.binder-optik.de\/tr\/stellenangebote\/augenoptiker-meister-filialleitung-m-w-d-in-ludwigsburg-2\/\" target=\"_self\">\n        <span class=\"screen-reader-text\">Daha fazla<\/span>    \n        <div class=\"single-career__title\">\n            <span>Augenoptiker-Meister\/ Filialleitung (m\/w\/d)<\/span>\n        <\/div>\n        <div class=\"single-career__location\">\n            <span>Ludwigsburg<\/span>\n        <\/div>\n    <\/a>\n<\/article><article class=\"single-career\">\n        <a class=\"single-career__link\" href=\"https:\/\/www.binder-optik.de\/tr\/stellenangebote\/augenoptiker-meister-filialleitung-m-w-d-in-sindelfingen-breuningerland\/\" target=\"_self\">\n        <span class=\"screen-reader-text\">Daha fazla<\/span>    \n        <div class=\"single-career__title\">\n            <span>Augenoptiker-Meister\/ Filialleitung (m\/w\/d)<\/span>\n        <\/div>\n        <div class=\"single-career__location\">\n            <span>Sindelfingen Breuningerland<\/span>\n        <\/div>\n    <\/a>\n<\/article><article class=\"single-career\">\n        <a class=\"single-career__link\" href=\"https:\/\/www.binder-optik.de\/tr\/stellenangebote\/ausbildung-zum-augenoptiker-m-w-d-in-backnang\/\" target=\"_self\">\n        <span class=\"screen-reader-text\">Daha fazla<\/span>    \n        <div class=\"single-career__title\">\n            <span>Ausbildung zum Augenoptiker (m\/w\/d)<\/span>\n        <\/div>\n        <div class=\"single-career__location\">\n            <span>Backnang<\/span>\n        <\/div>\n    <\/a>\n<\/article><article class=\"single-career\">\n        <a class=\"single-career__link\" href=\"https:\/\/www.binder-optik.de\/tr\/stellenangebote\/ausbildung-zum-augenoptiker-m-w-d-in-boeblingen\/\" target=\"_self\">\n        <span class=\"screen-reader-text\">Daha fazla<\/span>    \n        <div class=\"single-career__title\">\n            <span>Ausbildung zum Augenoptiker (m\/w\/d)<\/span>\n        <\/div>\n        <div class=\"single-career__location\">\n            <span>B\u00f6blingen<\/span>\n        <\/div>\n    <\/a>\n<\/article><article class=\"single-career\">\n        <a class=\"single-career__link\" href=\"https:\/\/www.binder-optik.de\/tr\/stellenangebote\/ausbildung-zum-augenoptiker-m-w-d-in-degerloch\/\" target=\"_self\">\n        <span class=\"screen-reader-text\">Daha fazla<\/span>    \n        <div class=\"single-career__title\">\n            <span>Ausbildung zum Augenoptiker (m\/w\/d)<\/span>\n        <\/div>\n        <div class=\"single-career__location\">\n            <span>Stuttgart Degerloch<\/span>\n        <\/div>\n    <\/a>\n<\/article><article class=\"single-career\">\n        <a class=\"single-career__link\" href=\"https:\/\/www.binder-optik.de\/tr\/stellenangebote\/ausbildung-zum-augenoptiker-m-w-d-in-feuerbach\/\" target=\"_self\">\n        <span class=\"screen-reader-text\">Daha fazla<\/span>    \n        <div class=\"single-career__title\">\n            <span>Ausbildung zum Augenoptiker (m\/w\/d)<\/span>\n        <\/div>\n        <div class=\"single-career__location\">\n            <span>Stuttgart Feuerbach<\/span>\n        <\/div>\n    <\/a>\n<\/article><article class=\"single-career\">\n        <a class=\"single-career__link\" href=\"https:\/\/www.binder-optik.de\/tr\/stellenangebote\/ausbildung-zum-augenoptiker-m-w-d-in-guenzburg\/\" target=\"_self\">\n        <span class=\"screen-reader-text\">Daha fazla<\/span>    \n        <div class=\"single-career__title\">\n            <span>Ausbildung zum Augenoptiker (m\/w\/d)<\/span>\n        <\/div>\n        <div class=\"single-career__location\">\n            <span>G\u00fcnzburg<\/span>\n        <\/div>\n    <\/a>\n<\/article><article class=\"single-career\">\n        <a class=\"single-career__link\" href=\"https:\/\/www.binder-optik.de\/tr\/stellenangebote\/ausbildung-zum-augenoptiker-m-w-d-in-heidenheim\/\" target=\"_self\">\n        <span class=\"screen-reader-text\">Daha fazla<\/span>    \n        <div class=\"single-career__title\">\n            <span>Ausbildung zum Augenoptiker (m\/w\/d)<\/span>\n        <\/div>\n        <div class=\"single-career__location\">\n            <span>Heidenheim Schloss Arkaden<\/span>\n        <\/div>\n    <\/a>\n<\/article><article class=\"single-career\">\n        <a class=\"single-career__link\" href=\"https:\/\/www.binder-optik.de\/tr\/stellenangebote\/ausbildung-zum-augenoptiker-m-w-d-in-herrenberg\/\" target=\"_self\">\n        <span class=\"screen-reader-text\">Daha fazla<\/span>    \n        <div class=\"single-career__title\">\n            <span>Ausbildung zum Augenoptiker (m\/w\/d)<\/span>\n        <\/div>\n        <div class=\"single-career__location\">\n            <span>Herrenberg<\/span>\n        <\/div>\n    <\/a>\n<\/article><article class=\"single-career\">\n        <a class=\"single-career__link\" href=\"https:\/\/www.binder-optik.de\/tr\/stellenangebote\/ausbildung-zum-augenoptiker-m-w-d-in-karlsruhe-2\/\" target=\"_self\">\n        <span class=\"screen-reader-text\">Daha fazla<\/span>    \n        <div class=\"single-career__title\">\n            <span>Ausbildung zum Augenoptiker (m\/w\/d)<\/span>\n        <\/div>\n        <div class=\"single-career__location\">\n            <span>Karlsruhe Karlstra\u00dfe<\/span>\n        <\/div>\n    <\/a>\n<\/article><article class=\"single-career\">\n        <a class=\"single-career__link\" href=\"https:\/\/www.binder-optik.de\/tr\/stellenangebote\/ausbildung-zum-augenoptiker-m-w-d-in-leonberg\/\" target=\"_self\">\n        <span class=\"screen-reader-text\">Daha fazla<\/span>    \n        <div class=\"single-career__title\">\n            <span>Ausbildung zum Augenoptiker (m\/w\/d)<\/span>\n        <\/div>\n        <div class=\"single-career__location\">\n            <span>Leonberg<\/span>\n        <\/div>\n    <\/a>\n<\/article><article class=\"single-career\">\n        <a class=\"single-career__link\" href=\"https:\/\/www.binder-optik.de\/tr\/stellenangebote\/ausbildung-zum-augenoptiker-m-w-d-in-ludwigsburg-breuningerland\/\" target=\"_self\">\n        <span class=\"screen-reader-text\">Daha fazla<\/span>    \n        <div class=\"single-career__title\">\n            <span>Ausbildung zum Augenoptiker (m\/w\/d)<\/span>\n        <\/div>\n        <div class=\"single-career__location\">\n            <span>Ludwigsburg Breuningerland<\/span>\n        <\/div>\n    <\/a>\n<\/article><article class=\"single-career\">\n        <a class=\"single-career__link\" href=\"https:\/\/www.binder-optik.de\/tr\/stellenangebote\/ausbildung-zum-augenoptiker-m-w-d-in-mannheim\/\" target=\"_self\">\n        <span class=\"screen-reader-text\">Daha fazla<\/span>    \n        <div class=\"single-career__title\">\n            <span>Ausbildung zum Augenoptiker (m\/w\/d)<\/span>\n        <\/div>\n        <div class=\"single-career__location\">\n            <span>Mannheim<\/span>\n        <\/div>\n    <\/a>\n<\/article><article class=\"single-career\">\n        <a class=\"single-career__link\" href=\"https:\/\/www.binder-optik.de\/tr\/stellenangebote\/ausbildung-zum-augenoptiker-m-w-d-in-mannheim-2\/\" target=\"_self\">\n        <span class=\"screen-reader-text\">Daha fazla<\/span>    \n        <div class=\"single-career__title\">\n            <span>Ausbildung zum Augenoptiker (m\/w\/d)<\/span>\n        <\/div>\n        <div class=\"single-career__location\">\n            <span>Mannheim Feudenheim<\/span>\n        <\/div>\n    <\/a>\n<\/article><article class=\"single-career\">\n        <a class=\"single-career__link\" href=\"https:\/\/www.binder-optik.de\/tr\/stellenangebote\/ausbildung-zum-augenoptiker-m-w-d-in-noerdlingen\/\" target=\"_self\">\n        <span class=\"screen-reader-text\">Daha fazla<\/span>    \n        <div class=\"single-career__title\">\n            <span>Ausbildung zum Augenoptiker (m\/w\/d)<\/span>\n        <\/div>\n        <div class=\"single-career__location\">\n            <span>N\u00f6rdlingen<\/span>\n        <\/div>\n    <\/a>\n<\/article><article class=\"single-career\">\n        <a class=\"single-career__link\" href=\"https:\/\/www.binder-optik.de\/tr\/stellenangebote\/ausbildung-zum-augenoptiker-m-w-d-in-stockach\/\" target=\"_self\">\n        <span class=\"screen-reader-text\">Daha fazla<\/span>    \n        <div class=\"single-career__title\">\n            <span>Ausbildung zum Augenoptiker (m\/w\/d)<\/span>\n        <\/div>\n        <div class=\"single-career__location\">\n            <span>Stockach<\/span>\n        <\/div>\n    <\/a>\n<\/article><article class=\"single-career\">\n        <a class=\"single-career__link\" href=\"https:\/\/www.binder-optik.de\/tr\/stellenangebote\/ausbildung-zum-augenoptiker-m-w-d-in-stuttgart-vaihingen\/\" target=\"_self\">\n        <span class=\"screen-reader-text\">Daha fazla<\/span>    \n        <div class=\"single-career__title\">\n            <span>Ausbildung zum Augenoptiker (m\/w\/d)<\/span>\n        <\/div>\n        <div class=\"single-career__location\">\n            <span>Stuttgart Vaihingen<\/span>\n        <\/div>\n    <\/a>\n<\/article><article class=\"single-career\">\n        <a class=\"single-career__link\" href=\"https:\/\/www.binder-optik.de\/tr\/stellenangebote\/ausbildung-zum-hoerakustiker-m-w-d-in-noerdlingen\/\" target=\"_self\">\n        <span class=\"screen-reader-text\">Daha fazla<\/span>    \n        <div class=\"single-career__title\">\n            <span>Ausbildung zum H\u00f6rakustiker (m\/w\/d)<\/span>\n        <\/div>\n        <div class=\"single-career__location\">\n            <span>N\u00f6rdlingen<\/span>\n        <\/div>\n    <\/a>\n<\/article><article class=\"single-career\">\n        <a class=\"single-career__link\" href=\"https:\/\/www.binder-optik.de\/tr\/stellenangebote\/hoerakustiker-geselle-m-w-d-in-noerdlingen\/\" target=\"_self\">\n        <span class=\"screen-reader-text\">Daha fazla<\/span>    \n        <div class=\"single-career__title\">\n            <span>H\u00f6rakustiker-Geselle (m\/w\/d)<\/span>\n        <\/div>\n        <div class=\"single-career__location\">\n            <span>N\u00f6rdlingen<\/span>\n        <\/div>\n    <\/a>\n<\/article><article class=\"single-career\">\n        <a class=\"single-career__link\" href=\"https:\/\/www.binder-optik.de\/tr\/stellenangebote\/hoerakustiker-meister-m-w-d-in-herrenberg\/\" target=\"_self\">\n        <span class=\"screen-reader-text\">Daha fazla<\/span>    \n        <div class=\"single-career__title\">\n            <span>H\u00f6rakustiker-Meister (m\/w\/d)<\/span>\n        <\/div>\n        <div class=\"single-career__location\">\n            <span>Herrenberg<\/span>\n        <\/div>\n    <\/a>\n<\/article><article class=\"single-career\">\n        <a class=\"single-career__link\" href=\"https:\/\/www.binder-optik.de\/tr\/stellenangebote\/hoerakustiker-meister-m-w-d-in-ludwigsburg-2\/\" target=\"_self\">\n        <span class=\"screen-reader-text\">Daha fazla<\/span>    \n        <div class=\"single-career__title\">\n            <span>H\u00f6rakustiker-Meister (m\/w\/d)<\/span>\n        <\/div>\n        <div class=\"single-career__location\">\n            <span>Ludwigsburg<\/span>\n        <\/div>\n    <\/a>\n<\/article><article class=\"single-career\">\n        <a class=\"single-career__link\" href=\"https:\/\/www.binder-optik.de\/tr\/stellenangebote\/initiativbewerbung\/\" target=\"_self\">\n        <span class=\"screen-reader-text\">Daha fazla<\/span>    \n        <div class=\"single-career__title\">\n            <span>Initiativbewerbung<\/span>\n        <\/div>\n        <div class=\"single-career__location\">\n            <span>Alle Standorte<\/span>\n\n        <\/div>\n    <\/a>\n<\/article>\n        <\/div>\n\n    <\/div>\n       \n<\/section><\/div><\/div><\/section>\n\n<section class=\"wp-block-custom-container alignwide block-content  block-content--spacing-top\"><div class=\"container container--wide\"><div class=\"container__body\"><section class=\"acf-block block-career-accordion alignfull\">\n    <style>.block-career-accordion .career-accordion{width:100%;padding:0 10px;margin-bottom:1rem}@media (min-width: 1380px){.block-career-accordion .career-accordion{padding:0 20px;margin-bottom:2rem}}.block-career-accordion .career-accordion__list{display:flex;flex-flow:row wrap;margin:0 -10px}@media (min-width: 1380px){.block-career-accordion .career-accordion__list{margin:0 -20px}}.block-career-accordion .career-accordion__wrapper{position:relative;display:block !important;min-height:100%;padding:1.5rem 1rem;background-color:#f5f5f5;overflow:hidden}@media (min-width: 768px){.block-career-accordion .career-accordion__wrapper{padding:2.5rem 2rem}}@media (min-width: 1024px){.block-career-accordion .career-accordion__wrapper{padding:0;background-color:transparent}}.block-career-accordion .career-accordion__row{position:relative;display:flex;flex-wrap:wrap;z-index:1}.block-career-accordion .career-accordion__header{position:relative;width:100%}.block-career-accordion .career-accordion__header::after{content:'';display:block;width:22px;height:22px;position:absolute;top:calc( 50% - 7px);right:13px;transform:translateY(-50%) rotate(135deg);border:2px solid #2B2E34;border-width:2px 2px 0 0;transition:all .2s linear}@media (min-width: 1024px){.block-career-accordion .career-accordion__header::after{display:none}}.block-career-accordion .career-accordion__header.active::after{transform:translateY(-50%) rotate(-45deg);margin-top:13px}.block-career-accordion .career-accordion__title{text-decoration:2px underline transparent;text-underline-offset:4px;transition:0.2s ease;font-weight:700;hyphens:auto;cursor:pointer;padding-right:4.5rem}@media (min-width: 1024px){.block-career-accordion .career-accordion__title{cursor:unset}}.block-career-accordion .career-accordion__content{display:none;flex:0 0 100%;max-width:100%;padding:2rem 0}@media (min-width: 1024px){.block-career-accordion .career-accordion__content{display:block}}.block-career-accordion .career-accordion__content ul:last-child{margin-bottom:0}.block-career-accordion .career-accordion__content ul li{padding:0 0 0 4.5rem}.block-career-accordion .career-accordion__content ul li::before{width:2.5rem;height:2.5rem;top:0;background-color:transparent;background-size:contain;background-repeat:no-repeat;background-position:center center;background-image:url(\"https:\/\/www.binder-optik.de\/wp-content\/themes\/ATLAS\/images\/svg\/check-circle-light.svg\")}@media (min-width: 1024px){.block-career-accordion .career-accordion__content ul li::before{top:.25rem}}\n<\/style>    <div class=\"career-accordion__list-wrapper\">\n\n        <div class=\"career-accordion__list\">\n                <div class=\"career-accordion\">\n\t\t\t<div class=\"career-accordion__wrapper\">\n\t\t\t\t<div class=\"career-accordion__row\">\n\n\t\t\t\t\t<div class=\"career-accordion__header active\">\t\n\t\t\t\t\t\t\t\t\t\t\t\t\t<h3 class=\"career-accordion__title h5\">Yan\u0131nda ne getireceksin?<\/h3>\n\t\t\t\t\t\t\t\t\t\t\t<\/div>\n\t\t\t\t\t\n\t\t\t\t\t<div style=\"display:block;\" class=\"career-accordion__content\">\n\t\t\t\t\t\t\t\t\t\t\t<ul>\n<li>\u0130yi bir ortaokul bitirme sertifikas\u0131 veya A-seviyeleri<\/li>\n<li>Kendine g\u00fcvenen yaz\u0131l\u0131 ve s\u00f6zl\u00fc Almanca dil becerileri<\/li>\n<li>\u0130yi ileti\u015fim becerileri ve ekip i\u00e7inde \u00e7al\u0131\u015fma yetene\u011fi<\/li>\n<li>Organizasyonel yetenek<\/li>\n<li>Olaylar\u0131 iyi kavramak<\/li>\n<\/ul>\n\t\t\t\t\t\t\t\t\t\t<\/div>\n\t\t\t\t<\/div>\n\t\t\t<\/div>\n\t\t<\/div>\n                <div class=\"career-accordion\">\n\t\t\t<div class=\"career-accordion__wrapper\">\n\t\t\t\t<div class=\"career-accordion__row\">\n\n\t\t\t\t\t<div class=\"career-accordion__header\">\t\n\t\t\t\t\t\t\t\t\t\t\t\t\t<h3 class=\"career-accordion__title h5\">Size sundu\u011fumuz \u015fey bu:<\/h3>\n\t\t\t\t\t\t\t\t\t\t\t<\/div>\n\t\t\t\t\t\n\t\t\t\t\t<div  class=\"career-accordion__content\">\n\t\t\t\t\t\t\t\t\t\t\t<ul>\n<li>Cazip \u00fccretlendirme<\/li>\n<li>En iyi ileri e\u011fitim f\u0131rsatlar\u0131<\/li>\n<li>Sat\u0131\u015f, mal y\u00f6netimi ve pazarlama gibi \u00e7e\u015fitli alanlarda e\u011fitim<\/li>\n<li>E\u011fitim tamamland\u0131ktan sonra i\u015fe al\u0131nma se\u00e7ene\u011fi<\/li>\n<li>\u00dccretsiz i\u00e7ecekler<\/li>\n<li>Cazip \u00e7al\u0131\u015fan indirimleri, ayr\u0131ca arkada\u015flar ve aile i\u00e7in<\/li>\n<\/ul>\n\t\t\t\t\t\t\t\t\t\t<\/div>\n\t\t\t\t<\/div>\n\t\t\t<\/div>\n\t\t<\/div>\n                <\/div>\n    <\/div>\n    \n<\/section>\n<\/div><\/div><\/section>\n\n<section class=\"wp-block-custom-container alignwide block-content  block-content--spacing-top\"><div class=\"container container--wide\"><div class=\"container__body\"><style>@media (max-width: 767px){.wp-block-media-text.is-stacked-on-mobile{grid-template-columns:100% !important}.wp-block-media-text.is-stacked-on-mobile .wp-block-media-text__media{grid-column:1;grid-row:1}.wp-block-media-text.is-stacked-on-mobile .wp-block-media-text__content{grid-column:1;grid-row:2}}.wp-block-media-text .wp-block-media-text__content{padding:0;padding-left:2rem}@media (min-width: 1024px){.wp-block-media-text .wp-block-media-text__content{padding-left:6rem}}@media (max-width: 767px){.wp-block-media-text .wp-block-media-text__content{padding:0}}.wp-block-media-text.has-media-on-the-right .wp-block-media-text__content{padding:0;padding-left:unset;padding-right:2rem}@media (min-width: 1024px){.wp-block-media-text.has-media-on-the-right .wp-block-media-text__content{padding-right:6rem}}@media (max-width: 767px){.wp-block-media-text.has-media-on-the-right .wp-block-media-text__content{padding:0}}.wp-block-media-text .wp-block-media-text__media{height:unset;overflow:hidden;aspect-ratio:1 \/ 1}.wp-block-media-text .wp-block-media-text__media img{width:100%;height:100%;object-fit:cover}.wp-block-media-text.is-image-fill .wp-block-media-text__media{height:unset;min-height:unset}.wp-block-media-text.is-image-fill img{object-fit:cover}\n<\/style>\n<div class=\"wp-block-media-text alignwide is-stacked-on-mobile\"><figure class=\"wp-block-media-text__media\"><img loading=\"lazy\" decoding=\"async\" width=\"1080\" height=\"768\" src=\"https:\/\/www.binder-optik.de\/wp-content\/uploads\/2023\/08\/lePlat_kontaktformular_2.jpg\" alt=\"Binder Optik\" class=\"wp-image-1664 size-full\" title=\"\" srcset=\"https:\/\/www.binder-optik.de\/wp-content\/uploads\/2023\/08\/lePlat_kontaktformular_2.jpg 1080w, https:\/\/www.binder-optik.de\/wp-content\/uploads\/2023\/08\/lePlat_kontaktformular_2-300x213.jpg 300w, https:\/\/www.binder-optik.de\/wp-content\/uploads\/2023\/08\/lePlat_kontaktformular_2-1024x728.jpg 1024w, https:\/\/www.binder-optik.de\/wp-content\/uploads\/2023\/08\/lePlat_kontaktformular_2-768x546.jpg 768w, https:\/\/www.binder-optik.de\/wp-content\/uploads\/2023\/08\/lePlat_kontaktformular_2-524x373.jpg 524w\" sizes=\"auto, (max-width: 1080px) 100vw, 1080px\" \/><\/figure><div class=\"wp-block-media-text__content\">\n<div class=\"wp-block-custom-spacing spacing-element spacing-mobile--small spacing-tablet--small spacing-small-desktop--none spacing-desktop--none\"><\/div>\n\n\n\n<p class=\"is-style-default\"><strong>Herhangi bir sorunuz var m\u0131? \u0130rtibat ki\u015finiz: <\/strong><\/p>\n\n\n\n<h2 class=\"wp-block-heading\">Sabine le Plat<\/h2>\n\n\n\n<p>\u0130nsan Kaynaklar\u0131 M\u00fcd\u00fcr\u00fc<\/p>\n\n\n<div class=\"acf-block block-icon-text align\">\n\t<style>.block-icon-text{min-height:100%}.block-icon-text__row{display:flex;flex-wrap:wrap;justify-content:space-between}.block-icon-text img{position:relative;top:3.5px;flex:0 0 100%;max-width:28px;width:100%;height:100%;max-height:2.8rem;max-width:2.8rem;object-fit:contain}.block-icon-text__content{flex:0 0 100%;width:100%;max-width:calc(100% - 48px)}\n<\/style>\t<div class=\"block-icon-text__row\">\n\t\t\t\t<img loading=\"lazy\" decoding=\"async\" width=\"35\" height=\"35\" src=\"https:\/\/www.binder-optik.de\/wp-content\/uploads\/2023\/08\/netto-icons-mail.svg\" class=\"attachment-thumbnail size-thumbnail\" alt=\"Binder Optik\" data-object-fit=\"\" title=\"\">\t\t\t\t\t\t<div class=\"block-icon-text__content\">\n\t\t\t\t<p>jobs@binder-optik.de<\/p>\n\t\t\t<\/div>\n\t\t\t<\/div>\n<\/div>\n\n\n<div class=\"acf-block block-icon-text align\">\n\t\t<div class=\"block-icon-text__row\">\n\t\t\t\t<img loading=\"lazy\" decoding=\"async\" width=\"35\" height=\"35\" src=\"https:\/\/www.binder-optik.de\/wp-content\/uploads\/2023\/08\/netto-icons-phone.svg\" class=\"attachment-thumbnail size-thumbnail\" alt=\"Binder Optik\" data-object-fit=\"\" title=\"\">\t\t\t\t\t\t<div class=\"block-icon-text__content\">\n\t\t\t\t<p><a href=\"tel:07031-6207-25\">07031-6207-25<\/a><\/p>\n\t\t\t<\/div>\n\t\t\t<\/div>\n<\/div>\n\n\n\n<div class=\"wp-block-custom-spacing spacing-element spacing-mobile--small spacing-tablet--small spacing-small-desktop--small spacing-desktop--small\"><\/div>\n\n\n\n<div class=\"wp-block-buttons is-layout-flex wp-block-buttons-is-layout-flex\"><style>.wp-block-button{margin:0 0 3rem}.wp-block-button:last-child,.wp-block-button:only-child{margin-bottom:0}.wp-block-button.align-center{text-align:center}.wp-block-button.align-right{text-align:right}.wp-block-columns+.wp-block-button{margin-top:6.3rem}.wp-block-button__link{display:inline-block;padding:1.8rem 1.8rem;font-weight:600;text-align:center;text-decoration:none;color:#2B2E34;border:2px solid #FFFA00;border-radius:.5rem;background-color:#FFFA00;cursor:pointer;font-size:1.6rem;line-height:1}@media (min-width: 1380px){.wp-block-button__link{padding:1.8rem 3.8rem;font-size:1.8rem;line-height:1}}.wp-block-button:not(.is-style-link-only):not(.is-style-outline):not(.is-style-fill-secondary) .wp-block-button__link{position:relative}.wp-block-button:not(.is-style-link-only):not(.is-style-outline):not(.is-style-fill-secondary) .wp-block-button__link:hover,.wp-block-button:not(.is-style-link-only):not(.is-style-outline):not(.is-style-fill-secondary) .wp-block-button__link:focus{color:#fff;border-color:#00597E;background-color:#00597E}.wp-block-button .wp-block-button__link{transition:.2s}.is-style-fill-secondary .wp-block-button__link{color:#fff;border-color:#00597E;background-color:#00597E}.is-style-fill-secondary .wp-block-button__link:hover,.is-style-fill-secondary .wp-block-button__link:focus{color:#2B2E34;border-color:#FFFA00;background-color:#FFFA00}.is-style-outline .wp-block-button__link{padding:1.8rem 1.8rem !important;color:#00597E !important;border-color:#00597E;background-color:transparent}@media (min-width: 1380px){.is-style-outline .wp-block-button__link{padding:1.8rem 3.8rem !important}}.is-style-outline .wp-block-button__link:hover,.is-style-outline .wp-block-button__link:focus{color:#fff !important;border-color:#00597E !important;background-color:#00597E !important}.is-style-link-only .wp-block-button__link{min-width:0;padding:0;padding-right:2rem;position:relative;font-weight:600;color:#00597E;letter-spacing:0;text-transform:none;border:none;background-color:transparent;transition:color .2s,text-decoration-color .2s;font-size:1.8rem;line-height:1}.is-style-link-only .wp-block-button__link::after{content:'';display:inline-block;width:8px;height:13px;position:absolute;top:50%;right:0;transform:translate(0, -50%);background-image:url(\"https:\/\/www.binder-optik.de\/wp-content\/themes\/ATLAS\/images\/svg\/button_arrow-right_secondary.svg\");background-repeat:no-repeat;background-size:contain;transition:right 0.2s}.is-style-link-only .wp-block-button__link:hover::after,.is-style-link-only .wp-block-button__link:focus::after{right:-5px}\n<\/style>\n<div class=\"wp-block-button\"><a class=\"wp-block-button__link wp-element-button\" href=\"https:\/\/www.binder-optik.de\/tr\/kariyer\/talep-edilmemis-basvuru\/\">\u015eimdi ba\u015fvurun!<\/a><\/div>\n<\/div>\n\n\n\n<div class=\"wp-block-custom-spacing spacing-element spacing-mobile--small spacing-tablet--small spacing-small-desktop--none spacing-desktop--none\"><\/div>\n<\/div><\/div>\n<\/div><\/div><\/section>\n\n<section class=\"wp-block-custom-container alignwide block-content  block-content--spacing-top block-content--spacing-bottom\"><div class=\"container container--wide\"><div class=\"container__body\">\n<section class=\"wp-block-custom-container alignwide block-content  has-gelb-background-color\" style=\"background-color:#FFFF00\"><div class=\"container container--wide\"><div class=\"container__body\"><style>.wp-block-columns.are-vertically-aligned-center{gap:1em;margin-bottom:.5rem}@media (min-width: 992px){.wp-block-columns.are-vertically-aligned-center{margin-bottom:1rem}}.wp-block-columns.are-vertically-aligned-center :last-child{margin-bottom:0}.wp-block-columns.are-vertically-aligned-center figure{margin-bottom:0}.wp-block-columns.no-margin{margin-bottom:0 !important}@media (max-width: 991px){.wp-block-columns.hide-mobile{display:none}}:where(.wp-block-columns.is-layout-flex){gap:1em}\n<\/style>\n<div class=\"wp-block-columns are-vertically-aligned-center is-layout-flex wp-container-core-columns-is-layout-1 wp-block-columns-is-layout-flex\">\n<div class=\"wp-block-column is-vertically-aligned-center is-layout-flow wp-block-column-is-layout-flow\" style=\"flex-basis:66.66%\">\n<h2 class=\"wp-block-heading\"><strong>B\u00fclten kayd\u0131<\/strong><\/h2>\n\n\n\n<p>Haber b\u00fcltenine \u015fimdi abone olun ve 20 Euro de\u011ferinde Binder Optik al\u0131\u015fveri\u015f \u00e7eki kazan\u0131n.<\/p>\n\n\n\n<div class=\"wp-block-buttons is-layout-flex wp-block-buttons-is-layout-flex\">\n<div class=\"wp-block-button is-style-fill-secondary\"><a class=\"wp-block-button__link wp-element-button\" href=\"https:\/\/www.binder-optik.de\/tr\/buelten-kaydi\/\">Kay\u0131t i\u00e7in<\/a><\/div>\n<\/div>\n<\/div>\n\n\n\n<div class=\"wp-block-column is-vertically-aligned-center is-layout-flow wp-block-column-is-layout-flow\" style=\"flex-basis:33.33%\"><style>.wp-block-image.alignright{margin:0 !important}.wp-block-image.alignleft{float:none !important}.wp-block-image .wp-element-caption{text-align:left}\n<\/style>\n<figure class=\"wp-block-image size-full\"><img loading=\"lazy\" decoding=\"async\" width=\"902\" height=\"625\" src=\"https:\/\/www.binder-optik.de\/wp-content\/uploads\/2025\/05\/2023_10_05-Newsletter-Anmeldung_433x300-1_EN.jpg\" alt=\"Binder Optik\" class=\"wp-image-19189\" title=\"\" srcset=\"https:\/\/www.binder-optik.de\/wp-content\/uploads\/2025\/05\/2023_10_05-Newsletter-Anmeldung_433x300-1_EN.jpg 902w, https:\/\/www.binder-optik.de\/wp-content\/uploads\/2025\/05\/2023_10_05-Newsletter-Anmeldung_433x300-1_EN-300x208.jpg 300w, https:\/\/www.binder-optik.de\/wp-content\/uploads\/2025\/05\/2023_10_05-Newsletter-Anmeldung_433x300-1_EN-768x532.jpg 768w, https:\/\/www.binder-optik.de\/wp-content\/uploads\/2025\/05\/2023_10_05-Newsletter-Anmeldung_433x300-1_EN-524x363.jpg 524w\" sizes=\"auto, (max-width: 902px) 100vw, 902px\" \/><\/figure>\n<\/div>\n<\/div>\n<\/div><\/div><\/section>\n<\/div><\/div><\/section>\n","protected":false},"excerpt":{"rendered":"","protected":false},"author":1,"featured_media":0,"parent":18766,"menu_order":0,"comment_status":"closed","ping_status":"closed","template":"","meta":{"_acf_changed":false,"footnotes":""},"class_list":["post-18750","page","type-page","status-publish","hentry"],"acf":[],"publishpress_future_action":{"enabled":false,"date":"2026-05-06 06:35:38","action":"change-status","newStatus":"draft","terms":[],"taxonomy":"translation_priority","extraData":[]},"publishpress_future_workflow_manual_trigger":{"enabledWorkflows":[]},"_links":{"self":[{"href":"https:\/\/www.binder-optik.de\/tr\/wp-json\/wp\/v2\/pages\/18750","targetHints":{"allow":["GET"]}}],"collection":[{"href":"https:\/\/www.binder-optik.de\/tr\/wp-json\/wp\/v2\/pages"}],"about":[{"href":"https:\/\/www.binder-optik.de\/tr\/wp-json\/wp\/v2\/types\/page"}],"author":[{"embeddable":true,"href":"https:\/\/www.binder-optik.de\/tr\/wp-json\/wp\/v2\/users\/1"}],"replies":[{"embeddable":true,"href":"https:\/\/www.binder-optik.de\/tr\/wp-json\/wp\/v2\/comments?post=18750"}],"version-history":[{"count":1,"href":"https:\/\/www.binder-optik.de\/tr\/wp-json\/wp\/v2\/pages\/18750\/revisions"}],"predecessor-version":[{"id":18752,"href":"https:\/\/www.binder-optik.de\/tr\/wp-json\/wp\/v2\/pages\/18750\/revisions\/18752"}],"up":[{"embeddable":true,"href":"https:\/\/www.binder-optik.de\/tr\/wp-json\/wp\/v2\/pages\/18766"}],"wp:attachment":[{"href":"https:\/\/www.binder-optik.de\/tr\/wp-json\/wp\/v2\/media?parent=18750"}],"curies":[{"name":"wp","href":"https:\/\/api.w.org\/{rel}","templated":true}]}}