{"id":18567,"date":"2024-11-27T15:05:23","date_gmt":"2024-11-27T14:05:23","guid":{"rendered":"https:\/\/www.binder-optik.de\/goez-muayenesi\/"},"modified":"2025-05-16T09:32:08","modified_gmt":"2025-05-16T07:32:08","slug":"goez-muayenesi","status":"publish","type":"page","link":"https:\/\/www.binder-optik.de\/tr\/goez-muayenesi\/","title":{"rendered":"G\u00f6z muayenesi."},"content":{"rendered":"\n<section class=\"wp-block-custom-container alignwide block-content\"><style>.block-content{position:relative}.block-content--spacing-top{padding-top:2rem}@media (min-width: 992px){.block-content--spacing-top{padding-top:4rem}}.block-content--spacing-bottom{padding-bottom:2rem}@media (min-width: 992px){.block-content--spacing-bottom{padding-bottom:4rem}}.block-content--margin-top{margin-top:2rem}@media (min-width: 992px){.block-content--margin-top{margin-top:4rem}}.block-content--margin-bottom{margin-bottom:2rem}@media (min-width: 992px){.block-content--margin-bottom{margin-bottom:4rem}}.block-content.z-index{position:relative;z-index:2}.block-content .container{position:relative;z-index:1}.block-content .container--full{padding:0}.block-content .container .container{padding:2rem}@media (min-width: 992px){.block-content .container .container{padding:4rem}}.block-content .container-overlay{position:absolute;z-index:0;top:0;right:0;bottom:0;left:0}.block-content.career-container{margin-top:-8rem;z-index:2;pointer-events:none}.block-content.career-container .block-content{pointer-events:all;-webkit-box-shadow:0px 0px 15px 5px rgba(0,0,0,0.1);box-shadow:0px 0px 15px 5px rgba(0,0,0,0.1)}.block-content.career-container .wp-block-custom-column{margin-bottom:0}\n<\/style><div class=\"container container--wide\"><div class=\"container__body\"><section class=\"block-slider\">\n    <style>.block-slider{padding:0;position:relative;margin:0 0 2rem}@media (min-width: 1024px){.block-slider{margin:0 0 2rem}}@media (min-width: 1380px){.block-slider{margin:0}}@media (min-width: 1200px){.block-slider__wrapper--half-width .slick-dots{text-align:left}}@media (min-width: 1380px){.block-slider .slick-dots{bottom:15px}}@media (min-width: 1380px){.block-slider .slick-dots button{background-color:#fff}}.single-slide{position:relative}.single-slide:not(:first-child){display:none}.slick-initialized .single-slide{display:block}.single-slide::before{display:block;content:\"\";width:100%;padding-top:calc( (430 \/ 390) * 100%)}@media (min-width: 1024px){.single-slide::before{padding-top:calc( (610 \/ 1408) * 100%)}}.single-slide__wrapper{position:absolute;top:0;right:0;bottom:0;left:0}.single-slide__bg{position:absolute;top:0;right:0;bottom:0;left:0}.single-slide__bg--desktop{display:none}@media (min-width: 1024px){.single-slide__bg--desktop{display:block;height:100%}}.single-slide__bg--mobile{display:block;height:100%}@media (min-width: 1024px){.single-slide__bg--mobile{display:none}}.single-slide__bg img{width:100%;height:100%;object-fit:cover}.single-slide__bg.video{min-height:100%}.single-slide__bg-vid{min-height:100%;position:relative;overflow:hidden}.single-slide__bg-video,.single-slide__bg-vid iframe,.single-slide__bg-vid object,.single-slide__bg-vid embed{display:inline-block;position:absolute;top:0;left:0;right:0;bottom:0;margin:0;padding:0;width:100%;height:100%;max-width:none;max-height:none;-o-object-fit:cover;object-fit:cover;outline:none;border:none;box-shadow:none;z-index:0;clip-path:inset(1px 1px)}.single-slide__bg-vid iframe,.single-slide__bg-vid object,.single-slide__bg-vid embed{top:50%;left:50%;right:unset;bottom:unset;width:200%;transform:translate(-50%, -50%);pointer-events:none}@media (min-width: 1024px){.single-slide__bg-vid iframe,.single-slide__bg-vid object,.single-slide__bg-vid embed{height:130%;width:100%}}.single-slide__bg-vid .uc-embedding-container{position:absolute;top:50%;left:50%;right:unset;bottom:unset;transform:translate(-50%, -50%);max-height:none}.single-slide__bg-vid .uc-embedding-accept{background-color:#FFFA00 !important;color:#000 !important;font-weight:600 !important}.single-slide__bg-vid .uc-embedding-more-info,.single-slide__bg-vid .uc-embedding-wrapper h3{font-weight:600 !important}.single-slide__bg-vid::after{content:'';position:absolute;top:2px;left:2px;right:2px;bottom:2px;width:calc(100% - 4px);height:calc(100% - 4px);z-index:-1;background-size:cover;background-repeat:no-repeat;background-position:center center;filter:blur(0.5rem);background-image:url(\"https:\/\/www.binder-optik.de\/wp-content\/themes\/ATLAS\/images\/store\/store_fallback.jpg\")}.single-slide__bg-vid .mejs-controls{display:none}.single-slide__content{color:#fff}.single-slide--content-bg .single-slide__content{background:#fff}.single-slide__content .h1{margin:0 0 .6rem;font-weight:600;color:#FFFA00;letter-spacing:0;font-size:4.6rem;line-height:1.13043478}@media (min-width: 1380px){.single-slide__content .h1{font-size:8rem;line-height:1.175}}.single-slide__content-wrapper{position:absolute;top:0;right:0;bottom:0;left:0;display:flex;align-items:flex-start}@media (min-width: 1024px){.single-slide__content-wrapper{align-items:center}}.single-slide__content-container{height:100%}@media (min-width: 1380px){.single-slide__content-container{padding-bottom:10rem}}.single-slide__content-row{position:relative;display:flex;align-items:flex-start;justify-content:space-between;flex-flow:column nowrap;height:100%;width:100%;max-width:100%}@media (min-width: 1024px){.single-slide__content-row{max-width:50%;justify-content:center}}@media (min-width: 1380px){.single-slide__content-row{padding:2rem 0}}.single-slide__slogan{display:none;position:absolute;left:0;bottom:0rem;color:#ff0;font-weight:600}@media (min-width: 1024px){.single-slide__slogan{display:block}}.single-slide__buttons{display:flex;flex-wrap:wrap;align-items:center;justify-content:flex-start;margin:2rem 0 0}.single-slide__buttons .wp-block-button{margin:0 2rem 1rem 0}.single-slide--half-width{background-color:#a5d6e3}.single-slide--half-width .single-slide__bg{width:100%;right:0;left:auto}@media (min-width: 1380px){.single-slide--half-width .single-slide__bg{width:50%}}.single-slide--image-left .single-slide__bg{right:auto;left:0}\n<\/style>    <style>.slick-arrow{width:3.7rem;height:3.7rem;position:absolute;z-index:1;top:auto;bottom:10px;margin-top:-15px;font-size:0;line-height:0;border:none;border-radius:50%;background-color:rgba(194,209,217,0.55);cursor:pointer;transition:background-color .2s}@media (min-width: 992px){.slick-arrow{width:5.7rem;height:5.7rem}}@media (min-width: 1200px){.slick-arrow{top:50%}}.slick-arrow:hover{background-color:#000}html.touch-device .slick-arrow:hover{background-color:rgba(194,209,217,0.55)}.slick-arrow:after{content:'';display:block;width:12px;height:11px;position:absolute;top:50%;left:50%;transform:translate(-50%, -50%);background-image:url(\"https:\/\/www.binder-optik.de\/wp-content\/themes\/ATLAS\/images\/svg\/arrow-big.svg\");background-repeat:no-repeat;background-size:12px 11px}@media (min-width: 992px){.slick-arrow:after{width:24px;height:22px;background-position:contain;background-size:24px 22px}}.slick-arrow.slick-prev{right:auto;left:10px;transform:rotate(180deg)}@media (min-width: 992px){.slick-arrow.slick-prev{left:20px}}@media (min-width: 1380px){.slick-arrow.slick-prev{left:36px}}.slick-arrow.slick-next{right:10px;left:auto}@media (min-width: 992px){.slick-arrow.slick-next{right:20px}}@media (min-width: 1380px){.slick-arrow.slick-next{right:36px}}.slick-slide:focus{outline:none}.slick-dots{width:100%;max-width:1105px;padding:0;position:absolute;bottom:-24px;left:50%;transform:translate(-50%, 0);margin:0 auto;line-height:0.75;text-align:center;list-style:none}@media (min-width: 1024px){.slick-dots{padding:0 4rem}}.slick-dots li{display:inline-block;line-height:0;margin:0 3px}@media (min-width: 992px){.slick-dots li{margin:0 5px}}@media (min-width: 1024px){.slick-dots li{margin:0 7px}}.slick-dots li.slick-active button{background-color:#00597E}@media (min-width: 1024px){.slick-dots li.slick-active button{background-color:#2B2E34}}.slick-dots button{padding:0;width:10px;height:10px;font-size:0;line-height:0;border:0;border-radius:50%;background:transparent;background-color:#e1e1e1;box-shadow:none;transition:background-color .2s linear}@media (min-width: 1024px){.slick-dots button{width:12px;height:12px}}\n<\/style>    <style>\/* Slider *\/\n.slick-slider {\n  position: relative;\n  display: block;\n  box-sizing: border-box;\n  -webkit-touch-callout: none;\n  -webkit-user-select: none;\n  -khtml-user-select: none;\n  -moz-user-select: none;\n  -ms-user-select: none;\n  user-select: none;\n  -ms-touch-action: pan-y;\n  touch-action: pan-y;\n  -webkit-tap-highlight-color: transparent;\n}\n\n.slick-list {\n  position: relative;\n  overflow: hidden;\n  display: block;\n  margin: 0;\n  padding: 0;\n}\n\n.slick-list:focus {\n  outline: none;\n}\n\n.slick-list.dragging {\n  cursor: pointer;\n  cursor: hand;\n}\n\n.slick-slider .slick-track,\n.slick-slider .slick-list {\n  -webkit-transform: translate3d(0, 0, 0);\n  -moz-transform: translate3d(0, 0, 0);\n  -ms-transform: translate3d(0, 0, 0);\n  -o-transform: translate3d(0, 0, 0);\n  transform: translate3d(0, 0, 0);\n}\n\n.slick-track {\n  position: relative;\n  left: 0;\n  top: 0;\n  display: block;\n  margin-left: auto;\n  margin-right: auto;\n}\n\n.slick-track:before, .slick-track:after {\n  content: \"\";\n  display: table;\n}\n\n.slick-track:after {\n  clear: both;\n}\n\n.slick-loading .slick-track {\n  visibility: hidden;\n}\n\n.slick-slide {\n  float: left;\n  height: 100%;\n  min-height: 1px;\n  display: none;\n}\n\n[dir=\"rtl\"] .slick-slide {\n  float: right;\n}\n\n.slick-slide img {\n  display: block;\n}\n\n.slick-slide.slick-loading img {\n  display: none;\n}\n\n.slick-slide.dragging img {\n  pointer-events: none;\n}\n\n.slick-initialized .slick-slide {\n  display: block;\n}\n\n.slick-loading .slick-slide {\n  visibility: hidden;\n}\n\n.slick-vertical .slick-slide {\n  display: block;\n  height: auto;\n  border: 1px solid transparent;\n}\n\n.slick-arrow.slick-hidden {\n  display: none;\n}\n<\/style>    <div class=\"block-slider__container\">\n        <div class=\"block-slider__wrapper block-slider__wrapper--full-width\" data-slider=\"block_fbf5a64bf67a1237d7adfbcaf2168aac\">\n                            <div class=\"single-slide single-slide--full-width\">\n                        <div class=\"single-slide__wrapper\">\n                \n                                        <div class=\"single-slide__bg\">\n                                                    <img loading=\"lazy\" decoding=\"async\" width=\"2560\" height=\"1707\" src=\"https:\/\/www.binder-optik.de\/wp-content\/uploads\/2025\/01\/Ocumeda-Titelbild-2025-scaled.jpg\" class=\"attachment-full size-full\" alt=\"Binder Optik\" data-object-fit=\"\" srcset=\"https:\/\/www.binder-optik.de\/wp-content\/uploads\/2025\/01\/Ocumeda-Titelbild-2025-scaled.jpg 2560w, https:\/\/www.binder-optik.de\/wp-content\/uploads\/2025\/01\/Ocumeda-Titelbild-2025-300x200.jpg 300w, https:\/\/www.binder-optik.de\/wp-content\/uploads\/2025\/01\/Ocumeda-Titelbild-2025-1024x683.jpg 1024w, https:\/\/www.binder-optik.de\/wp-content\/uploads\/2025\/01\/Ocumeda-Titelbild-2025-768x512.jpg 768w, https:\/\/www.binder-optik.de\/wp-content\/uploads\/2025\/01\/Ocumeda-Titelbild-2025-1536x1024.jpg 1536w, https:\/\/www.binder-optik.de\/wp-content\/uploads\/2025\/01\/Ocumeda-Titelbild-2025-2048x1365.jpg 2048w, https:\/\/www.binder-optik.de\/wp-content\/uploads\/2025\/01\/Ocumeda-Titelbild-2025-524x349.jpg 524w\" sizes=\"auto, (max-width: 2560px) 100vw, 2560px\" title=\"\">                                            <\/div>\n                                        \n                    <!-- Readd content wrapper if needed -->\n                <\/div>\n                    <\/div>\n        \n                <\/div>\n    <\/div>\n<\/section>\n<\/div><\/div><\/section>\n\n\n\n<section class=\"wp-block-custom-container alignwide block-content  block-content--spacing-top block-content--spacing-bottom\"><div class=\"container container--wide\"><div class=\"container__body\">\n<h1 class=\"wp-block-heading has-text-align-left\"><strong>Stuttgart Degerloch&#8217;da profesyonel g\u00f6z bak\u0131m\u0131: <\/strong>sadece 25 dakikada <strong>daha fazla <\/strong>g\u00fcvenlik.  <\/h1>\n\n\n\n<h5 class=\"wp-block-heading has-text-align-left\"><strong>Sadece Stuttgart Degerloch&#8217;daki uzman ma\u011fazam\u0131zda.<\/strong><\/h5>\n\n\n\n<p>G\u00f6z sa\u011fl\u0131\u011f\u0131n\u0131z en iyi bak\u0131m\u0131 hak ediyor. En son teknoloji ve g\u00f6z doktorlar\u0131n\u0131n uzmanl\u0131\u011f\u0131yla art\u0131k size kapsaml\u0131 bir g\u00f6z taramas\u0131 sunuyoruz. Sadece 25 dakika i\u00e7inde ve sadece 69 Euro kar\u015f\u0131l\u0131\u011f\u0131nda profesyonel bir g\u00f6z taramas\u0131 ger\u00e7ekle\u015ftiriyoruz. Sonu\u00e7lar daha sonra g\u00f6z doktorlar\u0131 taraf\u0131ndan kontrol edilir ve e-posta veya posta yoluyla g\u00f6z sa\u011fl\u0131\u011f\u0131n\u0131z hakk\u0131nda ayr\u0131nt\u0131l\u0131 bir fikir edinirsiniz. Karma\u015f\u0131k olmayan, h\u0131zl\u0131 ve g\u00fcvenilir. G\u00f6z sa\u011fl\u0131\u011f\u0131n\u0131z i\u00e7in yeni premium hizmetimizi \u015fimdi ke\u015ffedin.     <\/p>\n\n\n\n<div class=\"wp-block-buttons is-content-justification-left is-layout-flex wp-container-core-buttons-is-layout-1 wp-block-buttons-is-layout-flex\"><style>.wp-block-button{margin:0 0 3rem}.wp-block-button:last-child,.wp-block-button:only-child{margin-bottom:0}.wp-block-button.align-center{text-align:center}.wp-block-button.align-right{text-align:right}.wp-block-columns+.wp-block-button{margin-top:6.3rem}.wp-block-button__link{display:inline-block;padding:1.8rem 1.8rem;font-weight:600;text-align:center;text-decoration:none;color:#2B2E34;border:2px solid #FFFA00;border-radius:.5rem;background-color:#FFFA00;cursor:pointer;font-size:1.6rem;line-height:1}@media (min-width: 1380px){.wp-block-button__link{padding:1.8rem 3.8rem;font-size:1.8rem;line-height:1}}.wp-block-button:not(.is-style-link-only):not(.is-style-outline):not(.is-style-fill-secondary) .wp-block-button__link{position:relative}.wp-block-button:not(.is-style-link-only):not(.is-style-outline):not(.is-style-fill-secondary) .wp-block-button__link:hover,.wp-block-button:not(.is-style-link-only):not(.is-style-outline):not(.is-style-fill-secondary) .wp-block-button__link:focus{color:#fff;border-color:#00597E;background-color:#00597E}.wp-block-button .wp-block-button__link{transition:.2s}.is-style-fill-secondary .wp-block-button__link{color:#fff;border-color:#00597E;background-color:#00597E}.is-style-fill-secondary .wp-block-button__link:hover,.is-style-fill-secondary .wp-block-button__link:focus{color:#2B2E34;border-color:#FFFA00;background-color:#FFFA00}.is-style-outline .wp-block-button__link{padding:1.8rem 1.8rem !important;color:#00597E !important;border-color:#00597E;background-color:transparent}@media (min-width: 1380px){.is-style-outline .wp-block-button__link{padding:1.8rem 3.8rem !important}}.is-style-outline .wp-block-button__link:hover,.is-style-outline .wp-block-button__link:focus{color:#fff !important;border-color:#00597E !important;background-color:#00597E !important}.is-style-link-only .wp-block-button__link{min-width:0;padding:0;padding-right:2rem;position:relative;font-weight:600;color:#00597E;letter-spacing:0;text-transform:none;border:none;background-color:transparent;transition:color .2s,text-decoration-color .2s;font-size:1.8rem;line-height:1}.is-style-link-only .wp-block-button__link::after{content:'';display:inline-block;width:8px;height:13px;position:absolute;top:50%;right:0;transform:translate(0, -50%);background-image:url(\"https:\/\/www.binder-optik.de\/wp-content\/themes\/ATLAS\/images\/svg\/button_arrow-right_secondary.svg\");background-repeat:no-repeat;background-size:contain;transition:right 0.2s}.is-style-link-only .wp-block-button__link:hover::after,.is-style-link-only .wp-block-button__link:focus::after{right:-5px}\n<\/style>\n<div class=\"wp-block-button\"><a class=\"wp-block-button__link has-text-align-center wp-element-button\" href=\"https:\/\/www.binder-optik.de\/tr\/magazalar\/stuttgart-degerloch-2\/#termin-vereinbaren\">\u015eimdi randevu al\u0131n<\/a><\/div>\n<\/div>\n\n\n\n<div class=\"wp-block-custom-spacing spacing-element spacing-mobile--small spacing-tablet--small spacing-small-desktop--small spacing-desktop--small\"><\/div>\n<\/div><\/div><\/section>\n\n\n\n<section class=\"wp-block-custom-container alignwide block-content has-bo-gelb-2-background-color block-content--spacing-top\" style=\"background-color:#f9f09b\"><div class=\"container container--wide\"><div class=\"container__body\">\n<h2 class=\"wp-block-heading\"><strong>\u00d6nleyici g\u00f6z bak\u0131m\u0131 neden bu kadar \u00f6nemlidir?<\/strong><\/h2>\n\n\n\n<div class=\"wp-block-custom-columns columns-row row small-gutter\"><style>.columns-row--spacing-top{padding-top:2rem}@media (min-width: 992px){.columns-row--spacing-top{padding-top:4rem}}.columns-row--spacing-bottom{padding-bottom:2rem}@media (min-width: 992px){.columns-row--spacing-bottom{padding-bottom:4rem}}.columns-row--margin-top{margin-top:2rem}@media (min-width: 992px){.columns-row--margin-top{margin-top:4rem}}.columns-row--margin-bottom{margin-bottom:2rem}@media (min-width: 992px){.columns-row--margin-bottom{margin-bottom:4rem}}\n<\/style>\n<div class=\"wp-block-custom-column col col-12 col-md-6 col-xl-4\"><div class=\"acf-block block-teaser align gri\">\n\n\t<style>.block-teaser{position:relative;display:block !important;min-height:100%;padding:1.4rem 1rem 1rem;-webkit-box-shadow:0px 0px 15px 5px rgba(0,0,0,0.075);box-shadow:0px 0px 15px 5px rgba(0,0,0,0.075);overflow:hidden}@media (min-width: 1200px){.block-teaser{padding:3rem 2rem 2rem}}@media (min-width: 1380px){.block-teaser{padding:4rem 3rem 3rem}}.block-teaser.white{background-color:#fff}.block-teaser.rose{background-color:#fde4d3}.block-teaser.yellow{background-color:#f9f09b}.block-teaser.green{background-color:#96cfbf}.block-teaser.petrol{background-color:#a5d6e3}.block-teaser.grey{background-color:#f5f5f5}.block-teaser__row{position:relative;display:flex;flex-wrap:wrap;z-index:1}.block-teaser__content{margin:0 0 2rem;text-decoration:2px underline transparent;text-underline-offset:4px;transition:0.2s ease;hyphens:auto}.block-teaser__img-wrapper{flex:0 0 100%;display:flex;justify-content:center;align-items:center;width:3rem;height:3rem;max-width:3rem;max-height:3rem;margin-bottom:1rem;text-align:center}@media (min-width: 1024px){.block-teaser__img-wrapper{width:5rem;height:5rem;max-width:5rem;max-height:5rem;margin-bottom:2rem}}.block-teaser__img-wrapper img{width:100%;height:100%;object-fit:contain}.block-teaser--full .block-teaser__img-wrapper{max-width:100%}.block-teaser--full .block-teaser__img-wrapper img{width:100%;height:auto;object-fit:unset}.block-teaser__content-wrapper{flex:0 0 100%;max-width:100%}.block-teaser--full .block-teaser__content-wrapper{max-width:100%}a.block-teaser .block-teaser__link{display:none;position:relative;width:4.5rem;height:4.5rem}@media (min-width: 1024px){a.block-teaser .block-teaser__link{display:block}}a.block-teaser:hover .block-teaser__content,a.block-teaser:focus .block-teaser__content{color:#2B2E34;text-decoration-color:#2B2E34}\n<\/style>\t<div class=\"block-teaser__row\">\n\t\t\t<div class=\"block-teaser__img-wrapper\">\n\t\t\t<img loading=\"lazy\" decoding=\"async\" width=\"35\" height=\"35\" src=\"https:\/\/www.binder-optik.de\/wp-content\/uploads\/2023\/09\/netto-icons_check-quadratisch.svg\" class=\"attachment-teaser-img size-teaser-img\" alt=\"Binder Optik\" data-object-fit=\"\" title=\"\">\t\t<\/div>\n\t\t\t<div class=\"block-teaser__content-wrapper\">\n\t\t\t\t\t<div class=\"block-teaser__content\"><h4><strong>Hastal\u0131klardan<\/strong> <strong>kaynaklanan g\u00f6rme kayb\u0131<\/strong> vakalar\u0131n\u0131n %75&#8217;i erken te\u015fhisle <strong>\u00f6nlenebilir<\/strong> <\/h4>\n<\/div>\n\t\t\t\t\t\t\t<!-- <div class=\"block-teaser__link\"><\/div> -->\n\t\t\t\t<\/div>\n\t<\/div>\n<\/div>\n<\/div>\n\n\n\n<div class=\"wp-block-custom-column col col-12 col-md-6 col-xl-4\"><div class=\"acf-block block-teaser align gri\">\n\n\t\t<div class=\"block-teaser__row\">\n\t\t\t<div class=\"block-teaser__img-wrapper\">\n\t\t\t<img loading=\"lazy\" decoding=\"async\" width=\"35\" height=\"35\" src=\"https:\/\/www.binder-optik.de\/wp-content\/uploads\/2023\/09\/netto-icons_check-quadratisch.svg\" class=\"attachment-teaser-img size-teaser-img\" alt=\"Binder Optik\" data-object-fit=\"\" title=\"\">\t\t<\/div>\n\t\t\t<div class=\"block-teaser__content-wrapper\">\n\t\t\t\t\t<div class=\"block-teaser__content\"><h4>Bir\u00e7ok <strong>g\u00f6z hastal\u0131\u011f\u0131<\/strong> <strong>yava\u015f yava\u015f<\/strong> <strong>ilerler<\/strong> <strong>ve<\/strong> uzun s\u00fcre fark edilmez<\/h4>\n<\/div>\n\t\t\t\t\t\t\t<!-- <div class=\"block-teaser__link\"><\/div> -->\n\t\t\t\t<\/div>\n\t<\/div>\n<\/div>\n<\/div>\n\n\n\n<div class=\"wp-block-custom-column col col-12 col-md-6 col-xl-4\"><div class=\"acf-block block-teaser align gri\">\n\n\t\t<div class=\"block-teaser__row\">\n\t\t\t<div class=\"block-teaser__img-wrapper\">\n\t\t\t<img loading=\"lazy\" decoding=\"async\" width=\"35\" height=\"35\" src=\"https:\/\/www.binder-optik.de\/wp-content\/uploads\/2023\/09\/netto-icons_check-quadratisch.svg\" class=\"attachment-teaser-img size-teaser-img\" alt=\"Binder Optik\" data-object-fit=\"\" title=\"\">\t\t<\/div>\n\t\t\t<div class=\"block-teaser__content-wrapper\">\n\t\t\t\t\t<div class=\"block-teaser__content\"><h4>Her 5 ki\u015fiden biri muayene <strong>s\u0131ras\u0131nda anormallik<\/strong> g\u00f6steriyor<\/h4>\n<\/div>\n\t\t\t\t\t\t\t<!-- <div class=\"block-teaser__link\"><\/div> -->\n\t\t\t\t<\/div>\n\t<\/div>\n<\/div>\n<\/div>\n<\/div>\n\n\n\n<div class=\"wp-block-custom-spacing spacing-element spacing-mobile--small spacing-tablet--small spacing-small-desktop--small spacing-desktop--small\"><\/div>\n<\/div><\/div><\/section>\n\n\n\n<section class=\"wp-block-custom-container alignwide block-content has-grau-background-color block-content--spacing-top block-content--spacing-bottom block-content--margin-top has-wei-background-color\" style=\"background-color:#f5f5f5\"><div class=\"container container--wide\"><div class=\"container__body\">\n<h2 class=\"wp-block-heading\"><strong>G\u00f6z muayenesi nas\u0131l yap\u0131l\u0131r?<\/strong><\/h2>\n\n\n\n<div class=\"wp-block-custom-accordion block-accordion\"><style>.block-accordion__body .wp-block{width:100%}.single-accordion{padding:0 2rem 4px;margin:0;margin-bottom:1rem;background-color:#fff;-webkit-box-shadow:0px 0px 15px 5px rgba(0,0,0,0.075);box-shadow:0px 0px 15px 5px rgba(0,0,0,0.075)}@media (min-width: 1024px){.single-accordion{padding:0 4rem;margin-bottom:2rem}}.single-accordion:last-child{margin-bottom:0}.single-accordion p:last-child{margin:0}.single-accordion__header.active .single-accordion__title{border-color:#00597E}.single-accordion__header.active .single-accordion__title:after{transform:translateY(-50%) rotate(-45deg);margin-top:5px}.single-accordion__content{display:none;padding:2rem 0 20px 0px}@media (min-width: 1024px){.single-accordion__content{padding:3rem 30px 30px 0px}}.single-accordion__content a{text-decoration:none !important}.single-accordion__content a:hover,.single-accordion__content a:focus{text-decoration:none}.single-accordion__title{position:relative;display:block;padding:20px 30px 20px 0px;letter-spacing:0;color:#2B2E34;font-weight:700;cursor:pointer;border-bottom:0.6px solid transparent;transition:all .2s linear;font-size:1.8rem;line-height:1.5}@media (min-width: 1024px){.single-accordion__title{padding:30px 30px 30px 0px;font-size:2.5rem;line-height:1.44}}.single-accordion__title::after{content:'';display:block;width:13px;height:13px;position:absolute;top:50%;right:5px;transform:translateY(-50%) rotate(135deg);border:2px solid #00597E;border-width:2px 2px 0 0;transition:all .2s linear}@media (min-width: 1024px){.single-accordion__title::after{width:23px;height:23px}}\n<\/style><div class=\"block-accordion__body\">\n<div class=\"wp-block-custom-accordion-single single-accordion\"><div class=\"single-accordion__header active\"><h3 class=\"single-accordion__title\">Randevu al\u0131n<\/h3><\/div><div class=\"single-accordion__content\" style=\"display:block\">\n<p>Stuttgart Degerloch&#8217;taki uzman ma\u011fazam\u0131zdan <a href=\"https:\/\/www.binder-optik.de\/tr\/magazalar\/stuttgart-degerloch\/\">\u00e7evrimi\u00e7i olarak veya <\/a>telefonla randevu alman\u0131z yeterlidir. <a href=\"https:\/\/www.binder-optik.de\/tr\/magazalar\/stuttgart-degerloch\/#termin-vereinbaren\">Randevu g\u00fcnl\u00fc\u011f\u00fcne.<\/a><\/p>\n<\/div><\/div>\n\n\n\n<div class=\"wp-block-custom-accordion-single single-accordion\"><div class=\"single-accordion__header active\"><h3 class=\"single-accordion__title\">Profesyonel g\u00f6z testi<\/h3><\/div><div class=\"single-accordion__content\" style=\"display:block\">\n<p>Sertifikal\u0131 optisyenlerimiz, g\u00f6rme performans\u0131n\u0131z\u0131 kontrol etmek i\u00e7in sizinle birlikte ayr\u0131nt\u0131l\u0131 bir g\u00f6z testi yapacakt\u0131r.<\/p>\n<\/div><\/div>\n\n\n\n<div class=\"wp-block-custom-accordion-single single-accordion\"><div class=\"single-accordion__header active\"><h3 class=\"single-accordion__title\">G\u00f6z i\u00e7i bas\u0131n\u00e7 \u00f6l\u00e7\u00fcm\u00fc<\/h3><\/div><div class=\"single-accordion__content\" style=\"display:block\">\n<p>Daha sonra g\u00f6z i\u00e7i bas\u0131nc\u0131n\u0131z \u00f6l\u00e7\u00fcl\u00fcr &#8211; retina ve optik sinir i\u00e7in olas\u0131 riskler hakk\u0131nda bilgi sa\u011flayan \u00f6nemli bir de\u011ferdir.<\/p>\n<\/div><\/div>\n\n\n\n<div class=\"wp-block-custom-accordion-single single-accordion\"><div class=\"single-accordion__header active\"><h3 class=\"single-accordion__title\">G\u00f6z\u00fcn arka k\u0131sm\u0131n\u0131n g\u00f6r\u00fcnt\u00fcs\u00fc<\/h3><\/div><div class=\"single-accordion__content\" style=\"display:block\">\n<p>Retina taramas\u0131nda, retinadaki herhangi bir anormalli\u011fi belgelemek i\u00e7in g\u00f6z\u00fcn\u00fcz\u00fcn merkezinin g\u00f6r\u00fcnt\u00fcleri al\u0131n\u0131r.<\/p>\n<\/div><\/div>\n\n\n\n<div class=\"wp-block-custom-accordion-single single-accordion\"><div class=\"single-accordion__header active\"><h3 class=\"single-accordion__title\">T\u0131bbi de\u011ferlendirme<\/h3><\/div><div class=\"single-accordion__content\" style=\"display:block\">\n<p>Veriler orta\u011f\u0131m\u0131z Ocumeda arac\u0131l\u0131\u011f\u0131yla dijital olarak g\u00f6z doktorlar\u0131na iletilir ve onlar taraf\u0131ndan analiz edilir.<\/p>\n<\/div><\/div>\n\n\n\n<div class=\"wp-block-custom-accordion-single single-accordion\"><div class=\"single-accordion__header active\"><h3 class=\"single-accordion__title\">Ki\u015fisel rapor<\/h3><\/div><div class=\"single-accordion__content\" style=\"display:block\">\n<p>Ayr\u0131nt\u0131l\u0131 bir sonu\u00e7 raporu ve herhangi bir anormallik durumunda yerel g\u00f6z doktorlar\u0131 i\u00e7in bir \u00f6neri alacaks\u0131n\u0131z.<\/p>\n<\/div><\/div>\n<\/div><\/div>\n\n\n\n<div class=\"wp-block-custom-spacing spacing-element spacing-mobile--small spacing-tablet--small spacing-small-desktop--small spacing-desktop--small\"><\/div>\n\n\n\n<div class=\"wp-block-custom-spacing spacing-element spacing-mobile--small spacing-tablet--small spacing-small-desktop--small spacing-desktop--small\"><\/div>\n<\/div><\/div><\/section>\n\n\n\n<section class=\"wp-block-custom-container alignwide block-content has-bo-gr-n-2-background-color block-content--spacing-top block-content--spacing-bottom block-content--margin-top\" style=\"background-color:#96cfbf\"><div class=\"container container--wide\"><div class=\"container__body\"><style>@media (max-width: 767px){.wp-block-media-text.is-stacked-on-mobile{grid-template-columns:100% !important}.wp-block-media-text.is-stacked-on-mobile .wp-block-media-text__media{grid-column:1;grid-row:1}.wp-block-media-text.is-stacked-on-mobile .wp-block-media-text__content{grid-column:1;grid-row:2}}.wp-block-media-text .wp-block-media-text__content{padding:0;padding-left:2rem}@media (min-width: 1024px){.wp-block-media-text .wp-block-media-text__content{padding-left:6rem}}@media (max-width: 767px){.wp-block-media-text .wp-block-media-text__content{padding:0}}.wp-block-media-text.has-media-on-the-right .wp-block-media-text__content{padding:0;padding-left:unset;padding-right:2rem}@media (min-width: 1024px){.wp-block-media-text.has-media-on-the-right .wp-block-media-text__content{padding-right:6rem}}@media (max-width: 767px){.wp-block-media-text.has-media-on-the-right .wp-block-media-text__content{padding:0}}.wp-block-media-text .wp-block-media-text__media{height:unset;overflow:hidden;aspect-ratio:1 \/ 1}.wp-block-media-text .wp-block-media-text__media img{width:100%;height:100%;object-fit:cover}.wp-block-media-text.is-image-fill .wp-block-media-text__media{height:unset;min-height:unset}.wp-block-media-text.is-image-fill img{object-fit:cover}\n<\/style>\n<div class=\"wp-block-media-text is-stacked-on-mobile\" style=\"grid-template-columns:40% auto\"><figure class=\"wp-block-media-text__media\"><a href=\"https:\/\/www.binder-optik.de\/tr\/teklifler\/\"><img loading=\"lazy\" decoding=\"async\" width=\"1024\" height=\"1024\" src=\"https:\/\/www.binder-optik.de\/wp-content\/uploads\/2025\/01\/Ocumeda-Auge-800x800-2025-1024x1024.jpg\" alt=\"Binder Optik\" class=\"wp-image-13650 size-full\" title=\"\" srcset=\"https:\/\/www.binder-optik.de\/wp-content\/uploads\/2025\/01\/Ocumeda-Auge-800x800-2025-1024x1024.jpg 1024w, https:\/\/www.binder-optik.de\/wp-content\/uploads\/2025\/01\/Ocumeda-Auge-800x800-2025-300x300.jpg 300w, https:\/\/www.binder-optik.de\/wp-content\/uploads\/2025\/01\/Ocumeda-Auge-800x800-2025-150x150.jpg 150w, https:\/\/www.binder-optik.de\/wp-content\/uploads\/2025\/01\/Ocumeda-Auge-800x800-2025-768x768.jpg 768w, https:\/\/www.binder-optik.de\/wp-content\/uploads\/2025\/01\/Ocumeda-Auge-800x800-2025-1536x1536.jpg 1536w, https:\/\/www.binder-optik.de\/wp-content\/uploads\/2025\/01\/Ocumeda-Auge-800x800-2025-2048x2048.jpg 2048w, https:\/\/www.binder-optik.de\/wp-content\/uploads\/2025\/01\/Ocumeda-Auge-800x800-2025-123x123.jpg 123w, https:\/\/www.binder-optik.de\/wp-content\/uploads\/2025\/01\/Ocumeda-Auge-800x800-2025-524x524.jpg 524w\" sizes=\"auto, (max-width: 1024px) 100vw, 1024px\" \/><\/a><\/figure><div class=\"wp-block-media-text__content\">\n<div class=\"wp-block-custom-spacing spacing-element spacing-mobile--small spacing-tablet--small spacing-small-desktop--small spacing-desktop--small\"><\/div>\n\n\n\n<h2 class=\"wp-block-heading\">T\u0131bbi uzmanl\u0131k sayesinde \u00e7ok y\u00f6nl\u00fc optimum bak\u0131m<\/h2>\n\n\n\n<p>\u00d6nleyici g\u00f6z bak\u0131m\u0131nda yeni standartlar belirliyoruz: muayenemiz uluslararas\u0131 standartlara dayan\u0131yor ve birka\u00e7 d\u00fczine g\u00f6z hastal\u0131\u011f\u0131n\u0131n potansiyel belirtilerini tan\u0131yor. De\u011ferlendirme yaln\u0131zca Almanya&#8217;da yetkili g\u00f6z doktorlar\u0131 taraf\u0131ndan ger\u00e7ekle\u015ftirilir ve size \u00f6zel, ki\u015fisel bir eylem \u00f6nerisi sunarlar. Ve en iyisi: sizi kendi ba\u015f\u0131n\u0131za b\u0131rakmayaca\u011f\u0131z. Herhangi bir sorunuz olursa, yan\u0131n\u0131zda olaca\u011f\u0131z ve bir g\u00f6z doktorundan randevu alman\u0131z i\u00e7in sizi destekleyece\u011fiz. Bu \u015fekilde g\u00f6z sa\u011fl\u0131\u011f\u0131n\u0131za dikkat edebilirsiniz.    <\/p>\n\n\n\n<div class=\"wp-block-custom-spacing spacing-element spacing-mobile--small spacing-tablet--small spacing-small-desktop--small spacing-desktop--small\"><\/div>\n<\/div><\/div>\n<\/div><\/div><\/section>\n\n\n\n<section class=\"wp-block-custom-container alignwide block-content has-bo-gelb-2-background-color block-content--spacing-top block-content--spacing-bottom block-content--margin-top has-bo-gr-n-2-background-color\" style=\"background-color:#f9f09b\"><div class=\"container container--wide\"><div class=\"container__body\">\n<div class=\"wp-block-media-text has-media-on-the-right is-stacked-on-mobile\" style=\"grid-template-columns:auto 40%\"><div class=\"wp-block-media-text__content\">\n<div class=\"wp-block-custom-spacing spacing-element spacing-mobile--small spacing-tablet--small spacing-small-desktop--small spacing-desktop--small\"><\/div>\n\n\n\n<h2 class=\"wp-block-heading\">G\u00f6z sa\u011fl\u0131\u011f\u0131n\u0131z\u0131 koruyun<\/h2>\n\n\n\n<p>G\u00f6z muayenesi, g\u00f6z\u00fcn arka k\u0131sm\u0131ndaki de\u011fi\u015fikliklerin erken tespiti i\u00e7in \u00f6nleyici bir taramad\u0131r. L\u00fctfen dikkat: Bu hizmet, yerel bir g\u00f6z doktoru taraf\u0131ndan te\u015fhis ve tedavinin yerini almaz ve akut g\u00f6z rahats\u0131zl\u0131klar\u0131 olan ki\u015filer i\u00e7in uygun de\u011fildir. <\/p>\n\n\n\n<div class=\"wp-block-buttons is-layout-flex wp-block-buttons-is-layout-flex\">\n<div class=\"wp-block-button\"><a class=\"wp-block-button__link wp-element-button\" href=\"https:\/\/www.binder-optik.de\/tr\/magazalar\/stuttgart-degerloch-2\/#termin-vereinbaren\">Randevu al\u0131n<\/a><\/div>\n<\/div>\n\n\n\n<div class=\"wp-block-custom-spacing spacing-element spacing-mobile--small spacing-tablet--small spacing-small-desktop--small spacing-desktop--small\"><\/div>\n<\/div><figure class=\"wp-block-media-text__media\"><a href=\"https:\/\/www.binder-optik.de\/tr\/teklifler\/\"><img loading=\"lazy\" decoding=\"async\" width=\"1024\" height=\"1024\" src=\"https:\/\/www.binder-optik.de\/wp-content\/uploads\/2025\/01\/Ocumeda-iPhone-800x800-2025-1024x1024.jpg\" alt=\"Binder Optik\" class=\"wp-image-13651 size-full\" title=\"\" srcset=\"https:\/\/www.binder-optik.de\/wp-content\/uploads\/2025\/01\/Ocumeda-iPhone-800x800-2025-1024x1024.jpg 1024w, https:\/\/www.binder-optik.de\/wp-content\/uploads\/2025\/01\/Ocumeda-iPhone-800x800-2025-300x300.jpg 300w, https:\/\/www.binder-optik.de\/wp-content\/uploads\/2025\/01\/Ocumeda-iPhone-800x800-2025-150x150.jpg 150w, https:\/\/www.binder-optik.de\/wp-content\/uploads\/2025\/01\/Ocumeda-iPhone-800x800-2025-768x768.jpg 768w, https:\/\/www.binder-optik.de\/wp-content\/uploads\/2025\/01\/Ocumeda-iPhone-800x800-2025-1536x1536.jpg 1536w, https:\/\/www.binder-optik.de\/wp-content\/uploads\/2025\/01\/Ocumeda-iPhone-800x800-2025-2048x2048.jpg 2048w, https:\/\/www.binder-optik.de\/wp-content\/uploads\/2025\/01\/Ocumeda-iPhone-800x800-2025-123x123.jpg 123w, https:\/\/www.binder-optik.de\/wp-content\/uploads\/2025\/01\/Ocumeda-iPhone-800x800-2025-524x524.jpg 524w\" sizes=\"auto, (max-width: 1024px) 100vw, 1024px\" \/><\/a><\/figure><\/div>\n<\/div><\/div><\/section>\n\n\n\n<section class=\"wp-block-custom-container alignwide block-content has-grau-background-color block-content--spacing-top block-content--spacing-bottom block-content--margin-top\" style=\"background-color:#f5f5f5\"><div class=\"container container--wide\"><div class=\"container__body\">\n<h2 class=\"wp-block-heading\">S\u0131k\u00e7a sorulan sorular<\/h2>\n\n\n\n<div class=\"wp-block-custom-spacing spacing-element spacing-mobile--small spacing-tablet--small spacing-small-desktop--small spacing-desktop--small\"><\/div>\n\n\n\n<div class=\"wp-block-custom-spacing spacing-element spacing-mobile--small spacing-tablet--small spacing-small-desktop--small spacing-desktop--small\"><\/div>\n\n\n\n<div class=\"wp-block-custom-accordion block-accordion\"><div class=\"block-accordion__body\">\n<div class=\"wp-block-custom-accordion-single single-accordion\"><div class=\"single-accordion__header\"><h3 class=\"single-accordion__title\">G\u00f6z muayenesi g\u00f6z doktoru ziyaretinin yerini tutar m\u0131?<\/h3><\/div><div class=\"single-accordion__content\">\n<p>G\u00f6z muayenesi, g\u00f6z\u00fcn arka k\u0131sm\u0131ndaki de\u011fi\u015fikliklerin erken te\u015fhisi i\u00e7in yap\u0131lan \u00f6nleyici bir g\u00f6z muayenesidir. Bu hizmet, yerel bir g\u00f6z doktoru taraf\u0131ndan yap\u0131lan tam bir muayenenin yerini almaz ve bir te\u015fhis veya tedavi \u00f6nerisi i\u00e7ermez. <\/p>\n<\/div><\/div>\n\n\n\n<div class=\"wp-block-custom-accordion-single single-accordion\"><div class=\"single-accordion__header\"><h3 class=\"single-accordion__title\">G\u00f6z muayenesi herkes i\u00e7in uygun mu?<\/h3><\/div><div class=\"single-accordion__content\">\n<p>D\u00fczenli g\u00f6z tedavisi g\u00f6rmeyen ve bilinen bir g\u00f6z hastal\u0131\u011f\u0131 olmayan 18 ya\u015f ve \u00fczeri herkes g\u00f6z muayenemizi yapt\u0131rabilir. G\u00f6z doktorlar\u0131, \u00f6zellikle 40 ya\u015f ve \u00fczeri ki\u015filer i\u00e7in d\u00fczenli g\u00f6z muayenesi \u00f6nermektedir. <\/p>\n<\/div><\/div>\n\n\n\n<div class=\"wp-block-custom-accordion-single single-accordion\"><div class=\"single-accordion__header\"><h3 class=\"single-accordion__title\">G\u00f6z muayenesi i\u00e7in randevu almam gerekiyor mu?<\/h3><\/div><div class=\"single-accordion__content\">\n<p>G\u00f6z muayeneniz <a href=\"https:\/\/www.binder-optik.de\/tr\/magazalar\/stuttgart-degerloch\/\">i\u00e7in randevu<\/a> alman\u0131z en iyisidir. Bu \u015fekilde size zaman ay\u0131rabilece\u011fimiz garanti edilir! Elbette bizi her zaman randevusuz ziyaret edebilirsiniz &#8211; ancak \u00f6zellikle yo\u011fun zamanlarda bekleme s\u00fcreleri olu\u015fabilir.  <\/p>\n<\/div><\/div>\n\n\n\n<div class=\"wp-block-custom-accordion-single single-accordion\"><div class=\"single-accordion__header\"><h3 class=\"single-accordion__title\">G\u00f6z muayenesi ne kadara mal olur?<\/h3><\/div><div class=\"single-accordion__content\">\n<p>G\u00f6z muayenesinin \u00fccreti 69 Avro&#8217;dur.<\/p>\n<\/div><\/div>\n\n\n\n<div class=\"wp-block-custom-accordion-single single-accordion\"><div class=\"single-accordion__header\"><h3 class=\"single-accordion__title\">Sonu\u00e7 raporunu almam ne kadar s\u00fcrer?<\/h3><\/div><div class=\"single-accordion__content\">\n<p>Rapor e-posta ile g\u00f6nderilebilir, bu durumda en fazla 2-3 i\u015f g\u00fcn\u00fc, posta ile g\u00f6nderilmesi halinde ise 3-5 i\u015f g\u00fcn\u00fc s\u00fcrecektir. <\/p>\n<\/div><\/div>\n\n\n\n<div class=\"wp-block-custom-accordion-single single-accordion\"><div class=\"single-accordion__header\"><h3 class=\"single-accordion__title\">Ocumeda kimdir?<\/h3><\/div><div class=\"single-accordion__content\">\n<p>Ocumeda, optisyenlerle i\u015fbirli\u011fi i\u00e7inde d\u00fc\u015f\u00fck e\u015fikli g\u00f6z muayeneleri sunan ve doktorlar\u0131, hastalar\u0131 ve optisyenleri bir araya getiren teleoftalmolojik platformu sa\u011flayan bir oftalmolog a\u011f\u0131d\u0131r. Daha fazla bilgi i\u00e7in: <a href=\"https:\/\/www.ocumeda.com\/\" target=\"_blank\" rel=\"noopener\">https:\/\/www.<\/a>ocumeda.com\/ <\/p>\n<\/div><\/div>\n<\/div><\/div>\n<\/div><\/div><\/section>\n","protected":false},"excerpt":{"rendered":"","protected":false},"author":19,"featured_media":0,"parent":0,"menu_order":0,"comment_status":"closed","ping_status":"closed","template":"","meta":{"_acf_changed":false,"footnotes":""},"class_list":["post-18567","page","type-page","status-publish","hentry"],"acf":[],"publishpress_future_action":{"enabled":false,"date":"2026-05-06 19:16:20","action":"change-status","newStatus":"draft","terms":[],"taxonomy":"translation_priority","extraData":[]},"publishpress_future_workflow_manual_trigger":{"enabledWorkflows":[]},"_links":{"self":[{"href":"https:\/\/www.binder-optik.de\/tr\/wp-json\/wp\/v2\/pages\/18567","targetHints":{"allow":["GET"]}}],"collection":[{"href":"https:\/\/www.binder-optik.de\/tr\/wp-json\/wp\/v2\/pages"}],"about":[{"href":"https:\/\/www.binder-optik.de\/tr\/wp-json\/wp\/v2\/types\/page"}],"author":[{"embeddable":true,"href":"https:\/\/www.binder-optik.de\/tr\/wp-json\/wp\/v2\/users\/19"}],"replies":[{"embeddable":true,"href":"https:\/\/www.binder-optik.de\/tr\/wp-json\/wp\/v2\/comments?post=18567"}],"version-history":[{"count":4,"href":"https:\/\/www.binder-optik.de\/tr\/wp-json\/wp\/v2\/pages\/18567\/revisions"}],"predecessor-version":[{"id":19955,"href":"https:\/\/www.binder-optik.de\/tr\/wp-json\/wp\/v2\/pages\/18567\/revisions\/19955"}],"wp:attachment":[{"href":"https:\/\/www.binder-optik.de\/tr\/wp-json\/wp\/v2\/media?parent=18567"}],"curies":[{"name":"wp","href":"https:\/\/api.w.org\/{rel}","templated":true}]}}