{"id":18541,"date":"2024-12-13T10:27:41","date_gmt":"2024-12-13T09:27:41","guid":{"rendered":"https:\/\/www.binder-optik.de\/sarj-edilebilir-isitme-cihazlari\/"},"modified":"2025-05-16T10:53:32","modified_gmt":"2025-05-16T08:53:32","slug":"sarj-edilebilir-isitme-cihazlari","status":"publish","type":"page","link":"https:\/\/www.binder-optik.de\/tr\/ueruenler\/isitme-cihazlari\/sarj-edilebilir-isitme-cihazlari\/","title":{"rendered":"\u015earj edilebilir i\u015fitme cihazlar\u0131"},"content":{"rendered":"\n<section class=\"wp-block-custom-container alignwide block-content  block-content--spacing-top block-content--margin-top\"><style>.block-content{position:relative}.block-content--spacing-top{padding-top:2rem}@media (min-width: 992px){.block-content--spacing-top{padding-top:4rem}}.block-content--spacing-bottom{padding-bottom:2rem}@media (min-width: 992px){.block-content--spacing-bottom{padding-bottom:4rem}}.block-content--margin-top{margin-top:2rem}@media (min-width: 992px){.block-content--margin-top{margin-top:4rem}}.block-content--margin-bottom{margin-bottom:2rem}@media (min-width: 992px){.block-content--margin-bottom{margin-bottom:4rem}}.block-content.z-index{position:relative;z-index:2}.block-content .container{position:relative;z-index:1}.block-content .container--full{padding:0}.block-content .container .container{padding:2rem}@media (min-width: 992px){.block-content .container .container{padding:4rem}}.block-content .container-overlay{position:absolute;z-index:0;top:0;right:0;bottom:0;left:0}.block-content.career-container{margin-top:-8rem;z-index:2;pointer-events:none}.block-content.career-container .block-content{pointer-events:all;-webkit-box-shadow:0px 0px 15px 5px rgba(0,0,0,0.1);box-shadow:0px 0px 15px 5px rgba(0,0,0,0.1)}.block-content.career-container .wp-block-custom-column{margin-bottom:0}\n<\/style><div class=\"container container--wide\"><div class=\"container__body\">\n<h1 class=\"wp-block-heading\"><strong>\u015earj edilebilir i\u015fitme<\/strong> cihazlar\u0131<\/h1>\n<\/div><\/div><\/section>\n\n\n\n<section class=\"wp-block-custom-container alignwide block-content  block-content--spacing-top\"><div class=\"container container--wide\"><div class=\"container__body\"><style>@media (max-width: 767px){.wp-block-media-text.is-stacked-on-mobile{grid-template-columns:100% !important}.wp-block-media-text.is-stacked-on-mobile .wp-block-media-text__media{grid-column:1;grid-row:1}.wp-block-media-text.is-stacked-on-mobile .wp-block-media-text__content{grid-column:1;grid-row:2}}.wp-block-media-text .wp-block-media-text__content{padding:0;padding-left:2rem}@media (min-width: 1024px){.wp-block-media-text .wp-block-media-text__content{padding-left:6rem}}@media (max-width: 767px){.wp-block-media-text .wp-block-media-text__content{padding:0}}.wp-block-media-text.has-media-on-the-right .wp-block-media-text__content{padding:0;padding-left:unset;padding-right:2rem}@media (min-width: 1024px){.wp-block-media-text.has-media-on-the-right .wp-block-media-text__content{padding-right:6rem}}@media (max-width: 767px){.wp-block-media-text.has-media-on-the-right .wp-block-media-text__content{padding:0}}.wp-block-media-text .wp-block-media-text__media{height:unset;overflow:hidden;aspect-ratio:1 \/ 1}.wp-block-media-text .wp-block-media-text__media img{width:100%;height:100%;object-fit:cover}.wp-block-media-text.is-image-fill .wp-block-media-text__media{height:unset;min-height:unset}.wp-block-media-text.is-image-fill img{object-fit:cover}\n<\/style>\n<div class=\"wp-block-media-text alignwide is-stacked-on-mobile\"><figure class=\"wp-block-media-text__media\"><img loading=\"lazy\" decoding=\"async\" width=\"1024\" height=\"1024\" src=\"https:\/\/www.binder-optik.de\/wp-content\/uploads\/2024\/12\/PH_Packshot_Audeo-I-Sphere-9A-Pair_InChargerGoFront-1024x1024.jpg\" alt=\"Binder Optik\" class=\"wp-image-13380 size-full\" title=\"\" srcset=\"https:\/\/www.binder-optik.de\/wp-content\/uploads\/2024\/12\/PH_Packshot_Audeo-I-Sphere-9A-Pair_InChargerGoFront-1024x1024.jpg 1024w, https:\/\/www.binder-optik.de\/wp-content\/uploads\/2024\/12\/PH_Packshot_Audeo-I-Sphere-9A-Pair_InChargerGoFront-300x300.jpg 300w, https:\/\/www.binder-optik.de\/wp-content\/uploads\/2024\/12\/PH_Packshot_Audeo-I-Sphere-9A-Pair_InChargerGoFront-150x150.jpg 150w, https:\/\/www.binder-optik.de\/wp-content\/uploads\/2024\/12\/PH_Packshot_Audeo-I-Sphere-9A-Pair_InChargerGoFront-768x768.jpg 768w, https:\/\/www.binder-optik.de\/wp-content\/uploads\/2024\/12\/PH_Packshot_Audeo-I-Sphere-9A-Pair_InChargerGoFront-1536x1536.jpg 1536w, https:\/\/www.binder-optik.de\/wp-content\/uploads\/2024\/12\/PH_Packshot_Audeo-I-Sphere-9A-Pair_InChargerGoFront-2048x2048.jpg 2048w, https:\/\/www.binder-optik.de\/wp-content\/uploads\/2024\/12\/PH_Packshot_Audeo-I-Sphere-9A-Pair_InChargerGoFront-123x123.jpg 123w, https:\/\/www.binder-optik.de\/wp-content\/uploads\/2024\/12\/PH_Packshot_Audeo-I-Sphere-9A-Pair_InChargerGoFront-524x524.jpg 524w\" sizes=\"auto, (max-width: 1024px) 100vw, 1024px\" \/><\/figure><div class=\"wp-block-media-text__content\">\n<div class=\"wp-block-custom-spacing spacing-element spacing-mobile--small spacing-tablet--none spacing-small-desktop--none spacing-desktop--none\"><\/div>\n\n\n\n<h2 class=\"wp-block-heading\">\u015earj edilebilir i\u015fitme <strong>cihazlar\u0131n\u0131n avantajlar\u0131<\/strong> <\/h2>\n\n\n\n<p>\u015earj edilebilir i\u015fitme cihazlar\u0131 g\u00fcn\u00fcm\u00fczde uzun zamand\u0131r standart hale gelmi\u015ftir. Lityum-iyon teknolojisi sayesinde, pil de\u011fi\u015ftirme zahmetine girmeden g\u00fcn boyu m\u00fcmk\u00fcn olan en iyi i\u015fitme performans\u0131n\u0131n keyfini \u00e7\u0131karabilirsiniz.<br>Ayr\u0131ca, g\u00fcn\u00fcm\u00fcz\u00fcn \u015farj istasyonlar\u0131 da i\u015fitme cihazlar\u0131n\u0131 hareket halindeyken \u015farj etmeyi kolayla\u015ft\u0131ran entegre bir \u015farj edilebilir pil ile donat\u0131lm\u0131\u015ft\u0131r. <\/p>\n\n\n\n<ul class=\"wp-block-list\">\n<li>Uzun hizmet \u00f6mr\u00fc<\/li>\n\n\n\n<li>Kolay kullan\u0131m<\/li>\n\n\n\n<li>Art\u0131k pil sat\u0131n almaya ve de\u011fi\u015ftirmeye gerek yok<\/li>\n\n\n\n<li>\u00c7evre dostu<\/li>\n\n\n\n<li>G\u00fcvenilir<\/li>\n\n\n\n<li>Hareket halindeyken rahat ve endi\u015fesiz \u015farj se\u00e7ene\u011fi<\/li>\n<\/ul>\n\n\n\n<div class=\"wp-block-custom-spacing spacing-element spacing-mobile--small spacing-tablet--small spacing-small-desktop--none spacing-desktop--none\"><\/div>\n<\/div><\/div>\n<\/div><\/div><\/section>\n\n\n\n<section class=\"wp-block-custom-container alignwide block-content  block-content--spacing-top\"><div class=\"container container--wide\"><div class=\"container__body\">\n<div class=\"wp-block-media-text alignwide has-media-on-the-right is-stacked-on-mobile\"><div class=\"wp-block-media-text__content\">\n<div class=\"wp-block-custom-spacing spacing-element spacing-mobile--small spacing-tablet--none spacing-small-desktop--none spacing-desktop--none\"><\/div>\n\n\n\n<h2 class=\"wp-block-heading\"><strong>N\u00f6rdlingen<\/strong>&#8216;de Binder H\u00f6rakustik<\/h2>\n\n\n\n<p>N\u00f6rdlingen&#8217;deki uzman i\u015fitme cihaz\u0131 ma\u011fazam\u0131zda bizi ziyaret edin. Burada size i\u015fitme cihazlar\u0131 hakk\u0131nda ayr\u0131nt\u0131l\u0131 tavsiyelerde bulunaca\u011f\u0131z, sizin i\u00e7in do\u011fru modeli bulaca\u011f\u0131z ve sizin i\u00e7in en uygun \u015fekilde ayarlayaca\u011f\u0131z.   <\/p>\n\n\n\n<div class=\"wp-block-buttons is-layout-flex wp-block-buttons-is-layout-flex\"><style>.wp-block-button{margin:0 0 3rem}.wp-block-button:last-child,.wp-block-button:only-child{margin-bottom:0}.wp-block-button.align-center{text-align:center}.wp-block-button.align-right{text-align:right}.wp-block-columns+.wp-block-button{margin-top:6.3rem}.wp-block-button__link{display:inline-block;padding:1.8rem 1.8rem;font-weight:600;text-align:center;text-decoration:none;color:#2B2E34;border:2px solid #FFFA00;border-radius:.5rem;background-color:#FFFA00;cursor:pointer;font-size:1.6rem;line-height:1}@media (min-width: 1380px){.wp-block-button__link{padding:1.8rem 3.8rem;font-size:1.8rem;line-height:1}}.wp-block-button:not(.is-style-link-only):not(.is-style-outline):not(.is-style-fill-secondary) .wp-block-button__link{position:relative}.wp-block-button:not(.is-style-link-only):not(.is-style-outline):not(.is-style-fill-secondary) .wp-block-button__link:hover,.wp-block-button:not(.is-style-link-only):not(.is-style-outline):not(.is-style-fill-secondary) .wp-block-button__link:focus{color:#fff;border-color:#00597E;background-color:#00597E}.wp-block-button .wp-block-button__link{transition:.2s}.is-style-fill-secondary .wp-block-button__link{color:#fff;border-color:#00597E;background-color:#00597E}.is-style-fill-secondary .wp-block-button__link:hover,.is-style-fill-secondary .wp-block-button__link:focus{color:#2B2E34;border-color:#FFFA00;background-color:#FFFA00}.is-style-outline .wp-block-button__link{padding:1.8rem 1.8rem !important;color:#00597E !important;border-color:#00597E;background-color:transparent}@media (min-width: 1380px){.is-style-outline .wp-block-button__link{padding:1.8rem 3.8rem !important}}.is-style-outline .wp-block-button__link:hover,.is-style-outline .wp-block-button__link:focus{color:#fff !important;border-color:#00597E !important;background-color:#00597E !important}.is-style-link-only .wp-block-button__link{min-width:0;padding:0;padding-right:2rem;position:relative;font-weight:600;color:#00597E;letter-spacing:0;text-transform:none;border:none;background-color:transparent;transition:color .2s,text-decoration-color .2s;font-size:1.8rem;line-height:1}.is-style-link-only .wp-block-button__link::after{content:'';display:inline-block;width:8px;height:13px;position:absolute;top:50%;right:0;transform:translate(0, -50%);background-image:url(\"https:\/\/www.binder-optik.de\/wp-content\/themes\/ATLAS\/images\/svg\/button_arrow-right_secondary.svg\");background-repeat:no-repeat;background-size:contain;transition:right 0.2s}.is-style-link-only .wp-block-button__link:hover::after,.is-style-link-only .wp-block-button__link:focus::after{right:-5px}\n<\/style>\n<div class=\"wp-block-button\"><a class=\"wp-block-button__link wp-element-button\" href=\"https:\/\/www.binder-optik.de\/tr\/magazalar\/noerdlingen\/\">Uzmanla\u015fm\u0131\u015f ma\u011fazaya<\/a><\/div>\n<\/div>\n\n\n\n<div class=\"wp-block-custom-spacing spacing-element spacing-mobile--small spacing-tablet--small spacing-small-desktop--none spacing-desktop--none\"><\/div>\n<\/div><figure class=\"wp-block-media-text__media\"><img loading=\"lazy\" decoding=\"async\" width=\"697\" height=\"539\" src=\"https:\/\/www.binder-optik.de\/wp-content\/uploads\/2023\/09\/26.jpg\" alt=\"Binder Optik\" class=\"wp-image-3433 size-full\" title=\"\" srcset=\"https:\/\/www.binder-optik.de\/wp-content\/uploads\/2023\/09\/26.jpg 697w, https:\/\/www.binder-optik.de\/wp-content\/uploads\/2023\/09\/26-300x232.jpg 300w, https:\/\/www.binder-optik.de\/wp-content\/uploads\/2023\/09\/26-524x405.jpg 524w\" sizes=\"auto, (max-width: 697px) 100vw, 697px\" \/><\/figure><\/div>\n\n\n\n<section class=\"wp-block-custom-container alignwide block-content  block-content--spacing-top\"><div class=\"container container--wide\"><div class=\"container__body\">\n<div class=\"wp-block-media-text alignwide is-stacked-on-mobile\"><figure class=\"wp-block-media-text__media\"><img loading=\"lazy\" decoding=\"async\" width=\"1024\" height=\"681\" src=\"https:\/\/www.binder-optik.de\/wp-content\/uploads\/2024\/04\/Fil-79-bad-liebenzell-1024x681.jpeg\" alt=\"Binder Optik\" class=\"wp-image-6888 size-full\" title=\"\" srcset=\"https:\/\/www.binder-optik.de\/wp-content\/uploads\/2024\/04\/Fil-79-bad-liebenzell-1024x681.jpeg 1024w, https:\/\/www.binder-optik.de\/wp-content\/uploads\/2024\/04\/Fil-79-bad-liebenzell-300x200.jpeg 300w, https:\/\/www.binder-optik.de\/wp-content\/uploads\/2024\/04\/Fil-79-bad-liebenzell-768x511.jpeg 768w, https:\/\/www.binder-optik.de\/wp-content\/uploads\/2024\/04\/Fil-79-bad-liebenzell-1536x1022.jpeg 1536w, https:\/\/www.binder-optik.de\/wp-content\/uploads\/2024\/04\/Fil-79-bad-liebenzell-2048x1363.jpeg 2048w, https:\/\/www.binder-optik.de\/wp-content\/uploads\/2024\/04\/Fil-79-bad-liebenzell-524x349.jpeg 524w\" sizes=\"auto, (max-width: 1024px) 100vw, 1024px\" \/><\/figure><div class=\"wp-block-media-text__content\">\n<div class=\"wp-block-custom-spacing spacing-element spacing-mobile--small spacing-tablet--none spacing-small-desktop--none spacing-desktop--none\"><\/div>\n\n\n\n<h2 class=\"wp-block-heading\"><strong>Bad Liebenzell<\/strong>&#8216;deki Binder H\u00f6rakustik<\/h2>\n\n\n\n<p>Bad-Liebenzell&#8217;deki uzman i\u015fitme cihaz\u0131 ma\u011fazam\u0131zda bizi ziyaret edin. Burada size i\u015fitme cihazlar\u0131 hakk\u0131nda ayr\u0131nt\u0131l\u0131 tavsiyelerde bulunaca\u011f\u0131z, sizin i\u00e7in do\u011fru modeli bulaca\u011f\u0131z ve sizin i\u00e7in en uygun \u015fekilde ayarlayaca\u011f\u0131z. <\/p>\n\n\n\n<div class=\"wp-block-buttons is-layout-flex wp-block-buttons-is-layout-flex\">\n<div class=\"wp-block-button\"><a class=\"wp-block-button__link wp-element-button\" href=\"https:\/\/www.binder-optik.de\/tr\/magazalar\/bad-liebenzell\/\">Daha fazla bilgi edinin<\/a><\/div>\n<\/div>\n\n\n\n<div class=\"wp-block-custom-spacing spacing-element spacing-mobile--small spacing-tablet--small spacing-small-desktop--none spacing-desktop--none\"><\/div>\n<\/div><\/div>\n<\/div><\/div><\/section>\n\n\n\n<section class=\"wp-block-custom-container alignwide block-content  block-content--spacing-top\"><div class=\"container container--wide\"><div class=\"container__body\">\n<div class=\"wp-block-media-text alignwide has-media-on-the-right is-stacked-on-mobile\"><div class=\"wp-block-media-text__content\">\n<div class=\"wp-block-custom-spacing spacing-element spacing-mobile--small spacing-tablet--none spacing-small-desktop--none spacing-desktop--none\"><\/div>\n\n\n\n<h2 class=\"wp-block-heading\"><strong>Karlsruhe<\/strong>&#8216;de Binder \u0130\u015fitme Akusti\u011fi<\/h2>\n\n\n\n<p>Karlsruhe&#8217;deki Karlstra\u00dfe 97 adresinde bulunan en yeni uzman i\u015fitme cihaz\u0131 ma\u011fazam\u0131zda bizi ziyaret edin! En son teknoloji ve i\u015fitme cihazlar\u0131n\u0131n t\u00fcm y\u00f6nleriyle ilgili kapsaml\u0131 dan\u0131\u015fmanl\u0131k burada sizi bekliyor. Do\u011fru modeli bulman\u0131za yard\u0131mc\u0131 olaca\u011f\u0131z ve bireysel ihtiya\u00e7lar\u0131n\u0131za g\u00f6re uyarlanm\u0131\u015f optimum ayar\u0131 sa\u011flayaca\u011f\u0131z.  <\/p>\n\n\n\n<div class=\"wp-block-buttons is-layout-flex wp-block-buttons-is-layout-flex\">\n<div class=\"wp-block-button\"><a class=\"wp-block-button__link wp-element-button\" href=\"https:\/\/www.binder-optik.de\/tr\/magazalar\/karlsruhe-karlstrasse\/\">Daha fazla bilgi edinin<\/a><\/div>\n<\/div>\n\n\n\n<div class=\"wp-block-custom-spacing spacing-element spacing-mobile--small spacing-tablet--small spacing-small-desktop--none spacing-desktop--none\"><\/div>\n<\/div><figure class=\"wp-block-media-text__media\"><img loading=\"lazy\" decoding=\"async\" width=\"1024\" height=\"683\" src=\"https:\/\/www.binder-optik.de\/wp-content\/uploads\/2024\/11\/Akustik-Karlsruhe-56-1024x683.jpeg\" alt=\"Binder Optik\" class=\"wp-image-13055 size-full\" title=\"\" srcset=\"https:\/\/www.binder-optik.de\/wp-content\/uploads\/2024\/11\/Akustik-Karlsruhe-56-1024x683.jpeg 1024w, https:\/\/www.binder-optik.de\/wp-content\/uploads\/2024\/11\/Akustik-Karlsruhe-56-300x200.jpeg 300w, https:\/\/www.binder-optik.de\/wp-content\/uploads\/2024\/11\/Akustik-Karlsruhe-56-768x512.jpeg 768w, https:\/\/www.binder-optik.de\/wp-content\/uploads\/2024\/11\/Akustik-Karlsruhe-56-1536x1024.jpeg 1536w, https:\/\/www.binder-optik.de\/wp-content\/uploads\/2024\/11\/Akustik-Karlsruhe-56-2048x1365.jpeg 2048w, https:\/\/www.binder-optik.de\/wp-content\/uploads\/2024\/11\/Akustik-Karlsruhe-56-524x349.jpeg 524w\" sizes=\"auto, (max-width: 1024px) 100vw, 1024px\" \/><\/figure><\/div>\n<\/div><\/div><\/section>\n<\/div><\/div><\/section>\n\n\n\n<section class=\"wp-block-custom-container alignwide block-content  block-content--spacing-top block-content--spacing-bottom\"><div class=\"container container--wide\"><div class=\"container__body\">\n<section class=\"wp-block-custom-container alignwide block-content  has-gelb-background-color\" style=\"background-color:#FFFF00\"><div class=\"container container--wide\"><div class=\"container__body\"><style>.wp-block-columns.are-vertically-aligned-center{gap:1em;margin-bottom:.5rem}@media (min-width: 992px){.wp-block-columns.are-vertically-aligned-center{margin-bottom:1rem}}.wp-block-columns.are-vertically-aligned-center :last-child{margin-bottom:0}.wp-block-columns.are-vertically-aligned-center figure{margin-bottom:0}.wp-block-columns.no-margin{margin-bottom:0 !important}@media (max-width: 991px){.wp-block-columns.hide-mobile{display:none}}:where(.wp-block-columns.is-layout-flex){gap:1em}\n<\/style>\n<div class=\"wp-block-columns are-vertically-aligned-center is-layout-flex wp-container-core-columns-is-layout-1 wp-block-columns-is-layout-flex\">\n<div class=\"wp-block-column is-vertically-aligned-center is-layout-flow wp-block-column-is-layout-flow\" style=\"flex-basis:66.66%\">\n<h2 class=\"wp-block-heading\"><strong>B\u00fclten kayd\u0131<\/strong><\/h2>\n\n\n\n<p>Haber b\u00fcltenine \u015fimdi abone olun ve 20 Euro de\u011ferinde Binder Optik al\u0131\u015fveri\u015f \u00e7eki kazan\u0131n.<\/p>\n\n\n\n<div class=\"wp-block-buttons is-layout-flex wp-block-buttons-is-layout-flex\">\n<div class=\"wp-block-button is-style-fill-secondary\"><a class=\"wp-block-button__link wp-element-button\" href=\"https:\/\/www.binder-optik.de\/tr\/buelten-kaydi\/\">Kay\u0131t i\u00e7in<\/a><\/div>\n<\/div>\n<\/div>\n\n\n\n<div class=\"wp-block-column is-vertically-aligned-center is-layout-flow wp-block-column-is-layout-flow\" style=\"flex-basis:33.33%\"><style>.wp-block-image.alignright{margin:0 !important}.wp-block-image.alignleft{float:none !important}.wp-block-image .wp-element-caption{text-align:left}\n<\/style>\n<figure class=\"wp-block-image size-full\"><img loading=\"lazy\" decoding=\"async\" width=\"902\" height=\"625\" src=\"https:\/\/www.binder-optik.de\/wp-content\/uploads\/2025\/05\/2023_10_05-Newsletter-Anmeldung_433x300-1_EN.jpg\" alt=\"Binder Optik\" class=\"wp-image-19189\" title=\"\" srcset=\"https:\/\/www.binder-optik.de\/wp-content\/uploads\/2025\/05\/2023_10_05-Newsletter-Anmeldung_433x300-1_EN.jpg 902w, https:\/\/www.binder-optik.de\/wp-content\/uploads\/2025\/05\/2023_10_05-Newsletter-Anmeldung_433x300-1_EN-300x208.jpg 300w, https:\/\/www.binder-optik.de\/wp-content\/uploads\/2025\/05\/2023_10_05-Newsletter-Anmeldung_433x300-1_EN-768x532.jpg 768w, https:\/\/www.binder-optik.de\/wp-content\/uploads\/2025\/05\/2023_10_05-Newsletter-Anmeldung_433x300-1_EN-524x363.jpg 524w\" sizes=\"auto, (max-width: 902px) 100vw, 902px\" \/><\/figure>\n<\/div>\n<\/div>\n<\/div><\/div><\/section>\n<\/div><\/div><\/section>\n","protected":false},"excerpt":{"rendered":"","protected":false},"author":1,"featured_media":0,"parent":18888,"menu_order":0,"comment_status":"closed","ping_status":"closed","template":"","meta":{"_acf_changed":false,"footnotes":""},"class_list":["post-18541","page","type-page","status-publish","hentry"],"acf":[],"publishpress_future_action":{"enabled":false,"date":"2026-05-07 16:24:52","action":"change-status","newStatus":"draft","terms":[],"taxonomy":"translation_priority","extraData":[]},"publishpress_future_workflow_manual_trigger":{"enabledWorkflows":[]},"_links":{"self":[{"href":"https:\/\/www.binder-optik.de\/tr\/wp-json\/wp\/v2\/pages\/18541","targetHints":{"allow":["GET"]}}],"collection":[{"href":"https:\/\/www.binder-optik.de\/tr\/wp-json\/wp\/v2\/pages"}],"about":[{"href":"https:\/\/www.binder-optik.de\/tr\/wp-json\/wp\/v2\/types\/page"}],"author":[{"embeddable":true,"href":"https:\/\/www.binder-optik.de\/tr\/wp-json\/wp\/v2\/users\/1"}],"replies":[{"embeddable":true,"href":"https:\/\/www.binder-optik.de\/tr\/wp-json\/wp\/v2\/comments?post=18541"}],"version-history":[{"count":5,"href":"https:\/\/www.binder-optik.de\/tr\/wp-json\/wp\/v2\/pages\/18541\/revisions"}],"predecessor-version":[{"id":19994,"href":"https:\/\/www.binder-optik.de\/tr\/wp-json\/wp\/v2\/pages\/18541\/revisions\/19994"}],"up":[{"embeddable":true,"href":"https:\/\/www.binder-optik.de\/tr\/wp-json\/wp\/v2\/pages\/18888"}],"wp:attachment":[{"href":"https:\/\/www.binder-optik.de\/tr\/wp-json\/wp\/v2\/media?parent=18541"}],"curies":[{"name":"wp","href":"https:\/\/api.w.org\/{rel}","templated":true}]}}